{"id":57,"date":"2023-11-20T16:56:32","date_gmt":"2023-11-20T15:56:32","guid":{"rendered":"https:\/\/azubiwerk.de\/?page_id=57"},"modified":"2026-04-13T11:23:25","modified_gmt":"2026-04-13T09:23:25","slug":"stiftung","status":"publish","type":"page","link":"https:\/\/azubiwerk-hamburg.de\/tr\/stiftung\/","title":{"rendered":"Vak\u0131f"},"content":{"rendered":"<div class=\"wp-block-group\"><div class=\"wp-block-group__inner-container is-layout-constrained wp-block-group-is-layout-constrained\">\n<h2 class=\"wp-block-heading\" id=\"ueber-uns\">HAKKIMIZDA<\/h2>\n<\/div><\/div>\n\n\n\n<div class=\"wp-block-group has-nv-text-dark-bg-color has-neve-link-color-background-color has-text-color has-background has-link-color wp-elements-64d3327dba227047c90a345cc7866ecd\" style=\"padding-top:var(--wp--preset--spacing--50);padding-right:var(--wp--preset--spacing--50);padding-bottom:var(--wp--preset--spacing--50);padding-left:var(--wp--preset--spacing--50)\"><div class=\"wp-block-group__inner-container is-layout-constrained wp-container-core-group-is-layout-af81f691 wp-block-group-is-layout-constrained\">\n<h2 class=\"wp-block-heading\">Temel Azubiwerk<\/h2>\n\n\n\n<p>K\u00e2r amac\u0131 g\u00fctmeyen Azubiwerk vakf\u0131, \"Stajyerler i\u00e7in uygun fiyatl\u0131 konuttan daha fazlas\u0131\" slogan\u0131na sad\u0131k kalarak stajyerler i\u00e7in uygun fiyatl\u0131 konutlar yaratmakta ve ayn\u0131 zamanda e\u011fitim deste\u011finin yan\u0131 s\u0131ra hedef gruba \u00f6zel, d\u00fc\u015f\u00fck e\u015fikli dan\u0131\u015fmanl\u0131k ve destek hizmetleri sunmaktad\u0131r.<\/p>\n\n\n\n<p>Mesleki e\u011fitim g\u00f6ren gen\u00e7lerin e\u011fitim yerlerine yak\u0131n bir yerde ya\u015famalar\u0131 pek m\u00fcmk\u00fcn de\u011fildir. \u00d6zellikle Ren-Main b\u00f6lgesi, Rheinland veya Ruhr b\u00f6lgesi gibi b\u00fcy\u00fck \u015fehirlerin bir arada b\u00fcy\u00fcd\u00fc\u011f\u00fc b\u00f6lgelerde uygun fiyatl\u0131 konutlar pek bulunmuyor. Berlin, M\u00fcnih veya Hamburg gibi cazip \u015fehirler, e\u011fitim g\u00f6ren gen\u00e7ler i\u00e7in giderek daha kar\u015f\u0131lanamaz hale gelmektedir. Ayr\u0131ca stajyerler, d\u00fc\u015f\u00fck gelirleri ve ya\u015flar\u0131 nedeniyle konut piyasas\u0131nda \u00f6\u011frencilere k\u0131yasla dezavantajl\u0131 durumdad\u0131r. Bu durum, i\u015fg\u00fcc\u00fc piyasas\u0131nda gerekli olan hareketlilik ile tam bir tezat olu\u015fturmaktad\u0131r. Stajyerler genellikle e\u011fitim merkezine veya meslek okuluna gitmek i\u00e7in uzun mesafeler kat etmek zorunda kalmakta veya imkanlar\u0131n\u0131n \u00e7ok \u00f6tesinde ya\u015famak zorunda kalmaktad\u0131r. \u00d6zellikle vas\u0131fl\u0131 i\u015fg\u00fcc\u00fc a\u00e7\u0131\u011f\u0131 g\u00f6z \u00f6n\u00fcne al\u0131nd\u0131\u011f\u0131nda, e\u011fitim piyasas\u0131nda daha fazla esneklik sa\u011flayan teklifler olu\u015fturulmal\u0131d\u0131r. Yurt d\u0131\u015f\u0131ndan gelen adaylar i\u00e7in Almanya'n\u0131n b\u00fcy\u00fck bir \u015fehrinde bir e\u011fitim program\u0131na ba\u015flamak daha da zordur.<\/p>\n\n\n\n<p>Das Azubiwerk erm\u00f6glicht Berufsanf\u00e4ngerInnen ihre Ausbildungsorte und Berufsschulen nicht nur besser zu erreichen, sondern unterst\u00fctzt sie dabei, sich schneller in ihrem neuen Wohn- und Arbeitsumfeld zu integrieren. Die F\u00f6rderung von Stabilit\u00e4t und Struktur kommt dabei auch dem Ausbildungserfolg zugute. Der Einzug in unsere Wohnh\u00e4user bedeutet f\u00fcr alle Auszubildende einen Neuanfang: eine neue Stadt, die erste eigene Wohnung und ein komplett neues Umfeld. Die Azubis leben in kleinen Wohngruppen, von zweier bis vierer WGs. In jedem Wohnhaus werden in gro\u00dfz\u00fcgigen Gemeinschaftsr\u00e4umen soziale Aktivit\u00e4ten angeboten. Hier werden Beratungsangebote in Kooperation mit den Sozialpartnern z.B. zur Berufsausbildungsbeihilfe, Themengruppen, Sport- und Spielveranstaltungen oder gemeinsames Kochen f\u00fcr die Azubis organisiert. So wird aus einem Wohnhaus bald ein richtiges Zuhause und die Ausbildung kann erfolgreich absolviert werden.<\/p>\n\n\n\n<p>Deshalb betreibt die Stiftung Azubiwerk seit 2016 eine Wohnanlage f\u00fcr 156 Auszubildende in Hamburg-Wandsbek. Anfang 2020 wurde ein zweites Wohnhaus der Stiftung in Hamburg-Harburg mit 191 Pl\u00e4tzen fertiggestellt, das dritte Wohnhaus mit 209 Pl\u00e4tzen im M\u00fcnzviertel (Hamburg-Mitte) wurde 2022 fertiggestellt und unser viertes Wohnhaus in Hamburg-Altona wird dieses Jahr fertiggestellt. Weitere Wohnanlagen sind in Planung.<\/p>\n\n\n\n<p>\u00c7ok say\u0131da sponsor, politikac\u0131, sosyal ortak, oda ve derne\u011fin yan\u0131 s\u0131ra \u015firketlerle birlikte gelecekte daha fazla stajyere bir yuva ve destek sunmak istiyoruz. Bu \u015fekilde Almanya'da mesleki e\u011fitimin cazibesini daha da artt\u0131rmak i\u00e7in \u00fczerimize d\u00fc\u015feni yap\u0131yoruz.<\/p>\n\n\n\n<div class=\"wp-block-group\" style=\"padding-top:0;padding-bottom:0\"><div class=\"wp-block-group__inner-container is-layout-constrained wp-block-group-is-layout-constrained\">\n<h3 class=\"wp-block-heading anchor\" id=\"historie\">Tarih<\/h3>\n\n\n\n<details class=\"wp-block-details is-layout-flow wp-block-details-is-layout-flow\" style=\"border-style:none;border-width:0px;padding-top:var(--wp--preset--spacing--20);padding-bottom:var(--wp--preset--spacing--20)\"><summary>2008: Dernek olarak kuruldu<\/summary>\n<p><\/p>\n<\/details>\n\n\n\n<details class=\"wp-block-details is-layout-flow wp-block-details-is-layout-flow\" style=\"border-style:none;border-width:0px;padding-top:var(--wp--preset--spacing--20);padding-bottom:var(--wp--preset--spacing--20)\"><summary>2010: Vakf\u0131n kar amac\u0131 g\u00fctmeyen ger\u00e7ekle\u015ftirme \u015firketinin kurulmas\u0131<\/summary>\n<p><br><strong>\u0130htiya\u00e7 ve sorun analizi | Pedagojik konsept geli\u015ftirme | Di\u011fer kurulu\u015flarla deneyim payla\u015f\u0131m\u0131 | \u0130\u015f plan\u0131 | Oda konseptlerinin geli\u015ftirilmesi | Hamburg'daki stajyerlerle anket<\/strong><\/p>\n<\/details>\n\n\n\n<details class=\"wp-block-details is-layout-flow wp-block-details-is-layout-flow\" style=\"border-style:none;border-width:0px;padding-top:var(--wp--preset--spacing--20);padding-bottom:var(--wp--preset--spacing--20)\"><summary>2014: Ba\u011fl\u0131 ortakl\u0131k Azubiwerk Objektgesellschaft Wandsbek'in kurulu\u015fu<\/summary>\n<p><br><strong>Betreibergesellschaft f\u00fcr das Wohnhaus in Hamburg-Wandsbek: Schlie\u00dft die Mietvertr\u00e4ge mit den Azubis ab | Zuwendungsempf\u00e4ngerin der FHH<\/strong><\/p>\n<\/details>\n\n\n\n<details class=\"wp-block-details is-layout-flow wp-block-details-is-layout-flow\" style=\"border-style:none;border-width:0px;padding-top:var(--wp--preset--spacing--20);padding-bottom:var(--wp--preset--spacing--20)\"><summary>2015: Azubiwerk sosyal \u015firketinin kurulu\u015fu<\/summary>\n<p><br><strong>E\u011fitim \u00e7al\u0131\u015fmalar\u0131n\u0131n organizasyonu ve daha da geli\u015ftirilmesi<\/strong><\/p>\n<\/details>\n\n\n\n<details class=\"wp-block-details is-layout-flow wp-block-details-is-layout-flow\" style=\"border-style:none;border-width:0px;padding-top:var(--wp--preset--spacing--20);padding-bottom:var(--wp--preset--spacing--20)\"><summary>2015: Ba\u011fl\u0131 ortakl\u0131k Azubiwerk Objektgesellschaft Harburg'un kurulu\u015fu<\/summary>\n<p><br><strong>Betreibergesellschaft f\u00fcr das Wohnhaus in Hamburg-Harburg<\/strong><\/p>\n<\/details>\n\n\n\n<details class=\"wp-block-details is-layout-flow wp-block-details-is-layout-flow\" style=\"border-style:none;border-width:0px;padding-top:var(--wp--preset--spacing--20);padding-bottom:var(--wp--preset--spacing--20)\"><summary>2016: K\u00e2r amac\u0131 g\u00fctmeyen Azubiwerk vakf\u0131n\u0131n kurulu\u015fu<\/summary>\n<p><\/p>\n<\/details>\n\n\n\n<details class=\"wp-block-details is-layout-flow wp-block-details-is-layout-flow\" style=\"border-style:none;border-width:0px;padding-top:var(--wp--preset--spacing--20);padding-bottom:var(--wp--preset--spacing--20)\"><summary>2016: Er\u00f6ffnung des ersten Wohnhauses in Hamburg-Wandsbek<\/summary>\n<p><br><strong>68 daire ve toplam 156 oda | Re\u015fit olmayan ve yeti\u015fkin stajyerler i\u00e7in teklif<\/strong><\/p>\n<\/details>\n\n\n\n<details class=\"wp-block-details is-layout-flow wp-block-details-is-layout-flow\" style=\"border-style:none;border-width:0px;padding-top:var(--wp--preset--spacing--20);padding-bottom:var(--wp--preset--spacing--20)\"><summary>2018: Ba\u011fl\u0131 ortakl\u0131k Azubiwerk emlak \u015firketi M\u00fcnzviertel'nin kurulu\u015fu<\/summary>\n<p><br><strong>Betreibergesellschaft f\u00fcr das Wohnhaus Hamburg-M\u00fcnzviertel<\/strong><\/p>\n<\/details>\n\n\n\n<details class=\"wp-block-details is-layout-flow wp-block-details-is-layout-flow\" style=\"border-style:none;border-width:0px;padding-top:var(--wp--preset--spacing--20);padding-bottom:var(--wp--preset--spacing--20)\"><summary>2018: Azubiwerk geli\u015ftirme \u015firketi \u00e7al\u0131\u015fmalar\u0131na ba\u015flad\u0131<\/summary>\n<p>Projektentwicklung von neuen Azubi-Wohnh\u00e4usern bis Bauvorbescheid<\/p>\n<\/details>\n\n\n\n<details class=\"wp-block-details is-layout-flow wp-block-details-is-layout-flow\" style=\"border-style:none;border-width:0px;padding-top:var(--wp--preset--spacing--20);padding-bottom:var(--wp--preset--spacing--20)\"><summary>2018: Baubeginn des Wohnhauses in Hamburg-Harburg<\/summary>\n<p><strong><br>Toplam 191 odal\u0131 92 daire | Temel atma tarihi: 29 Kas\u0131m 2018 | A\u00e7\u0131l\u0131\u015f t\u00f6reni: 22 A\u011fustos 2019<\/strong><\/p>\n<\/details>\n\n\n\n<details class=\"wp-block-details is-layout-flow wp-block-details-is-layout-flow\" style=\"border-style:none;border-width:0px;padding-top:var(--wp--preset--spacing--20);padding-bottom:var(--wp--preset--spacing--20)\"><summary>2020: Baubeginn des Wohnhauses in Hamburg-M\u00fcnzviertel<\/summary>\n<p><strong><br>99 daire ve toplam 209 oda<\/strong><\/p>\n<\/details>\n\n\n\n<details class=\"wp-block-details is-layout-flow wp-block-details-is-layout-flow\" style=\"border-style:none;border-width:0px;padding-top:var(--wp--preset--spacing--20);padding-bottom:var(--wp--preset--spacing--20)\"><summary>2020: Azubiwerk Harburg'un a\u00e7\u0131l\u0131\u015f\u0131<\/summary>\n<p><strong><br>92 daire ve toplam 191 oda | Yeti\u015fkin stajyerler i\u00e7in teklif<\/strong><\/p>\n<\/details>\n\n\n\n<details class=\"wp-block-details is-layout-flow wp-block-details-is-layout-flow\" style=\"border-style:none;border-width:0px;padding-top:var(--wp--preset--spacing--20);padding-bottom:var(--wp--preset--spacing--20)\"><summary>2022: Azubiwerk Hamburg-M\u00fcnzviertel'nin a\u00e7\u0131l\u0131\u015f\u0131<\/summary>\n<p><strong><br>99 daire ve toplam 209 oda | Yeti\u015fkin stajyerler i\u00e7in teklif<\/strong><\/p>\n<\/details>\n\n\n\n<details class=\"wp-block-details is-layout-flow wp-block-details-is-layout-flow\" style=\"border-style:none;border-width:0px;padding-top:var(--wp--preset--spacing--20);padding-bottom:var(--wp--preset--spacing--20)\"><summary>2023: Hamburg'da sosyal konutlar\u0131n tamamlanmas\u0131-M\u00fcnzviertel<\/summary>\n<p><strong><br>59 ki\u015fi i\u00e7in 15 daire | WBS'li aileler i\u00e7in teklif<\/strong><\/p>\n<\/details>\n\n\n\n<details class=\"wp-block-details is-layout-flow wp-block-details-is-layout-flow\" style=\"border-style:none;border-width:0px;padding-top:var(--wp--preset--spacing--20);padding-bottom:var(--wp--preset--spacing--20)\"><summary>2023: Baubeginn des Wohnhauses in Altona<\/summary>\n<p><strong><br><strong>70 Wohnungen mit insgesamt 145 Zimmern<\/strong><\/strong><\/p>\n<\/details>\n\n\n\n<details class=\"wp-block-details is-layout-flow wp-block-details-is-layout-flow\" style=\"border-style:none;border-width:0px;padding-top:var(--wp--preset--spacing--20);padding-bottom:var(--wp--preset--spacing--20)\"><summary>2024: Er\u00f6ffnung des Azubiwerks Altona<br> <\/summary>\n<p><strong>70 Wohnungen mit insgesamt 145 Zimmern | Angebot f\u00fcr vollj\u00e4hrige Azubis<br><\/strong><\/p>\n<\/details>\n<\/div><\/div>\n<\/div><\/div>\n\n\n\n<div class=\"wp-block-group\" style=\"padding-top:0;padding-right:0;padding-bottom:0;padding-left:0\"><div class=\"wp-block-group__inner-container is-layout-constrained wp-container-core-group-is-layout-c6b4b7cd wp-block-group-is-layout-constrained\">\n<div style=\"height:35px\" aria-hidden=\"true\" class=\"wp-block-spacer\"><\/div>\n\n\n\n<h2 class=\"wp-block-heading anchor\" id=\"team\">TAKIM<\/h2>\n\n\n\n<p><\/p>\n\n\n\n<div class=\"wp-block-group alignwide team\"><div class=\"wp-block-group__inner-container is-layout-constrained wp-block-group-is-layout-constrained\">\n<div class=\"wp-block-group\"><div class=\"wp-block-group__inner-container is-layout-constrained wp-block-group-is-layout-constrained\">\n<div class=\"wp-block-columns is-layout-flex wp-container-core-columns-is-layout-ed5226f6 wp-block-columns-is-layout-flex\" style=\"padding-right:0;padding-left:0\">\n<div class=\"wp-block-column is-layout-flow wp-block-column-is-layout-flow\"><div class=\"wp-block-image\">\n<figure class=\"aligncenter size-full is-resized\"><img loading=\"lazy\" decoding=\"async\" width=\"512\" height=\"512\" src=\"https:\/\/azubiwerk-hamburg.de\/wp-content\/uploads\/2023\/11\/cropped-favicon.png\" alt=\"\" class=\"wp-image-19\" style=\"width:259px;height:auto\" srcset=\"https:\/\/azubiwerk-hamburg.de\/wp-content\/uploads\/2023\/11\/cropped-favicon.png 512w, https:\/\/azubiwerk-hamburg.de\/wp-content\/uploads\/2023\/11\/cropped-favicon-300x300.png 300w, https:\/\/azubiwerk-hamburg.de\/wp-content\/uploads\/2023\/11\/cropped-favicon-150x150.png 150w, https:\/\/azubiwerk-hamburg.de\/wp-content\/uploads\/2023\/11\/cropped-favicon-270x270.png 270w, https:\/\/azubiwerk-hamburg.de\/wp-content\/uploads\/2023\/11\/cropped-favicon-192x192.png 192w, https:\/\/azubiwerk-hamburg.de\/wp-content\/uploads\/2023\/11\/cropped-favicon-180x180.png 180w, https:\/\/azubiwerk-hamburg.de\/wp-content\/uploads\/2023\/11\/cropped-favicon-32x32.png 32w\" sizes=\"auto, (max-width: 512px) 100vw, 512px\" \/><figcaption class=\"wp-element-caption\"><strong>Olaf Schwede<\/strong><br><br>Vak\u0131f Ba\u015fkan\u0131<br><br><\/figcaption><\/figure>\n<\/div><\/div>\n\n\n\n<div class=\"wp-block-column is-layout-flow wp-block-column-is-layout-flow\"><div class=\"wp-block-image\">\n<figure class=\"aligncenter size-full is-resized\"><img loading=\"lazy\" decoding=\"async\" width=\"512\" height=\"512\" src=\"https:\/\/azubiwerk-hamburg.de\/wp-content\/uploads\/2023\/11\/cropped-favicon.png\" alt=\"\" class=\"wp-image-19\" style=\"width:259px;height:auto\" srcset=\"https:\/\/azubiwerk-hamburg.de\/wp-content\/uploads\/2023\/11\/cropped-favicon.png 512w, https:\/\/azubiwerk-hamburg.de\/wp-content\/uploads\/2023\/11\/cropped-favicon-300x300.png 300w, https:\/\/azubiwerk-hamburg.de\/wp-content\/uploads\/2023\/11\/cropped-favicon-150x150.png 150w, https:\/\/azubiwerk-hamburg.de\/wp-content\/uploads\/2023\/11\/cropped-favicon-270x270.png 270w, https:\/\/azubiwerk-hamburg.de\/wp-content\/uploads\/2023\/11\/cropped-favicon-192x192.png 192w, https:\/\/azubiwerk-hamburg.de\/wp-content\/uploads\/2023\/11\/cropped-favicon-180x180.png 180w, https:\/\/azubiwerk-hamburg.de\/wp-content\/uploads\/2023\/11\/cropped-favicon-32x32.png 32w\" sizes=\"auto, (max-width: 512px) 100vw, 512px\" \/><figcaption class=\"wp-element-caption\"><strong>Holm Moser<\/strong><br><br>Ba\u011fl\u0131 ortakl\u0131klar\u0131n genel m\u00fcd\u00fcrleri<\/figcaption><\/figure>\n<\/div><\/div>\n\n\n\n<div class=\"wp-block-column is-layout-flow wp-block-column-is-layout-flow\"><div class=\"wp-block-image\">\n<figure class=\"aligncenter size-full is-resized\"><img loading=\"lazy\" decoding=\"async\" width=\"512\" height=\"512\" src=\"https:\/\/azubiwerk-hamburg.de\/wp-content\/uploads\/2023\/11\/cropped-favicon.png\" alt=\"\" class=\"wp-image-19\" style=\"width:259px;height:auto\" srcset=\"https:\/\/azubiwerk-hamburg.de\/wp-content\/uploads\/2023\/11\/cropped-favicon.png 512w, https:\/\/azubiwerk-hamburg.de\/wp-content\/uploads\/2023\/11\/cropped-favicon-300x300.png 300w, https:\/\/azubiwerk-hamburg.de\/wp-content\/uploads\/2023\/11\/cropped-favicon-150x150.png 150w, https:\/\/azubiwerk-hamburg.de\/wp-content\/uploads\/2023\/11\/cropped-favicon-270x270.png 270w, https:\/\/azubiwerk-hamburg.de\/wp-content\/uploads\/2023\/11\/cropped-favicon-192x192.png 192w, https:\/\/azubiwerk-hamburg.de\/wp-content\/uploads\/2023\/11\/cropped-favicon-180x180.png 180w, https:\/\/azubiwerk-hamburg.de\/wp-content\/uploads\/2023\/11\/cropped-favicon-32x32.png 32w\" sizes=\"auto, (max-width: 512px) 100vw, 512px\" \/><figcaption class=\"wp-element-caption\"><strong>Dirk Buttler<\/strong><br><br>Stellvertretender Vorstandsvorsitzender der Stiftung und Gesch\u00e4ftsf\u00fchrer der Tochtergesellschaften<\/figcaption><\/figure>\n<\/div><\/div>\n\n\n\n<div class=\"wp-block-column is-layout-flow wp-block-column-is-layout-flow\"><div class=\"wp-block-image\">\n<figure class=\"aligncenter size-full is-resized\"><img loading=\"lazy\" decoding=\"async\" width=\"512\" height=\"512\" src=\"https:\/\/azubiwerk-hamburg.de\/wp-content\/uploads\/2023\/11\/favicon.png\" alt=\"\" class=\"wp-image-18\" style=\"width:261px;height:auto\" srcset=\"https:\/\/azubiwerk-hamburg.de\/wp-content\/uploads\/2023\/11\/favicon.png 512w, https:\/\/azubiwerk-hamburg.de\/wp-content\/uploads\/2023\/11\/favicon-300x300.png 300w, https:\/\/azubiwerk-hamburg.de\/wp-content\/uploads\/2023\/11\/favicon-150x150.png 150w\" sizes=\"auto, (max-width: 512px) 100vw, 512px\" \/><figcaption class=\"wp-element-caption\"><strong>Jennifer Couzens<\/strong><br><br>Kaufm\u00e4nnische Leitung<\/figcaption><\/figure>\n<\/div><\/div>\n<\/div>\n<\/div><\/div>\n\n\n\n<div class=\"wp-block-columns are-vertically-aligned-center is-layout-flex wp-container-core-columns-is-layout-ed5226f6 wp-block-columns-is-layout-flex\" style=\"padding-right:0;padding-left:0\">\n<div class=\"wp-block-column is-vertically-aligned-center is-layout-flow wp-block-column-is-layout-flow\"><div class=\"wp-block-image\">\n<figure class=\"aligncenter size-full\"><img loading=\"lazy\" decoding=\"async\" width=\"512\" height=\"512\" src=\"https:\/\/azubiwerk-hamburg.de\/wp-content\/uploads\/2023\/11\/cropped-favicon.png\" alt=\"\" class=\"wp-image-19\" srcset=\"https:\/\/azubiwerk-hamburg.de\/wp-content\/uploads\/2023\/11\/cropped-favicon.png 512w, https:\/\/azubiwerk-hamburg.de\/wp-content\/uploads\/2023\/11\/cropped-favicon-300x300.png 300w, https:\/\/azubiwerk-hamburg.de\/wp-content\/uploads\/2023\/11\/cropped-favicon-150x150.png 150w, https:\/\/azubiwerk-hamburg.de\/wp-content\/uploads\/2023\/11\/cropped-favicon-270x270.png 270w, https:\/\/azubiwerk-hamburg.de\/wp-content\/uploads\/2023\/11\/cropped-favicon-192x192.png 192w, https:\/\/azubiwerk-hamburg.de\/wp-content\/uploads\/2023\/11\/cropped-favicon-180x180.png 180w, https:\/\/azubiwerk-hamburg.de\/wp-content\/uploads\/2023\/11\/cropped-favicon-32x32.png 32w\" sizes=\"auto, (max-width: 512px) 100vw, 512px\" \/><figcaption class=\"wp-element-caption\"><strong>Resepsiyon ekibi - Wandsbek<\/strong><br><br>Telefon: 040 6077144-70<br>E-Mail: empfang-wandsbek@azubiwerk-hamburg.de<\/figcaption><\/figure>\n<\/div><\/div>\n\n\n\n<div class=\"wp-block-column is-vertically-aligned-top is-layout-flow wp-block-column-is-layout-flow\"><div class=\"wp-block-image\">\n<figure class=\"aligncenter size-full\"><img loading=\"lazy\" decoding=\"async\" width=\"512\" height=\"512\" src=\"https:\/\/azubiwerk-hamburg.de\/wp-content\/uploads\/2023\/11\/cropped-favicon.png\" alt=\"\" class=\"wp-image-19\" srcset=\"https:\/\/azubiwerk-hamburg.de\/wp-content\/uploads\/2023\/11\/cropped-favicon.png 512w, https:\/\/azubiwerk-hamburg.de\/wp-content\/uploads\/2023\/11\/cropped-favicon-300x300.png 300w, https:\/\/azubiwerk-hamburg.de\/wp-content\/uploads\/2023\/11\/cropped-favicon-150x150.png 150w, https:\/\/azubiwerk-hamburg.de\/wp-content\/uploads\/2023\/11\/cropped-favicon-270x270.png 270w, https:\/\/azubiwerk-hamburg.de\/wp-content\/uploads\/2023\/11\/cropped-favicon-192x192.png 192w, https:\/\/azubiwerk-hamburg.de\/wp-content\/uploads\/2023\/11\/cropped-favicon-180x180.png 180w, https:\/\/azubiwerk-hamburg.de\/wp-content\/uploads\/2023\/11\/cropped-favicon-32x32.png 32w\" sizes=\"auto, (max-width: 512px) 100vw, 512px\" \/><figcaption class=\"wp-element-caption\"><strong>Team Empfang &#8211; <\/strong><br><strong>Harburg<\/strong><br><br>Telefon: 040 883609-490<br>E-Mail: empfang-harburg @azubiwerk-hamburg.de<\/figcaption><\/figure>\n<\/div><\/div>\n\n\n\n<div class=\"wp-block-column is-vertically-aligned-center is-layout-flow wp-block-column-is-layout-flow\"><div class=\"wp-block-image\">\n<figure class=\"aligncenter size-full\"><img loading=\"lazy\" decoding=\"async\" width=\"512\" height=\"512\" src=\"https:\/\/azubiwerk-hamburg.de\/wp-content\/uploads\/2023\/11\/cropped-favicon.png\" alt=\"\" class=\"wp-image-19\" srcset=\"https:\/\/azubiwerk-hamburg.de\/wp-content\/uploads\/2023\/11\/cropped-favicon.png 512w, https:\/\/azubiwerk-hamburg.de\/wp-content\/uploads\/2023\/11\/cropped-favicon-300x300.png 300w, https:\/\/azubiwerk-hamburg.de\/wp-content\/uploads\/2023\/11\/cropped-favicon-150x150.png 150w, https:\/\/azubiwerk-hamburg.de\/wp-content\/uploads\/2023\/11\/cropped-favicon-270x270.png 270w, https:\/\/azubiwerk-hamburg.de\/wp-content\/uploads\/2023\/11\/cropped-favicon-192x192.png 192w, https:\/\/azubiwerk-hamburg.de\/wp-content\/uploads\/2023\/11\/cropped-favicon-180x180.png 180w, https:\/\/azubiwerk-hamburg.de\/wp-content\/uploads\/2023\/11\/cropped-favicon-32x32.png 32w\" sizes=\"auto, (max-width: 512px) 100vw, 512px\" \/><figcaption class=\"wp-element-caption\"><strong>Ekip Resepsiyonu - M\u00fcnzviertel<\/strong><br><br>Telefon: 040 883609-290<br>E-Mail: empfang-muenzviertel@azubiwerk-hamburg.de<\/figcaption><\/figure>\n<\/div><\/div>\n\n\n\n<div class=\"wp-block-column is-vertically-aligned-center is-layout-flow wp-block-column-is-layout-flow\"><div class=\"wp-block-image\">\n<figure class=\"aligncenter size-full\"><img loading=\"lazy\" decoding=\"async\" width=\"512\" height=\"512\" src=\"https:\/\/azubiwerk-hamburg.de\/wp-content\/uploads\/2023\/11\/favicon.png\" alt=\"\" class=\"wp-image-18\" srcset=\"https:\/\/azubiwerk-hamburg.de\/wp-content\/uploads\/2023\/11\/favicon.png 512w, https:\/\/azubiwerk-hamburg.de\/wp-content\/uploads\/2023\/11\/favicon-300x300.png 300w, https:\/\/azubiwerk-hamburg.de\/wp-content\/uploads\/2023\/11\/favicon-150x150.png 150w\" sizes=\"auto, (max-width: 512px) 100vw, 512px\" \/><figcaption class=\"wp-element-caption\"><strong>Team Empfang &#8211;<br>Altona<\/strong><br><br>Tel.: 040 883609-<br>E-Mail: empfang-altona@azubiwerk-hamburg.de<\/figcaption><\/figure>\n<\/div><\/div>\n<\/div>\n\n\n\n<div class=\"wp-block-columns is-layout-flex wp-container-core-columns-is-layout-ed5226f6 wp-block-columns-is-layout-flex\" style=\"padding-right:0;padding-left:0\">\n<div class=\"wp-block-column is-vertically-aligned-center is-layout-flow wp-block-column-is-layout-flow\"><div class=\"wp-block-image\">\n<figure class=\"aligncenter size-full\"><img loading=\"lazy\" decoding=\"async\" width=\"512\" height=\"512\" src=\"https:\/\/azubiwerk-hamburg.de\/wp-content\/uploads\/2023\/11\/cropped-favicon.png\" alt=\"\" class=\"wp-image-19\" srcset=\"https:\/\/azubiwerk-hamburg.de\/wp-content\/uploads\/2023\/11\/cropped-favicon.png 512w, https:\/\/azubiwerk-hamburg.de\/wp-content\/uploads\/2023\/11\/cropped-favicon-300x300.png 300w, https:\/\/azubiwerk-hamburg.de\/wp-content\/uploads\/2023\/11\/cropped-favicon-150x150.png 150w, https:\/\/azubiwerk-hamburg.de\/wp-content\/uploads\/2023\/11\/cropped-favicon-270x270.png 270w, https:\/\/azubiwerk-hamburg.de\/wp-content\/uploads\/2023\/11\/cropped-favicon-192x192.png 192w, https:\/\/azubiwerk-hamburg.de\/wp-content\/uploads\/2023\/11\/cropped-favicon-180x180.png 180w, https:\/\/azubiwerk-hamburg.de\/wp-content\/uploads\/2023\/11\/cropped-favicon-32x32.png 32w\" sizes=\"auto, (max-width: 512px) 100vw, 512px\" \/><figcaption class=\"wp-element-caption\"><strong>Pedagojik y\u00f6netim<\/strong><br><br>E-Mail: paedagogik@azubiwerk-hamburg.de<\/figcaption><\/figure>\n<\/div><\/div>\n\n\n\n<div class=\"wp-block-column is-vertically-aligned-top is-layout-flow wp-block-column-is-layout-flow\"><div class=\"wp-block-image\">\n<figure class=\"aligncenter size-full\"><img loading=\"lazy\" decoding=\"async\" width=\"512\" height=\"512\" src=\"https:\/\/azubiwerk-hamburg.de\/wp-content\/uploads\/2023\/11\/cropped-favicon.png\" alt=\"\" class=\"wp-image-19\" srcset=\"https:\/\/azubiwerk-hamburg.de\/wp-content\/uploads\/2023\/11\/cropped-favicon.png 512w, https:\/\/azubiwerk-hamburg.de\/wp-content\/uploads\/2023\/11\/cropped-favicon-300x300.png 300w, https:\/\/azubiwerk-hamburg.de\/wp-content\/uploads\/2023\/11\/cropped-favicon-150x150.png 150w, https:\/\/azubiwerk-hamburg.de\/wp-content\/uploads\/2023\/11\/cropped-favicon-270x270.png 270w, https:\/\/azubiwerk-hamburg.de\/wp-content\/uploads\/2023\/11\/cropped-favicon-192x192.png 192w, https:\/\/azubiwerk-hamburg.de\/wp-content\/uploads\/2023\/11\/cropped-favicon-180x180.png 180w, https:\/\/azubiwerk-hamburg.de\/wp-content\/uploads\/2023\/11\/cropped-favicon-32x32.png 32w\" sizes=\"auto, (max-width: 512px) 100vw, 512px\" \/><figcaption class=\"wp-element-caption\"><strong>Maike Wenzel<\/strong><br><br>Pedagojik y\u00f6netim&nbsp;<br><br><\/figcaption><\/figure>\n<\/div><\/div>\n\n\n\n<div class=\"wp-block-column is-vertically-aligned-top is-layout-flow wp-block-column-is-layout-flow\"><div class=\"wp-block-image\">\n<figure class=\"aligncenter size-full is-resized\"><img loading=\"lazy\" decoding=\"async\" width=\"512\" height=\"512\" src=\"https:\/\/azubiwerk-hamburg.de\/wp-content\/uploads\/2023\/11\/cropped-favicon.png\" alt=\"\" class=\"wp-image-19\" style=\"width:259px;height:auto\" srcset=\"https:\/\/azubiwerk-hamburg.de\/wp-content\/uploads\/2023\/11\/cropped-favicon.png 512w, https:\/\/azubiwerk-hamburg.de\/wp-content\/uploads\/2023\/11\/cropped-favicon-300x300.png 300w, https:\/\/azubiwerk-hamburg.de\/wp-content\/uploads\/2023\/11\/cropped-favicon-150x150.png 150w, https:\/\/azubiwerk-hamburg.de\/wp-content\/uploads\/2023\/11\/cropped-favicon-270x270.png 270w, https:\/\/azubiwerk-hamburg.de\/wp-content\/uploads\/2023\/11\/cropped-favicon-192x192.png 192w, https:\/\/azubiwerk-hamburg.de\/wp-content\/uploads\/2023\/11\/cropped-favicon-180x180.png 180w, https:\/\/azubiwerk-hamburg.de\/wp-content\/uploads\/2023\/11\/cropped-favicon-32x32.png 32w\" sizes=\"auto, (max-width: 512px) 100vw, 512px\" \/><\/figure>\n<\/div><\/div>\n\n\n\n<div class=\"wp-block-column is-vertically-aligned-top is-layout-flow wp-block-column-is-layout-flow\"><div class=\"wp-block-image\">\n<figure class=\"aligncenter size-full is-resized\"><img loading=\"lazy\" decoding=\"async\" width=\"512\" height=\"512\" src=\"https:\/\/azubiwerk-hamburg.de\/wp-content\/uploads\/2023\/11\/favicon.png\" alt=\"\" class=\"wp-image-18\" style=\"width:261px;height:auto\" srcset=\"https:\/\/azubiwerk-hamburg.de\/wp-content\/uploads\/2023\/11\/favicon.png 512w, https:\/\/azubiwerk-hamburg.de\/wp-content\/uploads\/2023\/11\/favicon-300x300.png 300w, https:\/\/azubiwerk-hamburg.de\/wp-content\/uploads\/2023\/11\/favicon-150x150.png 150w\" sizes=\"auto, (max-width: 512px) 100vw, 512px\" \/><\/figure>\n<\/div><\/div>\n<\/div>\n\n\n\n<p><\/p>\n<\/div><\/div>\n<\/div><\/div>\n\n\n\n<div class=\"wp-block-group has-nv-text-dark-bg-color has-neve-link-color-background-color has-text-color has-background has-link-color wp-elements-27d163bd86106f266bf8c2f5e0ece6c4\" style=\"padding-top:var(--wp--preset--spacing--50);padding-right:var(--wp--preset--spacing--50);padding-bottom:var(--wp--preset--spacing--50);padding-left:var(--wp--preset--spacing--50)\"><div class=\"wp-block-group__inner-container is-layout-constrained wp-container-core-group-is-layout-1c1b4f74 wp-block-group-is-layout-constrained\">\n<h2 class=\"wp-block-heading anchor\" id=\"presse\">BASIN<\/h2>\n\n\n\n<p class=\"has-nv-text-dark-bg-color has-text-color has-link-color wp-elements-3a6f4bbd33c0137b4533ed1fa323f9fe\">L\u00fctfen bas\u0131n sorunuzu \u015fu adrese g\u00f6nderin <a href=\"https:\/\/form.jotform.com\/240023757605048\" target=\"_blank\" rel=\"noreferrer noopener\">\u0130leti\u015fim formu<\/a> bize.<\/p>\n\n\n\n<h4 class=\"wp-block-heading\">G\u00fcncel bas\u0131n b\u00fcltenleri<\/h4>\n\n\n\n<div class=\"wp-block-columns is-layout-flex wp-container-core-columns-is-layout-9d6595d7 wp-block-columns-is-layout-flex\">\n<div class=\"wp-block-column is-vertically-aligned-center is-layout-flow wp-block-column-is-layout-flow\" style=\"flex-basis:100%\">\n<figure class=\"wp-block-gallery aligncenter has-nested-images columns-5 pressemitteilungen wp-block-gallery-1 is-layout-flex wp-block-gallery-is-layout-flex\" style=\"padding-top:var(--wp--preset--spacing--50);padding-right:0;padding-bottom:var(--wp--preset--spacing--50);padding-left:0\">\n<figure class=\"wp-block-image size-full is-style-rounded padding1_5\"><a href=\"https:\/\/www.sat1regional.de\/richtfest-fuer-azubi-appartements-in-hamburg\/\" target=\"_blank\" rel=\"noreferrer noopener\"><img loading=\"lazy\" decoding=\"async\" width=\"250\" height=\"250\" data-id=\"1976\" src=\"https:\/\/azubiwerk-hamburg.de\/wp-content\/uploads\/2024\/02\/play_button-invert.png\" alt=\"\" class=\"wp-image-1976\" srcset=\"https:\/\/azubiwerk-hamburg.de\/wp-content\/uploads\/2024\/02\/play_button-invert.png 250w, https:\/\/azubiwerk-hamburg.de\/wp-content\/uploads\/2024\/02\/play_button-invert-150x150.png 150w, https:\/\/azubiwerk-hamburg.de\/wp-content\/uploads\/2024\/02\/play_button-invert-12x12.png 12w\" sizes=\"auto, (max-width: 250px) 100vw, 250px\" \/><\/a><figcaption class=\"wp-element-caption\">Altona'daki stajyer daireleri i\u00e7in a\u00e7\u0131l\u0131\u015f t\u00f6reni<\/figcaption><\/figure>\n\n\n\n<figure class=\"wp-block-image size-full is-style-rounded padding1_5\"><a href=\"https:\/\/azubiwerk-hamburg.de\/wp-content\/uploads\/2024\/02\/hamburg_journal_richtfest_altona.mp4\" target=\"_blank\" rel=\"noreferrer noopener\"><img loading=\"lazy\" decoding=\"async\" width=\"250\" height=\"250\" data-id=\"1976\" src=\"https:\/\/azubiwerk-hamburg.de\/wp-content\/uploads\/2024\/02\/play_button-invert.png\" alt=\"\" class=\"wp-image-1976\" srcset=\"https:\/\/azubiwerk-hamburg.de\/wp-content\/uploads\/2024\/02\/play_button-invert.png 250w, https:\/\/azubiwerk-hamburg.de\/wp-content\/uploads\/2024\/02\/play_button-invert-150x150.png 150w, https:\/\/azubiwerk-hamburg.de\/wp-content\/uploads\/2024\/02\/play_button-invert-12x12.png 12w\" sizes=\"auto, (max-width: 250px) 100vw, 250px\" \/><\/a><figcaption class=\"wp-element-caption\">Hamburg Journal - Azubiwerk Altona'n\u0131n a\u00e7\u0131l\u0131\u015f t\u00f6reni<\/figcaption><\/figure>\n\n\n\n<figure class=\"wp-block-image size-full has-custom-border is-style-rounded padding1_5\"><a href=\"https:\/\/azubiwerk-hamburg.de\/wp-content\/uploads\/2024\/02\/Pressemitteilung_Grundsteinlegung_Harburg.pdf\" target=\"_blank\" rel=\"noreferrer noopener\"><img loading=\"lazy\" decoding=\"async\" width=\"250\" height=\"250\" data-id=\"1735\" src=\"https:\/\/azubiwerk-hamburg.de\/wp-content\/uploads\/2024\/02\/document.png\" alt=\"\" class=\"wp-image-1735\" style=\"border-style:none;border-width:0px;border-radius:0px\" srcset=\"https:\/\/azubiwerk-hamburg.de\/wp-content\/uploads\/2024\/02\/document.png 250w, https:\/\/azubiwerk-hamburg.de\/wp-content\/uploads\/2024\/02\/document-150x150.png 150w, https:\/\/azubiwerk-hamburg.de\/wp-content\/uploads\/2024\/02\/document-12x12.png 12w\" sizes=\"auto, (max-width: 250px) 100vw, 250px\" \/><\/a><figcaption class=\"wp-element-caption\">Temel ta\u015f\u0131n\u0131n yerle\u015ftirilmesi Azubiwerk Harburg<\/figcaption><\/figure>\n\n\n\n<figure class=\"wp-block-image size-full is-style-rounded padding1_5\"><a href=\"https:\/\/azubiwerk-hamburg.de\/wp-content\/uploads\/2024\/02\/PM-Richtfest-Azubiwerk-Harburg.pdf\" target=\"_blank\" rel=\"noreferrer noopener\"><img loading=\"lazy\" decoding=\"async\" width=\"250\" height=\"250\" data-id=\"1735\" src=\"https:\/\/azubiwerk-hamburg.de\/wp-content\/uploads\/2024\/02\/document.png\" alt=\"\" class=\"wp-image-1735\" srcset=\"https:\/\/azubiwerk-hamburg.de\/wp-content\/uploads\/2024\/02\/document.png 250w, https:\/\/azubiwerk-hamburg.de\/wp-content\/uploads\/2024\/02\/document-150x150.png 150w, https:\/\/azubiwerk-hamburg.de\/wp-content\/uploads\/2024\/02\/document-12x12.png 12w\" sizes=\"auto, (max-width: 250px) 100vw, 250px\" \/><\/a><figcaption class=\"wp-element-caption\">Doldurma t\u00f6reni Azubiwerk Harburg<\/figcaption><\/figure>\n\n\n\n<figure class=\"wp-block-image size-full is-style-rounded padding1_5\"><a href=\"https:\/\/azubiwerk-hamburg.de\/wp-content\/uploads\/2024\/02\/PM_Eroeffnung-des-Azubiwerks-Harburg.pdf\" target=\"_blank\" rel=\"noreferrer noopener\"><img loading=\"lazy\" decoding=\"async\" width=\"250\" height=\"250\" data-id=\"1735\" src=\"https:\/\/azubiwerk-hamburg.de\/wp-content\/uploads\/2024\/02\/document.png\" alt=\"\" class=\"wp-image-1735\" srcset=\"https:\/\/azubiwerk-hamburg.de\/wp-content\/uploads\/2024\/02\/document.png 250w, https:\/\/azubiwerk-hamburg.de\/wp-content\/uploads\/2024\/02\/document-150x150.png 150w, https:\/\/azubiwerk-hamburg.de\/wp-content\/uploads\/2024\/02\/document-12x12.png 12w\" sizes=\"auto, (max-width: 250px) 100vw, 250px\" \/><\/a><figcaption class=\"wp-element-caption\">A\u00e7\u0131l\u0131\u015f Azubiwerk Harburg<\/figcaption><\/figure>\n<\/figure>\n<\/div>\n<\/div>\n<\/div><\/div>\n\n\n\n<div style=\"height:50px\" aria-hidden=\"true\" class=\"wp-block-spacer\"><\/div>\n\n\n\n<div class=\"wp-block-group\" style=\"padding-top:0;padding-right:0;padding-bottom:0;padding-left:0\"><div class=\"wp-block-group__inner-container is-layout-constrained wp-container-core-group-is-layout-c6b4b7cd wp-block-group-is-layout-constrained\">\n<h2 class=\"wp-block-heading anchor\" id=\"unternehmenskooperationen\">KURUMSAL I\u0307\u015eBI\u0307RLI\u0307KLERI\u0307<\/h2>\n\n\n\n<p>Giderek daha fazla \u015firket i\u015fe al\u0131m sorunlar\u0131yla m\u00fccadele ediyor. Bir\u00e7ok metropolde ya\u015fanan konut s\u0131k\u0131nt\u0131s\u0131, orada \u00e7\u0131rakl\u0131k e\u011fitimine ba\u015flamamak i\u00e7in giderek bir kriter haline geliyor. Buna ek olarak, stajyerlerin e\u011fitimleri s\u0131ras\u0131nda kar\u015f\u0131la\u015ft\u0131klar\u0131 zorluklar da giderek art\u0131yor. Bu nedenle sadece uygun fiyatl\u0131 konutlar sunmakla kalm\u0131yor, ayn\u0131 zamanda gen\u00e7lerin e\u011fitimleri s\u0131ras\u0131nda ihtiya\u00e7 duyabilecekleri deste\u011fi de sa\u011fl\u0131yoruz.<\/p>\n\n\n\n<p>Pedagojik ekibimiz, \"denetlemek yerine e\u015flik etmek\" ilkesi \u00e7er\u00e7evesinde kursiyerleri ba\u011f\u0131ms\u0131z bir ya\u015fama giden yolda desteklemektedir. Bu da onlara e\u011fitimlerine konsantre olmalar\u0131 i\u00e7in daha fazla zaman tan\u0131yor.<\/p>\n\n\n\n<p>E\u011fitim ekibi haftan\u0131n 7 g\u00fcn\u00fc sahadad\u0131r. Finansman k\u0131smen Azubiwerk destek grubunun vergiden d\u00fc\u015f\u00fclebilir ba\u011f\u0131\u015flar\u0131yla ger\u00e7ekle\u015ftirilmektedir. Destek grubunun bir \u00fcyesi olarak, Azubiwerk Vakf\u0131'n\u0131 ayl\u0131k bazda finansal olarak destekleyebilir ve b\u00f6ylece stajyerlerin sosyal durumlar\u0131n\u0131n iyile\u015ftirilmesine katk\u0131da bulunabilirsiniz. Destek grubuna \u00fcye olmak \u00e7ok kolay: l\u00fctfen a\u015fa\u011f\u0131daki adresten bir talep g\u00f6nderin <a href=\"https:\/\/form.jotform.com\/240023757605048\" data-type=\"link\" data-id=\"https:\/\/form.jotform.com\/240023757605048\" target=\"_blank\" rel=\"noreferrer noopener\">\u0130leti\u015fim formu<\/a> . \u00dcyelik ayl\u0131k olarak iptal edilebilir. EStDV \u00a750 Paragraf 1 uyar\u0131nca \u00f6denen katk\u0131 paylar\u0131 i\u00e7in y\u0131ll\u0131k bir ba\u011f\u0131\u015f makbuzu alacaks\u0131n\u0131z. Daha sonra ba\u011f\u0131\u015flar\u0131 vergi beyannamenizde talep edebilirsiniz.<\/p>\n\n\n\n<p>Stiftung Auszubildendenwerk, Hamburg Kuzey Vergi Dairesi taraf\u0131ndan AO \u00a752 paragraf 2 c\u00fcmle 1 no. (n) 4 uyar\u0131nca 17\/415\/02190 vergi numaras\u0131yla gen\u00e7lik refah\u0131 alan\u0131nda kar amac\u0131 g\u00fctmeyen bir kurulu\u015f olarak tan\u0131nmaktad\u0131r.<\/p>\n\n\n\n<p>Teklifimiz giderek daha fazla destek\u00e7i buluyor. \u015eirketler, nerede ya\u015fad\u0131klar\u0131na bak\u0131lmaks\u0131z\u0131n ba\u015fvuru sahiplerini i\u015fe almalar\u0131na olanak tan\u0131d\u0131\u011f\u0131ndan, sahadaki d\u00fc\u015f\u00fck maliyetli konaklamadan yararlanmaktad\u0131r. E\u011fitim \u015firketleri, Azubiwerk ile i\u015fbirli\u011finin bir par\u00e7as\u0131 olarak, kursiyerlerin sosyal durumlar\u0131n\u0131 iyile\u015ftirmek ve mesleki e\u011fitimin cazibesini daha da art\u0131rmak i\u00e7in bizimle birlikte \u00e7al\u0131\u015fabilirler.&nbsp;<\/p>\n\n\n\n<p>L\u00fctfen bu olas\u0131l\u0131k hakk\u0131nda bizimle ileti\u015fime ge\u00e7in <a href=\"https:\/\/form.jotform.com\/240023757605048\" data-type=\"link\" data-id=\"https:\/\/form.jotform.com\/240023757605048\" target=\"_blank\" rel=\"noreferrer noopener\">\u0130leti\u015fim formu<\/a> i\u00e7in.<\/p>\n<\/div><\/div>","protected":false},"excerpt":{"rendered":"<p>HAKKIMIZDA Azubiwerk Vakf\u0131 K\u00e2r amac\u0131 g\u00fctmeyen Azubiwerk Vakf\u0131, \"Kursiyerler i\u00e7in uygun fiyatl\u0131 konuttan daha fazlas\u0131\" slogan\u0131na sad\u0131k kalarak kursiyerler i\u00e7in uygun fiyatl\u0131 konutlar yaratmakta ve ayn\u0131 zamanda e\u011fitim deste\u011finin yan\u0131 s\u0131ra hedef gruba \u00f6zg\u00fc, d\u00fc\u015f\u00fck e\u015fikli dan\u0131\u015fmanl\u0131k ve destek hizmetleri sunmaktad\u0131r. Mesleki e\u011fitim g\u00f6ren gen\u00e7ler i\u00e7in e\u011fitim yerine yak\u0131n bir yerde ya\u015famak pek m\u00fcmk\u00fcn de\u011fildir. \u00d6zellikle de...&nbsp;<a href=\"https:\/\/azubiwerk-hamburg.de\/tr\/stiftung\/\" rel=\"bookmark\">DAHA FAZLASI<span class=\"screen-reader-text\">Vak\u0131f<\/span><\/a><\/p>","protected":false},"author":4,"featured_media":0,"parent":0,"menu_order":0,"comment_status":"closed","ping_status":"closed","template":"","meta":{"neve_meta_sidebar":"","neve_meta_container":"","neve_meta_enable_content_width":"","neve_meta_content_width":0,"neve_meta_title_alignment":"","neve_meta_author_avatar":"","neve_post_elements_order":"","neve_meta_disable_header":"","neve_meta_disable_footer":"","neve_meta_disable_title":"","neve_meta_reading_time":"","footnotes":""},"class_list":["post-57","page","type-page","status-publish","hentry"],"_links":{"self":[{"href":"https:\/\/azubiwerk-hamburg.de\/tr\/wp-json\/wp\/v2\/pages\/57","targetHints":{"allow":["GET"]}}],"collection":[{"href":"https:\/\/azubiwerk-hamburg.de\/tr\/wp-json\/wp\/v2\/pages"}],"about":[{"href":"https:\/\/azubiwerk-hamburg.de\/tr\/wp-json\/wp\/v2\/types\/page"}],"author":[{"embeddable":true,"href":"https:\/\/azubiwerk-hamburg.de\/tr\/wp-json\/wp\/v2\/users\/4"}],"replies":[{"embeddable":true,"href":"https:\/\/azubiwerk-hamburg.de\/tr\/wp-json\/wp\/v2\/comments?post=57"}],"version-history":[{"count":88,"href":"https:\/\/azubiwerk-hamburg.de\/tr\/wp-json\/wp\/v2\/pages\/57\/revisions"}],"predecessor-version":[{"id":2734,"href":"https:\/\/azubiwerk-hamburg.de\/tr\/wp-json\/wp\/v2\/pages\/57\/revisions\/2734"}],"wp:attachment":[{"href":"https:\/\/azubiwerk-hamburg.de\/tr\/wp-json\/wp\/v2\/media?parent=57"}],"curies":[{"name":"wp","href":"https:\/\/api.w.org\/{rel}","templated":true}]}}