{"id":169,"date":"2023-11-21T15:58:14","date_gmt":"2023-11-21T14:58:14","guid":{"rendered":"https:\/\/azubiwerk.de\/?page_id=169"},"modified":"2026-04-13T11:36:49","modified_gmt":"2026-04-13T09:36:49","slug":"home","status":"publish","type":"page","link":"https:\/\/azubiwerk-hamburg.de\/tr\/","title":{"rendered":"Ev"},"content":{"rendered":"<div class=\"wp-block-group background-gradient1 has-neve-link-color-background-color has-background has-x-large-font-size\"><div class=\"wp-block-group__inner-container is-layout-constrained wp-block-group-is-layout-constrained\">\n<figure class=\"wp-block-gallery has-nested-images columns-4 is-cropped width85 wp-block-gallery-1 is-layout-flex wp-block-gallery-is-layout-flex\" style=\"padding-top:var(--wp--preset--spacing--70);padding-right:var(--wp--preset--spacing--30);padding-bottom:var(--wp--preset--spacing--70);padding-left:var(--wp--preset--spacing--30)\">\n<figure class=\"wp-block-image size-full has-custom-border padding1_5 is-style-rounded\"><a href=\"https:\/\/azubiwerk-hamburg.de\/tr\/zimmer\/\"><img loading=\"lazy\" decoding=\"async\" width=\"2560\" height=\"1707\" data-id=\"1226\" src=\"https:\/\/azubiwerk-hamburg.de\/wp-content\/uploads\/2024\/01\/IMG_3074-2-scaled.jpg\" alt=\"\" class=\"wp-image-1226\" style=\"border-style:none;border-width:0px\" srcset=\"https:\/\/azubiwerk-hamburg.de\/wp-content\/uploads\/2024\/01\/IMG_3074-2-scaled.jpg 2560w, https:\/\/azubiwerk-hamburg.de\/wp-content\/uploads\/2024\/01\/IMG_3074-2-300x200.jpg 300w, https:\/\/azubiwerk-hamburg.de\/wp-content\/uploads\/2024\/01\/IMG_3074-2-1024x683.jpg 1024w, https:\/\/azubiwerk-hamburg.de\/wp-content\/uploads\/2024\/01\/IMG_3074-2-768x512.jpg 768w, https:\/\/azubiwerk-hamburg.de\/wp-content\/uploads\/2024\/01\/IMG_3074-2-1536x1024.jpg 1536w, https:\/\/azubiwerk-hamburg.de\/wp-content\/uploads\/2024\/01\/IMG_3074-2-2048x1365.jpg 2048w, https:\/\/azubiwerk-hamburg.de\/wp-content\/uploads\/2024\/01\/IMG_3074-2-18x12.jpg 18w, https:\/\/azubiwerk-hamburg.de\/wp-content\/uploads\/2024\/01\/IMG_3074-2-930x620.jpg 930w\" sizes=\"auto, (max-width: 2560px) 100vw, 2560px\" \/><\/a><figcaption class=\"wp-element-caption\">Zimmer\u00fcbersicht<\/figcaption><\/figure>\n\n\n\n<figure class=\"wp-block-image size-full padding1_5 is-style-rounded\"><a href=\"https:\/\/azubiwerk-hamburg.de\/tr\/#standorte\"><img loading=\"lazy\" decoding=\"async\" width=\"985\" height=\"945\" data-id=\"1169\" src=\"https:\/\/azubiwerk-hamburg.de\/wp-content\/uploads\/2023\/12\/standorte.png\" alt=\"\" class=\"wp-image-1169\" srcset=\"https:\/\/azubiwerk-hamburg.de\/wp-content\/uploads\/2023\/12\/standorte.png 985w, https:\/\/azubiwerk-hamburg.de\/wp-content\/uploads\/2023\/12\/standorte-300x288.png 300w, https:\/\/azubiwerk-hamburg.de\/wp-content\/uploads\/2023\/12\/standorte-768x737.png 768w, https:\/\/azubiwerk-hamburg.de\/wp-content\/uploads\/2023\/12\/standorte-13x12.png 13w\" sizes=\"auto, (max-width: 985px) 100vw, 985px\" \/><\/a><figcaption class=\"wp-element-caption\">Konumlar<\/figcaption><\/figure>\n\n\n\n<figure class=\"wp-block-image size-full padding1_5 is-style-rounded\"><a href=\"\/tr\/#fragen-antworten\"><img loading=\"lazy\" decoding=\"async\" width=\"1000\" height=\"1000\" data-id=\"2004\" src=\"https:\/\/azubiwerk-hamburg.de\/wp-content\/uploads\/2024\/03\/empfang.jpg\" alt=\"\" class=\"wp-image-2004\" srcset=\"https:\/\/azubiwerk-hamburg.de\/wp-content\/uploads\/2024\/03\/empfang.jpg 1000w, https:\/\/azubiwerk-hamburg.de\/wp-content\/uploads\/2024\/03\/empfang-300x300.jpg 300w, https:\/\/azubiwerk-hamburg.de\/wp-content\/uploads\/2024\/03\/empfang-150x150.jpg 150w, https:\/\/azubiwerk-hamburg.de\/wp-content\/uploads\/2024\/03\/empfang-768x768.jpg 768w, https:\/\/azubiwerk-hamburg.de\/wp-content\/uploads\/2024\/03\/empfang-12x12.jpg 12w\" sizes=\"auto, (max-width: 1000px) 100vw, 1000px\" \/><\/a><figcaption class=\"wp-element-caption\">Fragen<\/figcaption><\/figure>\n\n\n\n<figure class=\"wp-block-image size-full padding1_5 is-style-rounded\"><a href=\"\/tr\/stiftung\/\"><img loading=\"lazy\" decoding=\"async\" width=\"800\" height=\"800\" data-id=\"1872\" src=\"https:\/\/azubiwerk-hamburg.de\/wp-content\/uploads\/2024\/02\/muenzviertel_quadrat.jpg\" alt=\"\" class=\"wp-image-1872\" srcset=\"https:\/\/azubiwerk-hamburg.de\/wp-content\/uploads\/2024\/02\/muenzviertel_quadrat.jpg 800w, https:\/\/azubiwerk-hamburg.de\/wp-content\/uploads\/2024\/02\/muenzviertel_quadrat-300x300.jpg 300w, https:\/\/azubiwerk-hamburg.de\/wp-content\/uploads\/2024\/02\/muenzviertel_quadrat-150x150.jpg 150w, https:\/\/azubiwerk-hamburg.de\/wp-content\/uploads\/2024\/02\/muenzviertel_quadrat-768x768.jpg 768w, https:\/\/azubiwerk-hamburg.de\/wp-content\/uploads\/2024\/02\/muenzviertel_quadrat-12x12.jpg 12w\" sizes=\"auto, (max-width: 800px) 100vw, 800px\" \/><\/a><figcaption class=\"wp-element-caption\">Vak\u0131f<\/figcaption><\/figure>\n<\/figure>\n<\/div><\/div>\n\n\n\n<div class=\"wp-block-group padding2_5 background-gradient2 has-nv-c-1-background-color has-background has-small-font-size\"><div class=\"wp-block-group__inner-container is-layout-constrained wp-block-group-is-layout-constrained\">\n<div class=\"wp-block-buttons alignwide is-vertical is-content-justification-center is-layout-flex wp-container-core-buttons-is-layout-9a7cdcfd wp-block-buttons-is-layout-flex\">\n<div class=\"wp-block-button has-custom-width wp-block-button__width-50 is-style-primary\"><a class=\"wp-block-button__link wp-element-button\" href=\"https:\/\/form.jotform.com\/250853443242352\" target=\"_blank\" rel=\"noreferrer noopener\">Zum Bewerbungsformular<\/a><\/div>\n\n\n\n<div class=\"wp-block-button has-custom-width wp-block-button__width-50 is-style-primary\"><a class=\"wp-block-button__link wp-element-button\" href=\"http:\/\/google.com\/url?sa=j&amp;url=https%3A%2F%2Fform.jotform.com%2F252793379216063&amp;uct=1740382932&amp;usg=grw1ObF8L9j9qqOVXL5e9WpeXwg.&amp;opi=73833047&amp;source=chat\" target=\"_blank\" rel=\"noreferrer noopener\">Zum Formular Belegungsverfahren (nur Wandsbek)<\/a><\/div>\n\n\n\n<div class=\"wp-block-button has-custom-width wp-block-button__width-25 is-style-primary\" id=\"weiter\"><a class=\"wp-block-button__link has-medium-font-size has-custom-font-size wp-element-button\" href=\"\/tr\/#weiter\" style=\"padding-top:var(--wp--preset--spacing--20);padding-right:0;padding-bottom:var(--wp--preset--spacing--20);padding-left:0\">Weiterlesen<\/a><\/div>\n<\/div>\n\n\n\n<div style=\"height:45px\" aria-hidden=\"true\" class=\"wp-block-spacer\"><\/div>\n\n\n\n<div class=\"wp-block-group alignwide\"><div class=\"wp-block-group__inner-container is-layout-constrained wp-block-group-is-layout-constrained\">\n<h2 class=\"wp-block-heading has-text-align-center\" id=\"weiter\"><strong>Azubiwerk'te Ya\u015fam<\/strong><\/h2>\n\n\n\n<p class=\"has-medium-font-size\" style=\"padding-right:var(--wp--preset--spacing--80);padding-left:var(--wp--preset--spacing--80)\">Das Wohnen in kleinen WGs und die vielen Gemeinschaftsfl\u00e4chen und Aktivit\u00e4ten machen unser Haus zu mehr als einer Sammlung von Wohnungen \u2013 es ist ein echtes Zuhause mit einem starken sozialen Umfeld und das nicht am Rande der Metropole, sondern verkehrsg\u00fcnstig mitten in der Stadt gelegen.<\/p>\n\n\n\n<figure class=\"wp-block-gallery has-nested-images columns-default is-cropped wp-block-gallery-2 is-layout-flex wp-block-gallery-is-layout-flex\" style=\"border-style:none;border-width:0px;border-radius:0px;padding-top:0;padding-right:0.35rem;padding-bottom:0;padding-left:0.35rem\">\n<figure class=\"wp-block-image size-large\"><img loading=\"lazy\" decoding=\"async\" width=\"1000\" height=\"1000\" data-id=\"2007\" src=\"https:\/\/azubiwerk-hamburg.de\/wp-content\/uploads\/2024\/03\/empfang2.jpg\" alt=\"\" class=\"wp-image-2007\" srcset=\"https:\/\/azubiwerk-hamburg.de\/wp-content\/uploads\/2024\/03\/empfang2.jpg 1000w, https:\/\/azubiwerk-hamburg.de\/wp-content\/uploads\/2024\/03\/empfang2-300x300.jpg 300w, https:\/\/azubiwerk-hamburg.de\/wp-content\/uploads\/2024\/03\/empfang2-150x150.jpg 150w, https:\/\/azubiwerk-hamburg.de\/wp-content\/uploads\/2024\/03\/empfang2-768x768.jpg 768w, https:\/\/azubiwerk-hamburg.de\/wp-content\/uploads\/2024\/03\/empfang2-12x12.jpg 12w\" sizes=\"auto, (max-width: 1000px) 100vw, 1000px\" \/><figcaption class=\"wp-element-caption\"><strong>Resepsiyon personelimiz her t\u00fcrl\u00fc sorunuzda size yard\u0131mc\u0131 olmaktan ve tavsiyelerde bulunmaktan mutluluk duyacakt\u0131r.<\/strong><\/figcaption><\/figure>\n\n\n\n<figure class=\"wp-block-image size-large\"><img loading=\"lazy\" decoding=\"async\" width=\"1024\" height=\"683\" data-id=\"1226\" src=\"https:\/\/azubiwerk-hamburg.de\/wp-content\/uploads\/2024\/01\/IMG_3074-2-1024x683.jpg\" alt=\"\" class=\"wp-image-1226\" srcset=\"https:\/\/azubiwerk-hamburg.de\/wp-content\/uploads\/2024\/01\/IMG_3074-2-1024x683.jpg 1024w, https:\/\/azubiwerk-hamburg.de\/wp-content\/uploads\/2024\/01\/IMG_3074-2-300x200.jpg 300w, https:\/\/azubiwerk-hamburg.de\/wp-content\/uploads\/2024\/01\/IMG_3074-2-768x512.jpg 768w, https:\/\/azubiwerk-hamburg.de\/wp-content\/uploads\/2024\/01\/IMG_3074-2-1536x1024.jpg 1536w, https:\/\/azubiwerk-hamburg.de\/wp-content\/uploads\/2024\/01\/IMG_3074-2-2048x1365.jpg 2048w, https:\/\/azubiwerk-hamburg.de\/wp-content\/uploads\/2024\/01\/IMG_3074-2-18x12.jpg 18w, https:\/\/azubiwerk-hamburg.de\/wp-content\/uploads\/2024\/01\/IMG_3074-2-930x620.jpg 930w\" sizes=\"auto, (max-width: 1024px) 100vw, 1024px\" \/><figcaption class=\"wp-element-caption\"><strong>Odalar\u0131m\u0131z tamamen mobilyal\u0131 ve modern donan\u0131ml\u0131d\u0131r.<\/strong><\/figcaption><\/figure>\n\n\n\n<figure class=\"wp-block-image size-large\"><img loading=\"lazy\" decoding=\"async\" width=\"414\" height=\"414\" data-id=\"1802\" src=\"https:\/\/azubiwerk-hamburg.de\/wp-content\/uploads\/2024\/02\/map.jpg\" alt=\"\" class=\"wp-image-1802\" srcset=\"https:\/\/azubiwerk-hamburg.de\/wp-content\/uploads\/2024\/02\/map.jpg 414w, https:\/\/azubiwerk-hamburg.de\/wp-content\/uploads\/2024\/02\/map-300x300.jpg 300w, https:\/\/azubiwerk-hamburg.de\/wp-content\/uploads\/2024\/02\/map-150x150.jpg 150w, https:\/\/azubiwerk-hamburg.de\/wp-content\/uploads\/2024\/02\/map-12x12.jpg 12w\" sizes=\"auto, (max-width: 414px) 100vw, 414px\" \/><figcaption class=\"wp-element-caption\"><strong>D\u00f6rt lokasyonumuz merkezi konumdad\u0131r ve birbirleriyle \u00e7ok iyi ba\u011flant\u0131lara sahiptir.<\/strong><\/figcaption><\/figure>\n\n\n\n<figure class=\"wp-block-image size-large\"><img loading=\"lazy\" decoding=\"async\" width=\"642\" height=\"516\" data-id=\"1761\" src=\"https:\/\/azubiwerk-hamburg.de\/wp-content\/uploads\/2024\/02\/Bild5.png\" alt=\"\" class=\"wp-image-1761\" srcset=\"https:\/\/azubiwerk-hamburg.de\/wp-content\/uploads\/2024\/02\/Bild5.png 642w, https:\/\/azubiwerk-hamburg.de\/wp-content\/uploads\/2024\/02\/Bild5-300x241.png 300w, https:\/\/azubiwerk-hamburg.de\/wp-content\/uploads\/2024\/02\/Bild5-15x12.png 15w\" sizes=\"auto, (max-width: 642px) 100vw, 642px\" \/><figcaption class=\"wp-element-caption\"><strong>Her stajyerin b\u00fct\u00e7esine uygun fiyatlarla kiralama yap\u0131yoruz.<\/strong><\/figcaption><\/figure>\n\n\n\n<figure class=\"wp-block-image size-large is-style-default\" id=\"fragen\"><img loading=\"lazy\" decoding=\"async\" width=\"580\" height=\"580\" data-id=\"1801\" src=\"https:\/\/azubiwerk-hamburg.de\/wp-content\/uploads\/2024\/02\/gemeinschaft.jpg\" alt=\"\" class=\"wp-image-1801\" srcset=\"https:\/\/azubiwerk-hamburg.de\/wp-content\/uploads\/2024\/02\/gemeinschaft.jpg 580w, https:\/\/azubiwerk-hamburg.de\/wp-content\/uploads\/2024\/02\/gemeinschaft-300x300.jpg 300w, https:\/\/azubiwerk-hamburg.de\/wp-content\/uploads\/2024\/02\/gemeinschaft-150x150.jpg 150w, https:\/\/azubiwerk-hamburg.de\/wp-content\/uploads\/2024\/02\/gemeinschaft-12x12.jpg 12w\" sizes=\"auto, (max-width: 580px) 100vw, 580px\" \/><figcaption class=\"wp-element-caption\"><strong>T\u00fcm sakinler aras\u0131nda harika bir etkile\u015fim i\u00e7in alan, fikirler ve f\u0131rsatlar sunuyoruz.<\/strong><\/figcaption><\/figure>\n\n\n\n<figure class=\"wp-block-image size-large\"><img loading=\"lazy\" decoding=\"async\" width=\"1024\" height=\"683\" data-id=\"1222\" src=\"https:\/\/azubiwerk-hamburg.de\/wp-content\/uploads\/2024\/01\/Event_IsyNadja_20-1024x683.jpg\" alt=\"\" class=\"wp-image-1222\" srcset=\"https:\/\/azubiwerk-hamburg.de\/wp-content\/uploads\/2024\/01\/Event_IsyNadja_20-1024x683.jpg 1024w, https:\/\/azubiwerk-hamburg.de\/wp-content\/uploads\/2024\/01\/Event_IsyNadja_20-300x200.jpg 300w, https:\/\/azubiwerk-hamburg.de\/wp-content\/uploads\/2024\/01\/Event_IsyNadja_20-768x512.jpg 768w, https:\/\/azubiwerk-hamburg.de\/wp-content\/uploads\/2024\/01\/Event_IsyNadja_20-1536x1024.jpg 1536w, https:\/\/azubiwerk-hamburg.de\/wp-content\/uploads\/2024\/01\/Event_IsyNadja_20-2048x1365.jpg 2048w, https:\/\/azubiwerk-hamburg.de\/wp-content\/uploads\/2024\/01\/Event_IsyNadja_20-18x12.jpg 18w, https:\/\/azubiwerk-hamburg.de\/wp-content\/uploads\/2024\/01\/Event_IsyNadja_20-930x620.jpg 930w\" sizes=\"auto, (max-width: 1024px) 100vw, 1024px\" \/><figcaption class=\"wp-element-caption\"><strong>Ausgestattete Gemeinschaftsr\u00e4ume geben Raum f\u00fcr Freizeit und Kreativit\u00e4t.<\/strong><\/figcaption><\/figure>\n<\/figure>\n<\/div><\/div>\n\n\n\n<div class=\"wp-block-group alignwide\"><div class=\"wp-block-group__inner-container is-layout-constrained wp-block-group-is-layout-constrained\">\n<div id=\"fragen-antworten\" class=\"wp-block-group has-nv-text-dark-bg-color has-nv-dark-bg-background-color has-text-color has-background has-link-color wp-elements-378468906a07ebb97d8a530069709e2d\" style=\"padding-top:var(--wp--preset--spacing--50);padding-right:var(--wp--preset--spacing--50);padding-bottom:var(--wp--preset--spacing--50);padding-left:var(--wp--preset--spacing--50)\"><div class=\"wp-block-group__inner-container is-layout-constrained wp-container-core-group-is-layout-1c1b4f74 wp-block-group-is-layout-constrained\">\n<h1 class=\"wp-block-heading has-text-align-center has-neve-link-color-color has-nv-site-bg-background-color has-text-color has-background has-link-color wp-elements-efe602c6e9d1d44e29f6207028da7a3b\" style=\"border-style:none;border-width:0px;padding-top:var(--wp--preset--spacing--30);padding-right:0;padding-bottom:var(--wp--preset--spacing--30);padding-left:0;font-size:50px;line-height:1.4\"><strong>Fragen und Antworten<\/strong><\/h1>\n\n\n\n<p class=\"has-text-align-center has-medium-font-size\">Fragen und Antworten rund um die Themen Bewerbung, Mietvertrag, Wohnh\u00e4user und Ausstattung.<\/p>\n\n\n\n<div class=\"wp-block-columns is-layout-flex wp-container-core-columns-is-layout-9d6595d7 wp-block-columns-is-layout-flex\">\n<div class=\"wp-block-column is-layout-flow wp-block-column-is-layout-flow\">\n<h2 class=\"wp-block-heading has-text-align-center has-neve-link-color-color has-nv-site-bg-background-color has-text-color has-background has-link-color has-large-font-size wp-elements-bda5ff0ddfbf3de8ac10b655e5651202\" style=\"border-style:none;border-width:0px;padding-top:var(--wp--preset--spacing--20);padding-right:0;padding-bottom:var(--wp--preset--spacing--20);padding-left:0\">Uygulama<\/h2>\n\n\n\n<div class=\"wp-block-group\"><div class=\"wp-block-group__inner-container is-layout-constrained wp-block-group-is-layout-constrained\">\n<details class=\"wp-block-details is-layout-flow wp-block-details-is-layout-flow\" style=\"font-size:15px\"><summary><strong>Kimler ba\u015fvurabilir?<\/strong><\/summary>\n<p class=\"has-neve-link-color-color has-nv-site-bg-background-color has-text-color has-background has-link-color has-small-font-size wp-elements-ee3b025e0e3983a3869f94111b4c9769\">Bewerben k\u00f6nnen sich alle Auszubildenden, das hei\u00dft, wenn du einen Ausbildungsvertrag hast oder zeitnah einen abschlie\u00dft, kannst du dich bewerben. Dein Arbeitgeber bzw. Ausbildungsbetrieb muss sich in Hamburg befinden. Die Ausbildung muss staatlich anerkannt sein, egal ob schulisch oder duale Ausbildung. Du musst mindestens 16 Jahre alt sein und nicht \u00e4lter als 26 Jahre. Unser Wohnhaus in Wandsbek kann ab 16 Jahren bewohnt werden. In unserem Wohnhaus in Harburg k\u00f6nnen nur vollj\u00e4hrige Azubis (mindestens 18 Jahre alt) wohnen. Studenten bekommen keine Zimmer bei uns, k\u00f6nnen sich aber beim Studierendenwerk um ein Zimmer bewerben.<\/p>\n<\/details>\n\n\n\n<details class=\"wp-block-details is-layout-flow wp-block-details-is-layout-flow\" style=\"font-size:15px\"><summary><strong>Nas\u0131l ba\u015fvurabilirim?<\/strong><\/summary>\n<p class=\"has-neve-link-color-color has-nv-site-bg-background-color has-text-color has-background has-link-color has-small-font-size wp-elements-1b8c3ef6424780378280e2bc5a9d5561\">Ba\u015fvurular sadece ba\u015fvuru formu arac\u0131l\u0131\u011f\u0131yla yap\u0131labilir:&nbsp;<a href=\"https:\/\/azubiwerk-hamburg.de\/tr\/standorte\/zimmerbewerbung\/\"><strong>ba\u015fvuru formuna<\/strong><\/a><\/p>\n<\/details>\n\n\n\n<details class=\"wp-block-details is-layout-flow wp-block-details-is-layout-flow\" style=\"font-size:15px\"><summary><strong>Taahh\u00fctleri vermek i\u00e7in hangi kriterler kullan\u0131l\u0131yor?<\/strong><\/summary>\n<p class=\"has-neve-link-color-color has-nv-site-bg-background-color has-text-color has-background has-link-color has-small-font-size wp-elements-e1928839307010f80199abb5a85acbae\">Odalar\u0131, \u00f6nceki ikamet yeri, ya\u015f veya e\u011fitim \u015firketinin b\u00fcy\u00fckl\u00fc\u011f\u00fc gibi sosyal kriterlere g\u00f6re tahsis ediyoruz.<\/p>\n<\/details>\n\n\n\n<details class=\"wp-block-details is-layout-flow wp-block-details-is-layout-flow\" style=\"font-size:15px\"><summary><strong>Ba\u015fvurumdan sonra kabul edilip edilmedi\u011fime dair ne zaman bir cevap alaca\u011f\u0131m?<\/strong><\/summary>\n<p class=\"has-neve-link-color-color has-nv-site-bg-background-color has-text-color has-background has-link-color has-small-font-size wp-elements-1a03123855795916df29ee97bdd62b37\">In der Regel antworten wir auf Bewerbungen innerhalb von vier Wochen. Du bekommst entweder eine Absage, die Info, dass du auf der Warteliste bist, oder wirst ins weitere Verfahren aufgenommen.<\/p>\n<\/details>\n\n\n\n<details class=\"wp-block-details is-layout-flow wp-block-details-is-layout-flow\" style=\"font-size:15px\"><summary><strong>Bekleme listesindeysem, daha sonra bir kabul veya iptal alacak m\u0131y\u0131m?<\/strong><\/summary>\n<p class=\"has-neve-link-color-color has-nv-site-bg-background-color has-text-color has-background has-link-color has-small-font-size wp-elements-8cb84a13846e7a2bd79103942a8bf9e9\">Ne yaz\u0131k ki, yer bulma \u015fans\u0131n\u0131z hakk\u0131nda hen\u00fcz bir a\u00e7\u0131klama yapam\u0131yoruz. Bilgilerinizi kaydetti\u011fimiz i\u00e7in \u015fimdilik bekleme listesinde kalacaks\u0131n\u0131z ve d\u00fczenli aral\u0131klarla taraf\u0131m\u0131zdan bilgilendirileceksiniz.<\/p>\n<\/details>\n\n\n\n<details class=\"wp-block-details is-layout-flow wp-block-details-is-layout-flow\" style=\"font-size:15px\"><summary><strong>Meine Daten haben sich im Verlauf der Bewerbung ge\u00e4ndert: Was nun?<\/strong><\/summary>\n<p class=\"has-neve-link-color-color has-nv-site-bg-background-color has-text-color has-background has-link-color has-small-font-size wp-elements-7d0d4f88e7fdc2273a880cb021876181\">De\u011fi\u015fiklik veya d\u00fczeltme durumunda, de\u011fi\u015ftirilen veriler derhal e-posta ile a\u015fa\u011f\u0131daki adrese g\u00f6nderilmelidir&nbsp;<a href=\"mailto:info@azubiwerk.de\">zimmer@azubiwerk.de<\/a>&nbsp;B\u00f6ylece bunlar\u0131 sisteme girebiliriz. \u00d6nemli: Gerekirse, eski formun iptal edilece\u011fini ve yeni bir form g\u00f6nderece\u011finizi belirten bir e-posta mesaj\u0131na ihtiyac\u0131m\u0131z var.<\/p>\n<\/details>\n\n\n\n<details class=\"wp-block-details is-layout-flow wp-block-details-is-layout-flow\" style=\"font-size:15px\"><summary><strong>\u0130leri i\u015flemler i\u00e7in kabul edildim, \u015fimdi ne yapmam gerekiyor?<\/strong><\/summary>\n<p class=\"has-neve-link-color-color has-nv-site-bg-background-color has-text-color has-background has-link-color has-small-font-size wp-elements-146cef29adc392feb7fbdb0877e6b193\">Art\u0131k bir sonraki m\u00fcsait odalar i\u00e7in k\u0131sa listedesiniz. Daha sonra bizden daha fazla bilgi talep etti\u011fimiz bir form i\u00e7in bir ba\u011flant\u0131 alacaks\u0131n\u0131z. Bu formu bir hafta i\u00e7inde yan\u0131tlaman\u0131z gerekmektedir. \u00d6nemli: Di\u011fer prosed\u00fcre dahil olman\u0131z ba\u011flay\u0131c\u0131 bir oda onay\u0131 de\u011fildir.<\/p>\n<\/details>\n\n\n\n<details class=\"wp-block-details is-layout-flow wp-block-details-is-layout-flow\" style=\"font-size:15px\"><summary><strong>E\u011fitim s\u00f6zle\u015fmemi hen\u00fcz imzalamad\u0131m, \u015fimdi ne olacak?<\/strong><\/summary>\n<p class=\"has-neve-link-color-color has-nv-site-bg-background-color has-text-color has-background has-link-color has-small-font-size wp-elements-bc388dd7656f8211d269ca9a89189ae6\">Hen\u00fcz e\u011fitim s\u00f6zle\u015fmeniz yoksa, alternatif olarak gelecekteki e\u011fitim \u015firketinizden orada e\u011fitim alaca\u011f\u0131n\u0131z\u0131 belirten bir onay mektubu g\u00f6nderebilirsiniz.<\/p>\n<\/details>\n\n\n\n<details class=\"wp-block-details is-layout-flow wp-block-details-is-layout-flow\" style=\"font-size:15px\"><summary><strong><strong>Birka\u00e7 tarih belirttiysem hangi ta\u015f\u0131nma tarihinde daireye ta\u015f\u0131nabilirim?<\/strong><\/strong><\/summary>\n<p class=\"has-neve-link-color-color has-nv-site-bg-background-color has-text-color has-background has-link-color has-small-font-size wp-elements-77d3eef695ebe36a7aa370f3fd7dea70\">Genellikle en erken tarihi se\u00e7eriz.<\/p>\n<\/details>\n\n\n\n<details class=\"wp-block-details is-layout-flow wp-block-details-is-layout-flow\" style=\"font-size:15px\"><summary><strong><strong>Ev kurallar\u0131 var m\u0131?<\/strong><\/strong><\/summary>\n<p class=\"has-neve-link-color-color has-nv-site-bg-background-color has-text-color has-background has-link-color has-small-font-size wp-elements-dfe64c88bd7eb6e806dd37a18a6a315d\">Evet, ev kurallar\u0131, kullan\u0131m kurallar\u0131 ile birlikte kira s\u00f6zle\u015fmesine ek olarak eklenir.<\/p>\n<\/details>\n\n\n\n<details class=\"wp-block-details is-layout-flow wp-block-details-is-layout-flow\" style=\"font-size:15px\"><summary><strong>Kann ich Besuch im Wohnhaus empfangen?<\/strong><\/summary>\n<p class=\"has-neve-link-color-color has-nv-site-bg-background-color has-text-color has-background has-link-color has-small-font-size wp-elements-760cf243a4ef103429d06ff85c376803\">Grunds\u00e4tzlich kann Besuch im Wohnhaus empfangen werden, allerdings sehen Haus- und Benutzungsordnung bestimmte Regeln vor. So d\u00fcrfen Besucher nur an insgesamt 8 Tagen pro Monat bei dir \u00fcbernachten und es d\u00fcrfen z.B. keine Partys in den Wohnungen veranstaltet werden (daf\u00fcr stehen die Gemeinschaftsr\u00e4ume zur Verf\u00fcgung).<\/p>\n<\/details>\n<\/div><\/div>\n<\/div>\n\n\n\n<div class=\"wp-block-column is-layout-flow wp-block-column-is-layout-flow\">\n<h2 class=\"wp-block-heading has-text-align-center has-neve-link-color-color has-nv-site-bg-background-color has-text-color has-background has-link-color has-large-font-size wp-elements-65fa6155480e65e6852706e5794d2368\" style=\"border-style:none;border-width:0px;padding-top:var(--wp--preset--spacing--20);padding-right:0;padding-bottom:var(--wp--preset--spacing--20);padding-left:0\">Kira s\u00f6zle\u015fmesi<\/h2>\n\n\n\n<div class=\"wp-block-group\" style=\"font-size:15px\"><div class=\"wp-block-group__inner-container is-layout-flow wp-block-group-is-layout-flow\">\n<details class=\"wp-block-details is-layout-flow wp-block-details-is-layout-flow\" style=\"font-size:15px\"><summary><strong>Bir e\u011fitim s\u00f6zle\u015fmem yoksa ama yine de bir i\u015f i\u00e7in g\u00f6r\u00fc\u015f\u00fcyorsam bir kira s\u00f6zle\u015fmesi alabilir miyim?<\/strong><\/summary>\n<p class=\"has-neve-link-color-color has-nv-site-bg-background-color has-text-color has-background has-link-color has-small-font-size wp-elements-721e3f0895f0bb1c4a8c32b956855ff7\">Hen\u00fcz bir e\u011fitim s\u00f6zle\u015fmeniz veya bir e\u011fitim \u015firketinden onay\u0131n\u0131z yoksa, kira s\u00f6zle\u015fmesi yap\u0131lamaz. Bu durumda ad\u0131n\u0131z tekrar bekleme listesine al\u0131nacakt\u0131r.<\/p>\n<\/details>\n\n\n\n<details class=\"wp-block-details is-layout-flow wp-block-details-is-layout-flow\" style=\"font-size:15px\"><summary><strong>T\u00fcm belgeleri teslim ettim: kira s\u00f6zle\u015fmeleri ne zaman imzalanacak?<\/strong><\/summary>\n<p class=\"has-neve-link-color-color has-nv-site-bg-background-color has-text-color has-background has-link-color has-small-font-size wp-elements-c34de90ca01b2a13beb2f247b7c10aa9\">T\u00fcm belgelerinizi ald\u0131ktan ve kontrol ettikten sonra, sizi bir sonraki oda tahsisi i\u00e7in de\u011ferlendirece\u011fiz. Genellikle 2-4 hafta sonra daha fazla bilgi alacaks\u0131n\u0131z. \u00d6nemli: Sonraki prosed\u00fcre dahil edilmeniz ba\u011flay\u0131c\u0131 bir oda tahsisi de\u011fildir.<\/p>\n<\/details>\n\n\n\n<details class=\"wp-block-details is-layout-flow wp-block-details-is-layout-flow\" style=\"font-size:15px\"><summary><strong>Depozitonun tamam\u0131n\u0131 transfer edemezsem ne yapmal\u0131y\u0131m?<\/strong><\/summary>\n<p class=\"has-neve-link-color-color has-nv-site-bg-background-color has-text-color has-background has-link-color has-small-font-size wp-elements-2b2086ee634376c5ce763be6efae974f\">Depozito da kira gibi her zaman tam olarak \u00f6denmelidir. Maddi s\u0131k\u0131nt\u0131lar\u0131n\u0131z varsa, i\u015f bulma kurumundan kredi alabilirsiniz. Bunun i\u00e7in l\u00fctfen Gen\u00e7lik \u0130stihdam Kurumu ile ileti\u015fime ge\u00e7in:&nbsp;<a href=\"http:\/\/www.jba-hamburg.de\/\">Buraya t\u0131klay\u0131n<\/a>.<\/p>\n<\/details>\n\n\n\n<details class=\"wp-block-details is-layout-flow wp-block-details-is-layout-flow\" style=\"font-size:15px\"><summary><strong>Bir oda se\u00e7ebilir miyim yoksa bana bir oda m\u0131 tahsis edilecek?<\/strong><\/summary>\n<p class=\"has-neve-link-color-color has-nv-site-bg-background-color has-text-color has-background has-link-color has-small-font-size wp-elements-40554de8f3b8e06cc96f0438af7fc08f\">T\u00fcm talepleri dikkate almaya gayret ediyoruz. Ancak, daire kompozisyonunun \u00e7\u0131karlar\u0131 do\u011frultusunda aksi y\u00f6nde karar verebiliriz.<\/p>\n<\/details>\n\n\n\n<details class=\"wp-block-details is-layout-flow wp-block-details-is-layout-flow\" style=\"font-size:15px\"><summary><strong>Bir daireyi kiminle payla\u015fmak istedi\u011fimi se\u00e7ebilir miyim?<\/strong><\/summary>\n<p class=\"has-neve-link-color-color has-nv-site-bg-background-color has-text-color has-background has-link-color has-small-font-size wp-elements-df5a4ec50919702144fb2bf7f886309f\">Prensip olarak, belirli bir ev arkada\u015f\u0131 talebinizi de dikkate almaya \u00e7al\u0131\u015faca\u011f\u0131z (bunu isimle belirtmeniz halinde). Ancak, aksi y\u00f6nde karar verebiliriz, \u00e7\u00fcnk\u00fc aksi takdirde oda tahsisi \u00e7al\u0131\u015fmayacakt\u0131r.<\/p>\n<\/details>\n\n\n\n<details class=\"wp-block-details is-layout-flow wp-block-details-is-layout-flow\" style=\"font-size:15px\"><summary><strong>Kira s\u00f6zle\u015fmesini imzalamadan veya ta\u015f\u0131nmadan \u00f6nce daire pay\u0131mda ba\u015fka kimlerin ya\u015fayaca\u011f\u0131n\u0131 s\u00f6yleyebilir misiniz?<\/strong><\/summary>\n<p class=\"has-neve-link-color-color has-nv-site-bg-background-color has-text-color has-background has-link-color has-small-font-size wp-elements-dc020b5629774d7487417993296f4e66\">Ne yaz\u0131k ki, veri koruma nedenleriyle, size gelecekteki ev arkada\u015flar\u0131n\u0131z\u0131n isimlerini ve ileti\u015fim bilgilerini veremiyoruz.<\/p>\n<\/details>\n\n\n\n<details class=\"wp-block-details is-layout-flow wp-block-details-is-layout-flow\" style=\"font-size:15px\"><summary><strong>Doluluk s\u00fcresi boyunca oda de\u011fi\u015ftirebilir miyim?<\/strong><\/summary>\n<p class=\"has-neve-link-color-color has-nv-site-bg-background-color has-text-color has-background has-link-color has-small-font-size wp-elements-70d8ec111e48d08e09e576fd12130f73\">Bu sadece hakl\u0131 istisnai durumlarda m\u00fcmk\u00fcnd\u00fcr.<\/p>\n<\/details>\n\n\n\n<details class=\"wp-block-details is-layout-flow wp-block-details-is-layout-flow\" style=\"font-size:15px\"><summary><strong>Kira s\u00f6zle\u015fmesinin s\u00fcresi ne kadard\u0131r?<\/strong> <strong>\u0130ptal s\u00fcresi ne kadard\u0131r?<\/strong><\/summary>\n<p class=\"has-neve-link-color-color has-nv-site-bg-background-color has-text-color has-background has-link-color has-small-font-size wp-elements-38fc025ae4f1ec369cbb2779eca248a0\">Kira s\u00f6zle\u015fmesinin s\u00fcresi her zaman e\u011fitim program\u0131n\u0131n sonuna kadar art\u0131 3 ayd\u0131r.<br>Yasal h\u00fck\u00fcmler uyar\u0131nca, kira s\u00f6zle\u015fmesi bir takvim ay\u0131n\u0131n \u00fc\u00e7\u00fcnc\u00fc i\u015f g\u00fcn\u00fcnde bir sonraki takvim ay\u0131n\u0131n sonu i\u00e7in feshedilebilir. Bu, \u00f6rne\u011fin \u015fu anlama gelir: Kira s\u00f6zle\u015fmenizi en ge\u00e7 3 Nisan tarihinde feshederseniz, s\u00f6zle\u015fme Haziran ay\u0131n\u0131n sonuna kadar devam edecektir.<\/p>\n<\/details>\n\n\n\n<details class=\"wp-block-details is-layout-flow wp-block-details-is-layout-flow\" style=\"font-size:15px\"><summary><strong>Kiralama masraflar\u0131na ek olarak ne gibi masraflar ortaya \u00e7\u0131k\u0131yor?<\/strong><\/summary>\n<p class=\"has-neve-link-color-color has-nv-site-bg-background-color has-text-color has-background has-link-color has-small-font-size wp-elements-2ab3e67e5b2e1f3661e9cdf93e60dcfb\">Her \u015fey dahil kira, t\u00fcm yan masraflar\u0131 (\u0131s\u0131tma, su, \u00e7\u00f6p \u00fccretleri vb.), elektrik, internet ve telefonu kapsamaktad\u0131r.<\/p>\n<\/details>\n\n\n\n<details class=\"wp-block-details is-layout-flow wp-block-details-is-layout-flow\" style=\"font-size:15px\"><summary><strong>Kira s\u00f6zle\u015fmesinde, ayda 30 \u20ac kar\u015f\u0131l\u0131\u011f\u0131nda bir otomatik \u00f6deme yetkilendirmesi veya SEPA otomatik \u00f6deme talimat\u0131 imzalamam gerekiyor. Neden?<\/strong><\/summary>\n<p class=\"has-neve-link-color-color has-nv-site-bg-background-color has-text-color has-background has-link-color has-small-font-size wp-elements-f1bf039d177fdd43ac63ba1d1d1856e8\">\u0130mzan\u0131zla bize - gerekti\u011finde - hesab\u0131n\u0131zdan ayda en fazla 30 Euro tutar\u0131nda kira borcu \u00e7ekme f\u0131rsat\u0131 veriyorsunuz. Azubiwerk'den bir \u015fey sat\u0131n almak isterseniz (\u00f6rne\u011fin bask\u0131l\u0131 bir kazak), paray\u0131 hesab\u0131n\u0131zdan da \u00e7ekebiliriz. Bu d\u00fczenli bir otomatik \u00f6deme de\u011fildir, ancak bize yaln\u0131zca \u00f6nceden bildirimde bulunarak otomatik \u00f6deme yapma yetkisi verirsiniz.<\/p>\n<\/details>\n<\/div><\/div>\n<\/div>\n<\/div>\n<\/div><\/div>\n<\/div><\/div>\n\n\n\n<div style=\"height:41px\" aria-hidden=\"true\" class=\"wp-block-spacer\"><\/div>\n\n\n\n<div class=\"wp-block-buttons is-horizontal is-content-justification-center is-layout-flex wp-container-core-buttons-is-layout-499968f5 wp-block-buttons-is-layout-flex\">\n<div class=\"wp-block-button has-custom-width wp-block-button__width-50 is-style-primary\"><a class=\"wp-block-button__link wp-element-button\" href=\"https:\/\/form.jotform.com\/240314458122043\" target=\"_blank\" rel=\"noreferrer noopener\">\u015e\u0130MD\u0130 TA\u015eININ!<\/a><\/div>\n<\/div>\n<\/div><\/div>\n\n\n\n<div class=\"wp-block-group alignwide padding2_5 background-gradient1 has-neve-link-color-background-color has-background is-content-justification-center is-layout-flex wp-container-core-group-is-layout-87a75255 wp-block-group-is-layout-flex\" style=\"padding-top:0;padding-bottom:0\">\n<div class=\"wp-block-group wp-container-content-e7bfab89\"><div class=\"wp-block-group__inner-container is-layout-constrained wp-block-group-is-layout-constrained\"><div class=\"wp-block-image is-resized is-style-default\">\n<figure class=\"aligncenter size-full\"><img loading=\"lazy\" decoding=\"async\" width=\"277\" height=\"217\" src=\"https:\/\/azubiwerk-hamburg.de\/wp-content\/uploads\/2024\/02\/sterne.png\" alt=\"\" class=\"wp-image-1737\" style=\"width:148px;height:auto\" srcset=\"https:\/\/azubiwerk-hamburg.de\/wp-content\/uploads\/2024\/02\/sterne.png 277w, https:\/\/azubiwerk-hamburg.de\/wp-content\/uploads\/2024\/02\/sterne-15x12.png 15w\" sizes=\"auto, (max-width: 277px) 100vw, 277px\" \/><\/figure>\n<\/div>\n\n\n<blockquote class=\"wp-block-quote has-text-align-center is-style-large has-nv-text-dark-bg-color has-text-color has-link-color wp-elements-226ea6199907b7c8b11ba2ccd093b2e4 is-layout-flow wp-block-quote-is-layout-flow\">\n<p>\u201eTolles Wohnhaus f\u00fcr Auszubildende. Es gibt 2er und 4 er WGs, mit eigener K\u00fcche und Bad. Tolle Gemeinschaft R\u00e4ume. Nur zu empfehlen\u201c<\/p>\n<cite>- Tanja P.<\/cite><\/blockquote>\n<\/div><\/div>\n\n\n\n<div class=\"wp-block-group wp-container-content-e7bfab89\"><div class=\"wp-block-group__inner-container is-layout-constrained wp-block-group-is-layout-constrained\"><div class=\"wp-block-image is-resized is-style-default\">\n<figure class=\"aligncenter size-full\"><img loading=\"lazy\" decoding=\"async\" width=\"277\" height=\"217\" src=\"https:\/\/azubiwerk-hamburg.de\/wp-content\/uploads\/2024\/02\/sterne.png\" alt=\"\" class=\"wp-image-1737\" style=\"width:148px;height:auto\" srcset=\"https:\/\/azubiwerk-hamburg.de\/wp-content\/uploads\/2024\/02\/sterne.png 277w, https:\/\/azubiwerk-hamburg.de\/wp-content\/uploads\/2024\/02\/sterne-15x12.png 15w\" sizes=\"auto, (max-width: 277px) 100vw, 277px\" \/><\/figure>\n<\/div>\n\n\n<blockquote class=\"wp-block-quote has-text-align-center is-style-large has-nv-text-dark-bg-color has-text-color has-link-color wp-elements-dce7467e2abdf64483b14661e7cfb6f2 is-layout-flow wp-block-quote-is-layout-flow\">\n<p class=\"has-nv-text-dark-bg-color has-text-color has-link-color wp-elements-47d0e18ac580cfe102e1a7bb1bb16a5f\">\u201e\u00c4u\u00dferst modernes und sehr gut ausgestattetes Wohnhaus. Tolle Zimmer, g\u00fcnstige Mieten und freundliches Personal vor Ort. Sehr zu empfehlen!\u201c<\/p>\n<cite>- Rune L.<\/cite><\/blockquote>\n<\/div><\/div>\n<\/div>\n\n\n\n<div style=\"height:50px\" aria-hidden=\"true\" class=\"wp-block-spacer\"><\/div>\n\n\n\n<div class=\"wp-block-media-text alignwide has-media-on-the-right is-stacked-on-mobile\" style=\"grid-template-columns:auto 48%\"><div class=\"wp-block-media-text__content\">\n<p class=\"has-text-align-left\">K\u00e2r amac\u0131 g\u00fctmeyen Azubiwerk Vakf\u0131, \"Stajyerler i\u00e7in uygun fiyatl\u0131 konuttan daha fazlas\u0131\" slogan\u0131na sad\u0131k kalarak uygun fiyatl\u0131 konutlar yaratmakta ve ayn\u0131 zamanda stajyerler i\u00e7in e\u011fitim dan\u0131\u015fmanl\u0131\u011f\u0131 ve destek hizmetleri sunmaktad\u0131r.<br><br>Y\u00fcksek kira maliyetleri nedeniyle, mesleki e\u011fitim g\u00f6ren gen\u00e7lerin e\u011fitim yerlerine yak\u0131n bir yerde ya\u015famalar\u0131 pek m\u00fcmk\u00fcn de\u011fildir. Berlin, M\u00fcnih veya Hamburg gibi cazip \u015fehirler, e\u011fitim g\u00f6ren gen\u00e7ler i\u00e7in giderek daha kar\u015f\u0131lanamaz hale geliyor. Bu durum, i\u015fg\u00fcc\u00fc piyasas\u0131n\u0131n talep etti\u011fi hareketlilikle tam bir tezat olu\u015fturmaktad\u0131r. Bir\u00e7ok b\u00fcy\u00fck \u015fehirdeki konut s\u0131k\u0131nt\u0131s\u0131, orada \u00e7\u0131rakl\u0131k e\u011fitimine ba\u015flamamak i\u00e7in giderek bir kriter haline geliyor.<br><br>Deshalb betreibt die Stiftung Azubiwerk seit 2016 eine Wohnanlage f\u00fcr 156 Auszubildende in Hamburg-Wandsbek. Anfang 2020 wurde ein zweites Wohnhaus der Stiftung in Hamburg-Harburg mit 191 Pl\u00e4tzen fertiggestellt. Das dritte Wohnhaus mit 209 Pl\u00e4tzen im M\u00fcnzviertel (Hamburg-Mitte) wurde 2022 fertiggestellt; die Gemeinschaftsr\u00e4ume stehen den Bewohner*innen zur Nutzung zur Verf\u00fcgung. Unser viertes Wohnhaus in Hamburg-Altona wurde 2024 er\u00f6ffnet. Weitere Wohnanlagen sind in Planung.<br>E\u011fitim deste\u011finin yan\u0131 s\u0131ra, uygun kiralar ve geni\u015f ortak kullan\u0131m alanlar\u0131 da konut teklifinin \u00f6nemli bir par\u00e7as\u0131d\u0131r.<br><br>\u00c7ok say\u0131da sponsor, politikac\u0131, sosyal ortak, oda ve derne\u011fin yan\u0131 s\u0131ra \u015firketlerle birlikte gelecekte daha fazla stajyere bir yuva ve destek sunmak istiyoruz. Bu \u015fekilde Almanya'da mesleki e\u011fitimin cazibesini daha da artt\u0131rmak i\u00e7in \u00fczerimize d\u00fc\u015feni yap\u0131yoruz.<\/p>\n<\/div><figure class=\"wp-block-media-text__media\"><img loading=\"lazy\" decoding=\"async\" width=\"642\" height=\"516\" src=\"https:\/\/azubiwerk-hamburg.de\/wp-content\/uploads\/2024\/09\/Bild5-1.png\" alt=\"\" class=\"wp-image-2205 size-full\" srcset=\"https:\/\/azubiwerk-hamburg.de\/wp-content\/uploads\/2024\/09\/Bild5-1.png 642w, https:\/\/azubiwerk-hamburg.de\/wp-content\/uploads\/2024\/09\/Bild5-1-300x241.png 300w, https:\/\/azubiwerk-hamburg.de\/wp-content\/uploads\/2024\/09\/Bild5-1-15x12.png 15w\" sizes=\"auto, (max-width: 642px) 100vw, 642px\" \/><\/figure><\/div>\n\n\n\n<hr class=\"wp-block-separator has-alpha-channel-opacity\"\/>\n\n\n\n<h1 class=\"wp-block-heading has-text-align-center\" id=\"standorte\">Konumlar<\/h1>\n\n\n\n<div class=\"wp-block-buttons is-horizontal is-content-justification-center is-layout-flex wp-container-core-buttons-is-layout-499968f5 wp-block-buttons-is-layout-flex\">\n<div class=\"wp-block-button is-style-primary\"><a class=\"wp-block-button__link wp-element-button\" href=\"https:\/\/azubiwerk-hamburg.de\/tr\/standorte\/wandsbek\/\">Wandsbek <\/a><\/div>\n\n\n\n<div class=\"wp-block-button is-style-primary\"><a class=\"wp-block-button__link wp-element-button\" href=\"https:\/\/azubiwerk-hamburg.de\/tr\/standorte\/harburg\/\">  Harburg   <\/a><\/div>\n\n\n\n<div class=\"wp-block-button is-style-primary\"><a class=\"wp-block-button__link wp-element-button\" href=\"https:\/\/azubiwerk-hamburg.de\/tr\/standorte\/muenzviertel\/\">M\u00fcnzviertel<\/a><\/div>\n\n\n\n<div class=\"wp-block-button is-style-primary\"><a class=\"wp-block-button__link wp-element-button\" href=\"https:\/\/azubiwerk-hamburg.de\/tr\/standorte\/altona\/\">    Altona     <\/a><\/div>\n<\/div>\n\n\n\n<div style=\"height:50px\" aria-hidden=\"true\" class=\"wp-block-spacer\"><\/div>\n\n\n\n<div class=\"wp-block-group iframemap margin_bot_50 is-vertical is-content-justification-center is-layout-flex wp-container-core-group-is-layout-4b2eccd6 wp-block-group-is-layout-flex\">\n<!DOCTYPE html>\n<style>\n  body {\n      margin: 0;\n      \/* Entfernt den Standardabstand des Body-Elements *\/\n  }\n\n  #overlay {\n      display: flex;\n      position: absolute;\n      top: 0;\n      left: 0;\n      width: 100%;\n      height: 100%;\n      background: rgba(0, 29, 63, 0.6);\n      color: #fff;\n      justify-content: center;\n      align-items: center;\n      text-align: center;\n      z-index: 1000;\n      cursor: pointer;\n  }\n\n  #myFrame {\n      position: absolute;\n      top: 0;\n      left: 0;\n      width: 100%;\n      height: 600px;\n      border: none;\n  }\n\n  #container {\n      position: relative;\n      width: 100%;\n      height: 600px;\n      margin-bottom: 2.8em;  }\n\n<\/style>\n\n<body>\n  <div id=\"container\">\n      <div id=\"overlay\" onclick=\"loadFrame()\"><\/div>\n      <iframe id=\"myFrame\" src=\"https:\/\/www.google.com\/maps\/d\/embed?mid=1FreIV9WutpmDUPF42nWeuAGhsLNWqxs&#038;ehbc=2E312F&#038;noprof=1\"><\/iframe>\n  <\/div>\n\n  <script>\n      function loadFrame() {\n          document.getElementById('overlay').style.display = 'none';\n          document.getElementById('myFrame').style.display = 'block';\n      }\n\n      document.addEventListener('DOMContentLoaded', function () {\n          document.getElementById('overlay').style.display = 'flex';\n      });\n  <\/script>\n<\/body>\n<\/div>","protected":false},"excerpt":{"rendered":"<p>Leben im Azubiwerk Das Wohnen in kleinen WGs und die vielen Gemeinschaftsfl\u00e4chen und Aktivit\u00e4ten machen unser Haus zu mehr als einer Sammlung von Wohnungen \u2013 es ist ein echtes Zuhause mit einem starken sozialen Umfeld und das nicht am Rande der Metropole, sondern verkehrsg\u00fcnstig mitten in der Stadt gelegen. Fragen und Antworten Fragen und Antworten&hellip;&nbsp;<a href=\"https:\/\/azubiwerk-hamburg.de\/tr\/\" rel=\"bookmark\">DAHA FAZLASI<span class=\"screen-reader-text\">Ev<\/span><\/a><\/p>","protected":false},"author":4,"featured_media":0,"parent":0,"menu_order":0,"comment_status":"closed","ping_status":"closed","template":"","meta":{"neve_meta_sidebar":"","neve_meta_container":"","neve_meta_enable_content_width":"","neve_meta_content_width":0,"neve_meta_title_alignment":"","neve_meta_author_avatar":"","neve_post_elements_order":"","neve_meta_disable_header":"","neve_meta_disable_footer":"","neve_meta_disable_title":"","neve_meta_reading_time":"","footnotes":""},"class_list":["post-169","page","type-page","status-publish","hentry"],"_links":{"self":[{"href":"https:\/\/azubiwerk-hamburg.de\/tr\/wp-json\/wp\/v2\/pages\/169","targetHints":{"allow":["GET"]}}],"collection":[{"href":"https:\/\/azubiwerk-hamburg.de\/tr\/wp-json\/wp\/v2\/pages"}],"about":[{"href":"https:\/\/azubiwerk-hamburg.de\/tr\/wp-json\/wp\/v2\/types\/page"}],"author":[{"embeddable":true,"href":"https:\/\/azubiwerk-hamburg.de\/tr\/wp-json\/wp\/v2\/users\/4"}],"replies":[{"embeddable":true,"href":"https:\/\/azubiwerk-hamburg.de\/tr\/wp-json\/wp\/v2\/comments?post=169"}],"version-history":[{"count":338,"href":"https:\/\/azubiwerk-hamburg.de\/tr\/wp-json\/wp\/v2\/pages\/169\/revisions"}],"predecessor-version":[{"id":2738,"href":"https:\/\/azubiwerk-hamburg.de\/tr\/wp-json\/wp\/v2\/pages\/169\/revisions\/2738"}],"wp:attachment":[{"href":"https:\/\/azubiwerk-hamburg.de\/tr\/wp-json\/wp\/v2\/media?parent=169"}],"curies":[{"name":"wp","href":"https:\/\/api.w.org\/{rel}","templated":true}]}}