{"id":57,"date":"2023-11-20T16:56:32","date_gmt":"2023-11-20T15:56:32","guid":{"rendered":"https:\/\/azubiwerk.de\/?page_id=57"},"modified":"2026-04-13T11:23:25","modified_gmt":"2026-04-13T09:23:25","slug":"stiftung","status":"publish","type":"page","link":"https:\/\/azubiwerk-hamburg.de\/es\/stiftung\/","title":{"rendered":"Fundaci\u00f3n"},"content":{"rendered":"<div class=\"wp-block-group\"><div class=\"wp-block-group__inner-container is-layout-constrained wp-block-group-is-layout-constrained\">\n<h2 class=\"wp-block-heading\" id=\"ueber-uns\">SOBRE NOSOTROS<\/h2>\n<\/div><\/div>\n\n\n\n<div class=\"wp-block-group has-nv-text-dark-bg-color has-neve-link-color-background-color has-text-color has-background has-link-color wp-elements-64d3327dba227047c90a345cc7866ecd\" style=\"padding-top:var(--wp--preset--spacing--50);padding-right:var(--wp--preset--spacing--50);padding-bottom:var(--wp--preset--spacing--50);padding-left:var(--wp--preset--spacing--50)\"><div class=\"wp-block-group__inner-container is-layout-constrained wp-container-core-group-is-layout-af81f691 wp-block-group-is-layout-constrained\">\n<h2 class=\"wp-block-heading\">Fundaci\u00f3n Azubiwerk<\/h2>\n\n\n\n<p>La fundaci\u00f3n sin \u00e1nimo de lucro Azubiwerk crea viviendas asequibles y tambi\u00e9n ofrece apoyo educativo, as\u00ed como asesoramiento espec\u00edfico para grupos destinatarios de bajo umbral y servicios de apoyo para becarios, fiel al lema: \"Algo m\u00e1s que viviendas asequibles para becarios\".<\/p>\n\n\n\n<p>A los j\u00f3venes en formaci\u00f3n profesional apenas les es posible vivir cerca de su lugar de formaci\u00f3n. Sobre todo en las aglomeraciones urbanas, donde las grandes ciudades crecen juntas, como en la regi\u00f3n Rin-Meno, Renania o la cuenca del Ruhr, apenas hay viviendas asequibles. Ciudades atractivas como Berl\u00edn, M\u00fanich o Hamburgo resultan cada vez m\u00e1s inasequibles para los j\u00f3venes en formaci\u00f3n. Adem\u00e1s, los aprendices tambi\u00e9n est\u00e1n en desventaja en el mercado de la vivienda en comparaci\u00f3n con los estudiantes debido a sus bajos ingresos y a su edad. Esto contrasta fuertemente con la movilidad exigida en el mercado laboral. A menudo, los aprendices tienen que recorrer largas distancias hasta el centro de formaci\u00f3n o la escuela profesional o se ven obligados a vivir muy por encima de sus posibilidades. Sobre todo teniendo en cuenta la escasez de mano de obra cualificada, hay que crear ofertas que permitan una mayor flexibilidad en el mercado de la formaci\u00f3n. A los solicitantes extranjeros les resulta a\u00fan m\u00e1s dif\u00edcil iniciar un programa de formaci\u00f3n en una gran ciudad alemana.<\/p>\n\n\n\n<p>Das Azubiwerk erm\u00f6glicht Berufsanf\u00e4ngerInnen ihre Ausbildungsorte und Berufsschulen nicht nur besser zu erreichen, sondern unterst\u00fctzt sie dabei, sich schneller in ihrem neuen Wohn- und Arbeitsumfeld zu integrieren. Die F\u00f6rderung von Stabilit\u00e4t und Struktur kommt dabei auch dem Ausbildungserfolg zugute. Der Einzug in unsere Wohnh\u00e4user bedeutet f\u00fcr alle Auszubildende einen Neuanfang: eine neue Stadt, die erste eigene Wohnung und ein komplett neues Umfeld. Die Azubis leben in kleinen Wohngruppen, von zweier bis vierer WGs. In jedem Wohnhaus werden in gro\u00dfz\u00fcgigen Gemeinschaftsr\u00e4umen soziale Aktivit\u00e4ten angeboten. Hier werden Beratungsangebote in Kooperation mit den Sozialpartnern z.B. zur Berufsausbildungsbeihilfe, Themengruppen, Sport- und Spielveranstaltungen oder gemeinsames Kochen f\u00fcr die Azubis organisiert. So wird aus einem Wohnhaus bald ein richtiges Zuhause und die Ausbildung kann erfolgreich absolviert werden.<\/p>\n\n\n\n<p>Deshalb betreibt die Stiftung Azubiwerk seit 2016 eine Wohnanlage f\u00fcr 156 Auszubildende in Hamburg-Wandsbek. Anfang 2020 wurde ein zweites Wohnhaus der Stiftung in Hamburg-Harburg mit 191 Pl\u00e4tzen fertiggestellt, das dritte Wohnhaus mit 209 Pl\u00e4tzen im M\u00fcnzviertel (Hamburg-Mitte) wurde 2022 fertiggestellt und unser viertes Wohnhaus in Hamburg-Altona wird dieses Jahr fertiggestellt. Weitere Wohnanlagen sind in Planung.<\/p>\n\n\n\n<p>Junto con muchos patrocinadores, pol\u00edticos, interlocutores sociales, c\u00e1maras y asociaciones, as\u00ed como empresas, queremos ofrecer a m\u00e1s aprendices un hogar y apoyo en el futuro. De este modo, ponemos nuestro granito de arena para seguir aumentando el atractivo de la formaci\u00f3n profesional en Alemania.<\/p>\n\n\n\n<div class=\"wp-block-group\" style=\"padding-top:0;padding-bottom:0\"><div class=\"wp-block-group__inner-container is-layout-constrained wp-block-group-is-layout-constrained\">\n<h3 class=\"wp-block-heading anchor\" id=\"historie\">Historia<\/h3>\n\n\n\n<details class=\"wp-block-details is-layout-flow wp-block-details-is-layout-flow\" style=\"border-style:none;border-width:0px;padding-top:var(--wp--preset--spacing--20);padding-bottom:var(--wp--preset--spacing--20)\"><summary>2008: Fundaci\u00f3n como asociaci\u00f3n<\/summary>\n<p><\/p>\n<\/details>\n\n\n\n<details class=\"wp-block-details is-layout-flow wp-block-details-is-layout-flow\" style=\"border-style:none;border-width:0px;padding-top:var(--wp--preset--spacing--20);padding-bottom:var(--wp--preset--spacing--20)\"><summary>2010: Creaci\u00f3n de la sociedad de realizaci\u00f3n sin \u00e1nimo de lucro de la Fundaci\u00f3n<\/summary>\n<p><br><strong>An\u00e1lisis de necesidades y problemas | Desarrollo de un concepto pedag\u00f3gico | Intercambio de experiencias con otras organizaciones | Plan de empresa | Desarrollo de conceptos de salas | Encuesta a aprendices en Hamburgo<\/strong><\/p>\n<\/details>\n\n\n\n<details class=\"wp-block-details is-layout-flow wp-block-details-is-layout-flow\" style=\"border-style:none;border-width:0px;padding-top:var(--wp--preset--spacing--20);padding-bottom:var(--wp--preset--spacing--20)\"><summary>2014: Fundaci\u00f3n de la filial Azubiwerk Objektgesellschaft Wandsbek<\/summary>\n<p><br><strong>Betreibergesellschaft f\u00fcr das Wohnhaus in Hamburg-Wandsbek: Schlie\u00dft die Mietvertr\u00e4ge mit den Azubis ab | Zuwendungsempf\u00e4ngerin der FHH<\/strong><\/p>\n<\/details>\n\n\n\n<details class=\"wp-block-details is-layout-flow wp-block-details-is-layout-flow\" style=\"border-style:none;border-width:0px;padding-top:var(--wp--preset--spacing--20);padding-bottom:var(--wp--preset--spacing--20)\"><summary>2015: Fundaci\u00f3n de la empresa social Azubiwerk<\/summary>\n<p><br><strong>Organizaci\u00f3n y desarrollo de la labor educativa<\/strong><\/p>\n<\/details>\n\n\n\n<details class=\"wp-block-details is-layout-flow wp-block-details-is-layout-flow\" style=\"border-style:none;border-width:0px;padding-top:var(--wp--preset--spacing--20);padding-bottom:var(--wp--preset--spacing--20)\"><summary>2015: Fundaci\u00f3n de la filial Azubiwerk Objektgesellschaft Harburg<\/summary>\n<p><br><strong>Betreibergesellschaft f\u00fcr das Wohnhaus in Hamburg-Harburg<\/strong><\/p>\n<\/details>\n\n\n\n<details class=\"wp-block-details is-layout-flow wp-block-details-is-layout-flow\" style=\"border-style:none;border-width:0px;padding-top:var(--wp--preset--spacing--20);padding-bottom:var(--wp--preset--spacing--20)\"><summary>2016: Creaci\u00f3n de la fundaci\u00f3n sin \u00e1nimo de lucro Azubiwerk<\/summary>\n<p><\/p>\n<\/details>\n\n\n\n<details class=\"wp-block-details is-layout-flow wp-block-details-is-layout-flow\" style=\"border-style:none;border-width:0px;padding-top:var(--wp--preset--spacing--20);padding-bottom:var(--wp--preset--spacing--20)\"><summary>2016: Er\u00f6ffnung des ersten Wohnhauses in Hamburg-Wandsbek<\/summary>\n<p><br><strong>68 pisos con un total de 156 habitaciones | Oferta para menores y adultos en pr\u00e1cticas<\/strong><\/p>\n<\/details>\n\n\n\n<details class=\"wp-block-details is-layout-flow wp-block-details-is-layout-flow\" style=\"border-style:none;border-width:0px;padding-top:var(--wp--preset--spacing--20);padding-bottom:var(--wp--preset--spacing--20)\"><summary>2018: Fundaci\u00f3n de la filial Azubiwerk sociedad inmobiliaria M\u00fcnzviertel<\/summary>\n<p><br><strong>Betreibergesellschaft f\u00fcr das Wohnhaus Hamburg-M\u00fcnzviertel<\/strong><\/p>\n<\/details>\n\n\n\n<details class=\"wp-block-details is-layout-flow wp-block-details-is-layout-flow\" style=\"border-style:none;border-width:0px;padding-top:var(--wp--preset--spacing--20);padding-bottom:var(--wp--preset--spacing--20)\"><summary>2018: la empresa de desarrollo Azubiwerk comienza su andadura<\/summary>\n<p>Projektentwicklung von neuen Azubi-Wohnh\u00e4usern bis Bauvorbescheid<\/p>\n<\/details>\n\n\n\n<details class=\"wp-block-details is-layout-flow wp-block-details-is-layout-flow\" style=\"border-style:none;border-width:0px;padding-top:var(--wp--preset--spacing--20);padding-bottom:var(--wp--preset--spacing--20)\"><summary>2018: Baubeginn des Wohnhauses in Hamburg-Harburg<\/summary>\n<p><strong><br>92 pisos con un total de 191 habitaciones | Colocaci\u00f3n de la primera piedra: 29 de noviembre de 2018 | Ceremonia de remate: 22 de agosto de 2019<\/strong><\/p>\n<\/details>\n\n\n\n<details class=\"wp-block-details is-layout-flow wp-block-details-is-layout-flow\" style=\"border-style:none;border-width:0px;padding-top:var(--wp--preset--spacing--20);padding-bottom:var(--wp--preset--spacing--20)\"><summary>2020: Baubeginn des Wohnhauses in Hamburg-M\u00fcnzviertel<\/summary>\n<p><strong><br>99 pisos con un total de 209 habitaciones<\/strong><\/p>\n<\/details>\n\n\n\n<details class=\"wp-block-details is-layout-flow wp-block-details-is-layout-flow\" style=\"border-style:none;border-width:0px;padding-top:var(--wp--preset--spacing--20);padding-bottom:var(--wp--preset--spacing--20)\"><summary>2020: Apertura de la Azubiwerk Harburg<\/summary>\n<p><strong><br>92 pisos con un total de 191 habitaciones | Oferta para aprendices adultos<\/strong><\/p>\n<\/details>\n\n\n\n<details class=\"wp-block-details is-layout-flow wp-block-details-is-layout-flow\" style=\"border-style:none;border-width:0px;padding-top:var(--wp--preset--spacing--20);padding-bottom:var(--wp--preset--spacing--20)\"><summary>2022: Apertura de la Azubiwerk Hamburgo-M\u00fcnzviertel<\/summary>\n<p><strong><br>99 pisos con un total de 209 habitaciones | Oferta para adultos en pr\u00e1cticas<\/strong><\/p>\n<\/details>\n\n\n\n<details class=\"wp-block-details is-layout-flow wp-block-details-is-layout-flow\" style=\"border-style:none;border-width:0px;padding-top:var(--wp--preset--spacing--20);padding-bottom:var(--wp--preset--spacing--20)\"><summary>2023: Finalizaci\u00f3n de las viviendas sociales en Hamburgo-M\u00fcnzviertel<\/summary>\n<p><strong><br>15 pisos para 59 personas | Oferta para familias con PEP<\/strong><\/p>\n<\/details>\n\n\n\n<details class=\"wp-block-details is-layout-flow wp-block-details-is-layout-flow\" style=\"border-style:none;border-width:0px;padding-top:var(--wp--preset--spacing--20);padding-bottom:var(--wp--preset--spacing--20)\"><summary>2023: Baubeginn des Wohnhauses in Altona<\/summary>\n<p><strong><br><strong>70 Wohnungen mit insgesamt 145 Zimmern<\/strong><\/strong><\/p>\n<\/details>\n\n\n\n<details class=\"wp-block-details is-layout-flow wp-block-details-is-layout-flow\" style=\"border-style:none;border-width:0px;padding-top:var(--wp--preset--spacing--20);padding-bottom:var(--wp--preset--spacing--20)\"><summary>2024: Er\u00f6ffnung des Azubiwerks Altona<br> <\/summary>\n<p><strong>70 Wohnungen mit insgesamt 145 Zimmern | Angebot f\u00fcr vollj\u00e4hrige Azubis<br><\/strong><\/p>\n<\/details>\n<\/div><\/div>\n<\/div><\/div>\n\n\n\n<div class=\"wp-block-group\" style=\"padding-top:0;padding-right:0;padding-bottom:0;padding-left:0\"><div class=\"wp-block-group__inner-container is-layout-constrained wp-container-core-group-is-layout-c6b4b7cd wp-block-group-is-layout-constrained\">\n<div style=\"height:35px\" aria-hidden=\"true\" class=\"wp-block-spacer\"><\/div>\n\n\n\n<h2 class=\"wp-block-heading anchor\" id=\"team\">EQUIPO<\/h2>\n\n\n\n<p><\/p>\n\n\n\n<div class=\"wp-block-group alignwide team\"><div class=\"wp-block-group__inner-container is-layout-constrained wp-block-group-is-layout-constrained\">\n<div class=\"wp-block-group\"><div class=\"wp-block-group__inner-container is-layout-constrained wp-block-group-is-layout-constrained\">\n<div class=\"wp-block-columns is-layout-flex wp-container-core-columns-is-layout-ed5226f6 wp-block-columns-is-layout-flex\" style=\"padding-right:0;padding-left:0\">\n<div class=\"wp-block-column is-layout-flow wp-block-column-is-layout-flow\"><div class=\"wp-block-image\">\n<figure class=\"aligncenter size-full is-resized\"><img loading=\"lazy\" decoding=\"async\" width=\"512\" height=\"512\" src=\"https:\/\/azubiwerk-hamburg.de\/wp-content\/uploads\/2023\/11\/cropped-favicon.png\" alt=\"\" class=\"wp-image-19\" style=\"width:259px;height:auto\" srcset=\"https:\/\/azubiwerk-hamburg.de\/wp-content\/uploads\/2023\/11\/cropped-favicon.png 512w, https:\/\/azubiwerk-hamburg.de\/wp-content\/uploads\/2023\/11\/cropped-favicon-300x300.png 300w, https:\/\/azubiwerk-hamburg.de\/wp-content\/uploads\/2023\/11\/cropped-favicon-150x150.png 150w, https:\/\/azubiwerk-hamburg.de\/wp-content\/uploads\/2023\/11\/cropped-favicon-270x270.png 270w, https:\/\/azubiwerk-hamburg.de\/wp-content\/uploads\/2023\/11\/cropped-favicon-192x192.png 192w, https:\/\/azubiwerk-hamburg.de\/wp-content\/uploads\/2023\/11\/cropped-favicon-180x180.png 180w, https:\/\/azubiwerk-hamburg.de\/wp-content\/uploads\/2023\/11\/cropped-favicon-32x32.png 32w\" sizes=\"auto, (max-width: 512px) 100vw, 512px\" \/><figcaption class=\"wp-element-caption\"><strong>Olaf Schwede<\/strong><br><br>Presidente de la Fundaci\u00f3n<br><br><\/figcaption><\/figure>\n<\/div><\/div>\n\n\n\n<div class=\"wp-block-column is-layout-flow wp-block-column-is-layout-flow\"><div class=\"wp-block-image\">\n<figure class=\"aligncenter size-full is-resized\"><img loading=\"lazy\" decoding=\"async\" width=\"512\" height=\"512\" src=\"https:\/\/azubiwerk-hamburg.de\/wp-content\/uploads\/2023\/11\/cropped-favicon.png\" alt=\"\" class=\"wp-image-19\" style=\"width:259px;height:auto\" srcset=\"https:\/\/azubiwerk-hamburg.de\/wp-content\/uploads\/2023\/11\/cropped-favicon.png 512w, https:\/\/azubiwerk-hamburg.de\/wp-content\/uploads\/2023\/11\/cropped-favicon-300x300.png 300w, https:\/\/azubiwerk-hamburg.de\/wp-content\/uploads\/2023\/11\/cropped-favicon-150x150.png 150w, https:\/\/azubiwerk-hamburg.de\/wp-content\/uploads\/2023\/11\/cropped-favicon-270x270.png 270w, https:\/\/azubiwerk-hamburg.de\/wp-content\/uploads\/2023\/11\/cropped-favicon-192x192.png 192w, https:\/\/azubiwerk-hamburg.de\/wp-content\/uploads\/2023\/11\/cropped-favicon-180x180.png 180w, https:\/\/azubiwerk-hamburg.de\/wp-content\/uploads\/2023\/11\/cropped-favicon-32x32.png 32w\" sizes=\"auto, (max-width: 512px) 100vw, 512px\" \/><figcaption class=\"wp-element-caption\"><strong>Holm Moser<\/strong><br><br>Directores generales de las filiales<\/figcaption><\/figure>\n<\/div><\/div>\n\n\n\n<div class=\"wp-block-column is-layout-flow wp-block-column-is-layout-flow\"><div class=\"wp-block-image\">\n<figure class=\"aligncenter size-full is-resized\"><img loading=\"lazy\" decoding=\"async\" width=\"512\" height=\"512\" src=\"https:\/\/azubiwerk-hamburg.de\/wp-content\/uploads\/2023\/11\/cropped-favicon.png\" alt=\"\" class=\"wp-image-19\" style=\"width:259px;height:auto\" srcset=\"https:\/\/azubiwerk-hamburg.de\/wp-content\/uploads\/2023\/11\/cropped-favicon.png 512w, https:\/\/azubiwerk-hamburg.de\/wp-content\/uploads\/2023\/11\/cropped-favicon-300x300.png 300w, https:\/\/azubiwerk-hamburg.de\/wp-content\/uploads\/2023\/11\/cropped-favicon-150x150.png 150w, https:\/\/azubiwerk-hamburg.de\/wp-content\/uploads\/2023\/11\/cropped-favicon-270x270.png 270w, https:\/\/azubiwerk-hamburg.de\/wp-content\/uploads\/2023\/11\/cropped-favicon-192x192.png 192w, https:\/\/azubiwerk-hamburg.de\/wp-content\/uploads\/2023\/11\/cropped-favicon-180x180.png 180w, https:\/\/azubiwerk-hamburg.de\/wp-content\/uploads\/2023\/11\/cropped-favicon-32x32.png 32w\" sizes=\"auto, (max-width: 512px) 100vw, 512px\" \/><figcaption class=\"wp-element-caption\"><strong>Dirk Buttler<\/strong><br><br>Stellvertretender Vorstandsvorsitzender der Stiftung und Gesch\u00e4ftsf\u00fchrer der Tochtergesellschaften<\/figcaption><\/figure>\n<\/div><\/div>\n\n\n\n<div class=\"wp-block-column is-layout-flow wp-block-column-is-layout-flow\"><div class=\"wp-block-image\">\n<figure class=\"aligncenter size-full is-resized\"><img loading=\"lazy\" decoding=\"async\" width=\"512\" height=\"512\" src=\"https:\/\/azubiwerk-hamburg.de\/wp-content\/uploads\/2023\/11\/favicon.png\" alt=\"\" class=\"wp-image-18\" style=\"width:261px;height:auto\" srcset=\"https:\/\/azubiwerk-hamburg.de\/wp-content\/uploads\/2023\/11\/favicon.png 512w, https:\/\/azubiwerk-hamburg.de\/wp-content\/uploads\/2023\/11\/favicon-300x300.png 300w, https:\/\/azubiwerk-hamburg.de\/wp-content\/uploads\/2023\/11\/favicon-150x150.png 150w\" sizes=\"auto, (max-width: 512px) 100vw, 512px\" \/><figcaption class=\"wp-element-caption\"><strong>Jennifer Couzens<\/strong><br><br>Kaufm\u00e4nnische Leitung<\/figcaption><\/figure>\n<\/div><\/div>\n<\/div>\n<\/div><\/div>\n\n\n\n<div class=\"wp-block-columns are-vertically-aligned-center is-layout-flex wp-container-core-columns-is-layout-ed5226f6 wp-block-columns-is-layout-flex\" style=\"padding-right:0;padding-left:0\">\n<div class=\"wp-block-column is-vertically-aligned-center is-layout-flow wp-block-column-is-layout-flow\"><div class=\"wp-block-image\">\n<figure class=\"aligncenter size-full\"><img loading=\"lazy\" decoding=\"async\" width=\"512\" height=\"512\" src=\"https:\/\/azubiwerk-hamburg.de\/wp-content\/uploads\/2023\/11\/cropped-favicon.png\" alt=\"\" class=\"wp-image-19\" srcset=\"https:\/\/azubiwerk-hamburg.de\/wp-content\/uploads\/2023\/11\/cropped-favicon.png 512w, https:\/\/azubiwerk-hamburg.de\/wp-content\/uploads\/2023\/11\/cropped-favicon-300x300.png 300w, https:\/\/azubiwerk-hamburg.de\/wp-content\/uploads\/2023\/11\/cropped-favicon-150x150.png 150w, https:\/\/azubiwerk-hamburg.de\/wp-content\/uploads\/2023\/11\/cropped-favicon-270x270.png 270w, https:\/\/azubiwerk-hamburg.de\/wp-content\/uploads\/2023\/11\/cropped-favicon-192x192.png 192w, https:\/\/azubiwerk-hamburg.de\/wp-content\/uploads\/2023\/11\/cropped-favicon-180x180.png 180w, https:\/\/azubiwerk-hamburg.de\/wp-content\/uploads\/2023\/11\/cropped-favicon-32x32.png 32w\" sizes=\"auto, (max-width: 512px) 100vw, 512px\" \/><figcaption class=\"wp-element-caption\"><strong>Equipo de recepci\u00f3n - Wandsbek<\/strong><br><br>Tel\u00e9fono: 040 6077144-70<br>E-Mail: empfang-wandsbek@azubiwerk-hamburg.de<\/figcaption><\/figure>\n<\/div><\/div>\n\n\n\n<div class=\"wp-block-column is-vertically-aligned-top is-layout-flow wp-block-column-is-layout-flow\"><div class=\"wp-block-image\">\n<figure class=\"aligncenter size-full\"><img loading=\"lazy\" decoding=\"async\" width=\"512\" height=\"512\" src=\"https:\/\/azubiwerk-hamburg.de\/wp-content\/uploads\/2023\/11\/cropped-favicon.png\" alt=\"\" class=\"wp-image-19\" srcset=\"https:\/\/azubiwerk-hamburg.de\/wp-content\/uploads\/2023\/11\/cropped-favicon.png 512w, https:\/\/azubiwerk-hamburg.de\/wp-content\/uploads\/2023\/11\/cropped-favicon-300x300.png 300w, https:\/\/azubiwerk-hamburg.de\/wp-content\/uploads\/2023\/11\/cropped-favicon-150x150.png 150w, https:\/\/azubiwerk-hamburg.de\/wp-content\/uploads\/2023\/11\/cropped-favicon-270x270.png 270w, https:\/\/azubiwerk-hamburg.de\/wp-content\/uploads\/2023\/11\/cropped-favicon-192x192.png 192w, https:\/\/azubiwerk-hamburg.de\/wp-content\/uploads\/2023\/11\/cropped-favicon-180x180.png 180w, https:\/\/azubiwerk-hamburg.de\/wp-content\/uploads\/2023\/11\/cropped-favicon-32x32.png 32w\" sizes=\"auto, (max-width: 512px) 100vw, 512px\" \/><figcaption class=\"wp-element-caption\"><strong>Team Empfang &#8211; <\/strong><br><strong>Harburg<\/strong><br><br>Tel\u00e9fono: 040 883609-490<br>E-Mail: empfang-harburg @azubiwerk-hamburg.de<\/figcaption><\/figure>\n<\/div><\/div>\n\n\n\n<div class=\"wp-block-column is-vertically-aligned-center is-layout-flow wp-block-column-is-layout-flow\"><div class=\"wp-block-image\">\n<figure class=\"aligncenter size-full\"><img loading=\"lazy\" decoding=\"async\" width=\"512\" height=\"512\" src=\"https:\/\/azubiwerk-hamburg.de\/wp-content\/uploads\/2023\/11\/cropped-favicon.png\" alt=\"\" class=\"wp-image-19\" srcset=\"https:\/\/azubiwerk-hamburg.de\/wp-content\/uploads\/2023\/11\/cropped-favicon.png 512w, https:\/\/azubiwerk-hamburg.de\/wp-content\/uploads\/2023\/11\/cropped-favicon-300x300.png 300w, https:\/\/azubiwerk-hamburg.de\/wp-content\/uploads\/2023\/11\/cropped-favicon-150x150.png 150w, https:\/\/azubiwerk-hamburg.de\/wp-content\/uploads\/2023\/11\/cropped-favicon-270x270.png 270w, https:\/\/azubiwerk-hamburg.de\/wp-content\/uploads\/2023\/11\/cropped-favicon-192x192.png 192w, https:\/\/azubiwerk-hamburg.de\/wp-content\/uploads\/2023\/11\/cropped-favicon-180x180.png 180w, https:\/\/azubiwerk-hamburg.de\/wp-content\/uploads\/2023\/11\/cropped-favicon-32x32.png 32w\" sizes=\"auto, (max-width: 512px) 100vw, 512px\" \/><figcaption class=\"wp-element-caption\"><strong>Recepci\u00f3n de equipos - M\u00fcnzviertel<\/strong><br><br>Tel\u00e9fono: 040 883609-290<br>E-Mail: empfang-muenzviertel@azubiwerk-hamburg.de<\/figcaption><\/figure>\n<\/div><\/div>\n\n\n\n<div class=\"wp-block-column is-vertically-aligned-center is-layout-flow wp-block-column-is-layout-flow\"><div class=\"wp-block-image\">\n<figure class=\"aligncenter size-full\"><img loading=\"lazy\" decoding=\"async\" width=\"512\" height=\"512\" src=\"https:\/\/azubiwerk-hamburg.de\/wp-content\/uploads\/2023\/11\/favicon.png\" alt=\"\" class=\"wp-image-18\" srcset=\"https:\/\/azubiwerk-hamburg.de\/wp-content\/uploads\/2023\/11\/favicon.png 512w, https:\/\/azubiwerk-hamburg.de\/wp-content\/uploads\/2023\/11\/favicon-300x300.png 300w, https:\/\/azubiwerk-hamburg.de\/wp-content\/uploads\/2023\/11\/favicon-150x150.png 150w\" sizes=\"auto, (max-width: 512px) 100vw, 512px\" \/><figcaption class=\"wp-element-caption\"><strong>Team Empfang &#8211;<br>Altona<\/strong><br><br>Tel.: 040 883609-<br>E-Mail: empfang-altona@azubiwerk-hamburg.de<\/figcaption><\/figure>\n<\/div><\/div>\n<\/div>\n\n\n\n<div class=\"wp-block-columns is-layout-flex wp-container-core-columns-is-layout-ed5226f6 wp-block-columns-is-layout-flex\" style=\"padding-right:0;padding-left:0\">\n<div class=\"wp-block-column is-vertically-aligned-center is-layout-flow wp-block-column-is-layout-flow\"><div class=\"wp-block-image\">\n<figure class=\"aligncenter size-full\"><img loading=\"lazy\" decoding=\"async\" width=\"512\" height=\"512\" src=\"https:\/\/azubiwerk-hamburg.de\/wp-content\/uploads\/2023\/11\/cropped-favicon.png\" alt=\"\" class=\"wp-image-19\" srcset=\"https:\/\/azubiwerk-hamburg.de\/wp-content\/uploads\/2023\/11\/cropped-favicon.png 512w, https:\/\/azubiwerk-hamburg.de\/wp-content\/uploads\/2023\/11\/cropped-favicon-300x300.png 300w, https:\/\/azubiwerk-hamburg.de\/wp-content\/uploads\/2023\/11\/cropped-favicon-150x150.png 150w, https:\/\/azubiwerk-hamburg.de\/wp-content\/uploads\/2023\/11\/cropped-favicon-270x270.png 270w, https:\/\/azubiwerk-hamburg.de\/wp-content\/uploads\/2023\/11\/cropped-favicon-192x192.png 192w, https:\/\/azubiwerk-hamburg.de\/wp-content\/uploads\/2023\/11\/cropped-favicon-180x180.png 180w, https:\/\/azubiwerk-hamburg.de\/wp-content\/uploads\/2023\/11\/cropped-favicon-32x32.png 32w\" sizes=\"auto, (max-width: 512px) 100vw, 512px\" \/><figcaption class=\"wp-element-caption\"><strong>Gesti\u00f3n pedag\u00f3gica<\/strong><br><br>E-Mail: paedagogik@azubiwerk-hamburg.de<\/figcaption><\/figure>\n<\/div><\/div>\n\n\n\n<div class=\"wp-block-column is-vertically-aligned-top is-layout-flow wp-block-column-is-layout-flow\"><div class=\"wp-block-image\">\n<figure class=\"aligncenter size-full\"><img loading=\"lazy\" decoding=\"async\" width=\"512\" height=\"512\" src=\"https:\/\/azubiwerk-hamburg.de\/wp-content\/uploads\/2023\/11\/cropped-favicon.png\" alt=\"\" class=\"wp-image-19\" srcset=\"https:\/\/azubiwerk-hamburg.de\/wp-content\/uploads\/2023\/11\/cropped-favicon.png 512w, https:\/\/azubiwerk-hamburg.de\/wp-content\/uploads\/2023\/11\/cropped-favicon-300x300.png 300w, https:\/\/azubiwerk-hamburg.de\/wp-content\/uploads\/2023\/11\/cropped-favicon-150x150.png 150w, https:\/\/azubiwerk-hamburg.de\/wp-content\/uploads\/2023\/11\/cropped-favicon-270x270.png 270w, https:\/\/azubiwerk-hamburg.de\/wp-content\/uploads\/2023\/11\/cropped-favicon-192x192.png 192w, https:\/\/azubiwerk-hamburg.de\/wp-content\/uploads\/2023\/11\/cropped-favicon-180x180.png 180w, https:\/\/azubiwerk-hamburg.de\/wp-content\/uploads\/2023\/11\/cropped-favicon-32x32.png 32w\" sizes=\"auto, (max-width: 512px) 100vw, 512px\" \/><figcaption class=\"wp-element-caption\"><strong>Maike Wenzel<\/strong><br><br>Gesti\u00f3n pedag\u00f3gica&nbsp;<br><br><\/figcaption><\/figure>\n<\/div><\/div>\n\n\n\n<div class=\"wp-block-column is-vertically-aligned-top is-layout-flow wp-block-column-is-layout-flow\"><div class=\"wp-block-image\">\n<figure class=\"aligncenter size-full is-resized\"><img loading=\"lazy\" decoding=\"async\" width=\"512\" height=\"512\" src=\"https:\/\/azubiwerk-hamburg.de\/wp-content\/uploads\/2023\/11\/cropped-favicon.png\" alt=\"\" class=\"wp-image-19\" style=\"width:259px;height:auto\" srcset=\"https:\/\/azubiwerk-hamburg.de\/wp-content\/uploads\/2023\/11\/cropped-favicon.png 512w, https:\/\/azubiwerk-hamburg.de\/wp-content\/uploads\/2023\/11\/cropped-favicon-300x300.png 300w, https:\/\/azubiwerk-hamburg.de\/wp-content\/uploads\/2023\/11\/cropped-favicon-150x150.png 150w, https:\/\/azubiwerk-hamburg.de\/wp-content\/uploads\/2023\/11\/cropped-favicon-270x270.png 270w, https:\/\/azubiwerk-hamburg.de\/wp-content\/uploads\/2023\/11\/cropped-favicon-192x192.png 192w, https:\/\/azubiwerk-hamburg.de\/wp-content\/uploads\/2023\/11\/cropped-favicon-180x180.png 180w, https:\/\/azubiwerk-hamburg.de\/wp-content\/uploads\/2023\/11\/cropped-favicon-32x32.png 32w\" sizes=\"auto, (max-width: 512px) 100vw, 512px\" \/><\/figure>\n<\/div><\/div>\n\n\n\n<div class=\"wp-block-column is-vertically-aligned-top is-layout-flow wp-block-column-is-layout-flow\"><div class=\"wp-block-image\">\n<figure class=\"aligncenter size-full is-resized\"><img loading=\"lazy\" decoding=\"async\" width=\"512\" height=\"512\" src=\"https:\/\/azubiwerk-hamburg.de\/wp-content\/uploads\/2023\/11\/favicon.png\" alt=\"\" class=\"wp-image-18\" style=\"width:261px;height:auto\" srcset=\"https:\/\/azubiwerk-hamburg.de\/wp-content\/uploads\/2023\/11\/favicon.png 512w, https:\/\/azubiwerk-hamburg.de\/wp-content\/uploads\/2023\/11\/favicon-300x300.png 300w, https:\/\/azubiwerk-hamburg.de\/wp-content\/uploads\/2023\/11\/favicon-150x150.png 150w\" sizes=\"auto, (max-width: 512px) 100vw, 512px\" \/><\/figure>\n<\/div><\/div>\n<\/div>\n\n\n\n<p><\/p>\n<\/div><\/div>\n<\/div><\/div>\n\n\n\n<div class=\"wp-block-group has-nv-text-dark-bg-color has-neve-link-color-background-color has-text-color has-background has-link-color wp-elements-27d163bd86106f266bf8c2f5e0ece6c4\" style=\"padding-top:var(--wp--preset--spacing--50);padding-right:var(--wp--preset--spacing--50);padding-bottom:var(--wp--preset--spacing--50);padding-left:var(--wp--preset--spacing--50)\"><div class=\"wp-block-group__inner-container is-layout-constrained wp-container-core-group-is-layout-1c1b4f74 wp-block-group-is-layout-constrained\">\n<h2 class=\"wp-block-heading anchor\" id=\"presse\">PRENSA<\/h2>\n\n\n\n<p class=\"has-nv-text-dark-bg-color has-text-color has-link-color wp-elements-3a6f4bbd33c0137b4533ed1fa323f9fe\">Env\u00ede su solicitud de informaci\u00f3n a <a href=\"https:\/\/form.jotform.com\/240023757605048\" target=\"_blank\" rel=\"noreferrer noopener\">Formulario de contacto<\/a> a nosotros.<\/p>\n\n\n\n<h4 class=\"wp-block-heading\">Comunicados de prensa actuales<\/h4>\n\n\n\n<div class=\"wp-block-columns is-layout-flex wp-container-core-columns-is-layout-9d6595d7 wp-block-columns-is-layout-flex\">\n<div class=\"wp-block-column is-vertically-aligned-center is-layout-flow wp-block-column-is-layout-flow\" style=\"flex-basis:100%\">\n<figure class=\"wp-block-gallery aligncenter has-nested-images columns-5 pressemitteilungen wp-block-gallery-1 is-layout-flex wp-block-gallery-is-layout-flex\" style=\"padding-top:var(--wp--preset--spacing--50);padding-right:0;padding-bottom:var(--wp--preset--spacing--50);padding-left:0\">\n<figure class=\"wp-block-image size-full is-style-rounded padding1_5\"><a href=\"https:\/\/www.sat1regional.de\/richtfest-fuer-azubi-appartements-in-hamburg\/\" target=\"_blank\" rel=\"noreferrer noopener\"><img loading=\"lazy\" decoding=\"async\" width=\"250\" height=\"250\" data-id=\"1976\" src=\"https:\/\/azubiwerk-hamburg.de\/wp-content\/uploads\/2024\/02\/play_button-invert.png\" alt=\"\" class=\"wp-image-1976\" srcset=\"https:\/\/azubiwerk-hamburg.de\/wp-content\/uploads\/2024\/02\/play_button-invert.png 250w, https:\/\/azubiwerk-hamburg.de\/wp-content\/uploads\/2024\/02\/play_button-invert-150x150.png 150w, https:\/\/azubiwerk-hamburg.de\/wp-content\/uploads\/2024\/02\/play_button-invert-12x12.png 12w\" sizes=\"auto, (max-width: 250px) 100vw, 250px\" \/><\/a><figcaption class=\"wp-element-caption\">Ceremonia de remate de los pisos de pr\u00e1cticas de Altona<\/figcaption><\/figure>\n\n\n\n<figure class=\"wp-block-image size-full is-style-rounded padding1_5\"><a href=\"https:\/\/azubiwerk-hamburg.de\/wp-content\/uploads\/2024\/02\/hamburg_journal_richtfest_altona.mp4\" target=\"_blank\" rel=\"noreferrer noopener\"><img loading=\"lazy\" decoding=\"async\" width=\"250\" height=\"250\" data-id=\"1976\" src=\"https:\/\/azubiwerk-hamburg.de\/wp-content\/uploads\/2024\/02\/play_button-invert.png\" alt=\"\" class=\"wp-image-1976\" srcset=\"https:\/\/azubiwerk-hamburg.de\/wp-content\/uploads\/2024\/02\/play_button-invert.png 250w, https:\/\/azubiwerk-hamburg.de\/wp-content\/uploads\/2024\/02\/play_button-invert-150x150.png 150w, https:\/\/azubiwerk-hamburg.de\/wp-content\/uploads\/2024\/02\/play_button-invert-12x12.png 12w\" sizes=\"auto, (max-width: 250px) 100vw, 250px\" \/><\/a><figcaption class=\"wp-element-caption\">Hamburg Journal - Ceremonia de descorche Azubiwerk Altona<\/figcaption><\/figure>\n\n\n\n<figure class=\"wp-block-image size-full has-custom-border is-style-rounded padding1_5\"><a href=\"https:\/\/azubiwerk-hamburg.de\/wp-content\/uploads\/2024\/02\/Pressemitteilung_Grundsteinlegung_Harburg.pdf\" target=\"_blank\" rel=\"noreferrer noopener\"><img loading=\"lazy\" decoding=\"async\" width=\"250\" height=\"250\" data-id=\"1735\" src=\"https:\/\/azubiwerk-hamburg.de\/wp-content\/uploads\/2024\/02\/document.png\" alt=\"\" class=\"wp-image-1735\" style=\"border-style:none;border-width:0px;border-radius:0px\" srcset=\"https:\/\/azubiwerk-hamburg.de\/wp-content\/uploads\/2024\/02\/document.png 250w, https:\/\/azubiwerk-hamburg.de\/wp-content\/uploads\/2024\/02\/document-150x150.png 150w, https:\/\/azubiwerk-hamburg.de\/wp-content\/uploads\/2024\/02\/document-12x12.png 12w\" sizes=\"auto, (max-width: 250px) 100vw, 250px\" \/><\/a><figcaption class=\"wp-element-caption\">Colocaci\u00f3n de la primera piedra Azubiwerk Harburg<\/figcaption><\/figure>\n\n\n\n<figure class=\"wp-block-image size-full is-style-rounded padding1_5\"><a href=\"https:\/\/azubiwerk-hamburg.de\/wp-content\/uploads\/2024\/02\/PM-Richtfest-Azubiwerk-Harburg.pdf\" target=\"_blank\" rel=\"noreferrer noopener\"><img loading=\"lazy\" decoding=\"async\" width=\"250\" height=\"250\" data-id=\"1735\" src=\"https:\/\/azubiwerk-hamburg.de\/wp-content\/uploads\/2024\/02\/document.png\" alt=\"\" class=\"wp-image-1735\" srcset=\"https:\/\/azubiwerk-hamburg.de\/wp-content\/uploads\/2024\/02\/document.png 250w, https:\/\/azubiwerk-hamburg.de\/wp-content\/uploads\/2024\/02\/document-150x150.png 150w, https:\/\/azubiwerk-hamburg.de\/wp-content\/uploads\/2024\/02\/document-12x12.png 12w\" sizes=\"auto, (max-width: 250px) 100vw, 250px\" \/><\/a><figcaption class=\"wp-element-caption\">Ceremonia de remate Azubiwerk Harburg<\/figcaption><\/figure>\n\n\n\n<figure class=\"wp-block-image size-full is-style-rounded padding1_5\"><a href=\"https:\/\/azubiwerk-hamburg.de\/wp-content\/uploads\/2024\/02\/PM_Eroeffnung-des-Azubiwerks-Harburg.pdf\" target=\"_blank\" rel=\"noreferrer noopener\"><img loading=\"lazy\" decoding=\"async\" width=\"250\" height=\"250\" data-id=\"1735\" src=\"https:\/\/azubiwerk-hamburg.de\/wp-content\/uploads\/2024\/02\/document.png\" alt=\"\" class=\"wp-image-1735\" srcset=\"https:\/\/azubiwerk-hamburg.de\/wp-content\/uploads\/2024\/02\/document.png 250w, https:\/\/azubiwerk-hamburg.de\/wp-content\/uploads\/2024\/02\/document-150x150.png 150w, https:\/\/azubiwerk-hamburg.de\/wp-content\/uploads\/2024\/02\/document-12x12.png 12w\" sizes=\"auto, (max-width: 250px) 100vw, 250px\" \/><\/a><figcaption class=\"wp-element-caption\">Apertura Azubiwerk Harburg<\/figcaption><\/figure>\n<\/figure>\n<\/div>\n<\/div>\n<\/div><\/div>\n\n\n\n<div style=\"height:50px\" aria-hidden=\"true\" class=\"wp-block-spacer\"><\/div>\n\n\n\n<div class=\"wp-block-group\" style=\"padding-top:0;padding-right:0;padding-bottom:0;padding-left:0\"><div class=\"wp-block-group__inner-container is-layout-constrained wp-container-core-group-is-layout-c6b4b7cd wp-block-group-is-layout-constrained\">\n<h2 class=\"wp-block-heading anchor\" id=\"unternehmenskooperationen\">COOPERACIONES EMPRESARIALES<\/h2>\n\n\n\n<p>Cada vez m\u00e1s empresas se enfrentan a problemas de contrataci\u00f3n. La escasez de viviendas en muchas metr\u00f3polis se est\u00e1 convirtiendo cada vez m\u00e1s en un criterio para no iniciar all\u00ed un aprendizaje. Adem\u00e1s, cada vez son m\u00e1s los retos a los que tienen que enfrentarse los aprendices durante su formaci\u00f3n. Por eso no s\u00f3lo ofrecemos viviendas asequibles, sino tambi\u00e9n el apoyo que los j\u00f3venes puedan necesitar durante su formaci\u00f3n.<\/p>\n\n\n\n<p>Nuestro equipo pedag\u00f3gico apoya a los aprendices en su camino hacia una vida independiente bajo la premisa de \"acompa\u00f1ar en lugar de supervisar\". As\u00ed tienen m\u00e1s tiempo para concentrarse en su formaci\u00f3n.<\/p>\n\n\n\n<p>El equipo educativo est\u00e1 in situ 7 d\u00edas a la semana. La financiaci\u00f3n se realiza en parte mediante donaciones deducibles de impuestos del grupo de apoyo Azubiwerk. Como miembro del grupo de apoyo, puede apoyar econ\u00f3micamente a la Fundaci\u00f3n Azubiwerk con una cuota mensual y contribuir as\u00ed a mejorar la situaci\u00f3n social de los becarios. Convertirse en miembro del grupo de apoyo es f\u00e1cil: env\u00ede una solicitud a trav\u00e9s del enlace <a href=\"https:\/\/form.jotform.com\/240023757605048\" data-type=\"link\" data-id=\"https:\/\/form.jotform.com\/240023757605048\" target=\"_blank\" rel=\"noreferrer noopener\">Formulario de contacto<\/a> . La afiliaci\u00f3n puede cancelarse mensualmente. Recibir\u00e1 un recibo de donativos anual por las cuotas abonadas de conformidad con el art\u00edculo 50, apartado 1, del EStDV. A continuaci\u00f3n, podr\u00e1 reclamar los donativos en su declaraci\u00f3n de la renta.<\/p>\n\n\n\n<p>La Stiftung Auszubildendenwerk est\u00e1 reconocida como organizaci\u00f3n sin \u00e1nimo de lucro en el \u00e1mbito de la asistencia a la juventud por la Oficina Tributaria de Hamburgo Norte con el n\u00famero de identificaci\u00f3n fiscal 17\/415\/02190, de conformidad con el art\u00edculo 52 (2) frase 1 n\u00ba (n) 4 AO.<\/p>\n\n\n\n<p>Nuestra oferta encuentra cada vez m\u00e1s partidarios. Las empresas se benefician del alojamiento de bajo coste in situ, ya que esto les permite contratar candidatos independientemente de d\u00f3nde vivan. En el marco de una cooperaci\u00f3n con Azubiwerk, las empresas de formaci\u00f3n pueden colaborar con nosotros para mejorar la situaci\u00f3n social de los aprendices y aumentar a\u00fan m\u00e1s el atractivo de la formaci\u00f3n profesional.&nbsp;<\/p>\n\n\n\n<p>P\u00f3ngase en contacto con nosotros sobre esta posibilidad a trav\u00e9s de nuestro <a href=\"https:\/\/form.jotform.com\/240023757605048\" data-type=\"link\" data-id=\"https:\/\/form.jotform.com\/240023757605048\" target=\"_blank\" rel=\"noreferrer noopener\">Formulario de contacto<\/a> a.<\/p>\n<\/div><\/div>","protected":false},"excerpt":{"rendered":"<p>ACERCA DE NOSOTROS Fundaci\u00f3n Azubiwerk La Fundaci\u00f3n Azubiwerk, sin \u00e1nimo de lucro, crea viviendas asequibles y tambi\u00e9n ofrece apoyo educativo, as\u00ed como asesoramiento espec\u00edfico para grupos destinatarios de bajo umbral y servicios de apoyo para aprendices, fiel al lema: \"Algo m\u00e1s que viviendas asequibles para aprendices\". Para los j\u00f3venes que siguen una formaci\u00f3n profesional, apenas es posible vivir cerca del lugar de formaci\u00f3n. Sobre todo...&nbsp;<a href=\"https:\/\/azubiwerk-hamburg.de\/es\/stiftung\/\" rel=\"bookmark\">M\u00c1S<span class=\"screen-reader-text\">Fundaci\u00f3n<\/span><\/a><\/p>","protected":false},"author":4,"featured_media":0,"parent":0,"menu_order":0,"comment_status":"closed","ping_status":"closed","template":"","meta":{"neve_meta_sidebar":"","neve_meta_container":"","neve_meta_enable_content_width":"","neve_meta_content_width":0,"neve_meta_title_alignment":"","neve_meta_author_avatar":"","neve_post_elements_order":"","neve_meta_disable_header":"","neve_meta_disable_footer":"","neve_meta_disable_title":"","neve_meta_reading_time":"","footnotes":""},"class_list":["post-57","page","type-page","status-publish","hentry"],"_links":{"self":[{"href":"https:\/\/azubiwerk-hamburg.de\/es\/wp-json\/wp\/v2\/pages\/57","targetHints":{"allow":["GET"]}}],"collection":[{"href":"https:\/\/azubiwerk-hamburg.de\/es\/wp-json\/wp\/v2\/pages"}],"about":[{"href":"https:\/\/azubiwerk-hamburg.de\/es\/wp-json\/wp\/v2\/types\/page"}],"author":[{"embeddable":true,"href":"https:\/\/azubiwerk-hamburg.de\/es\/wp-json\/wp\/v2\/users\/4"}],"replies":[{"embeddable":true,"href":"https:\/\/azubiwerk-hamburg.de\/es\/wp-json\/wp\/v2\/comments?post=57"}],"version-history":[{"count":88,"href":"https:\/\/azubiwerk-hamburg.de\/es\/wp-json\/wp\/v2\/pages\/57\/revisions"}],"predecessor-version":[{"id":2734,"href":"https:\/\/azubiwerk-hamburg.de\/es\/wp-json\/wp\/v2\/pages\/57\/revisions\/2734"}],"wp:attachment":[{"href":"https:\/\/azubiwerk-hamburg.de\/es\/wp-json\/wp\/v2\/media?parent=57"}],"curies":[{"name":"wp","href":"https:\/\/api.w.org\/{rel}","templated":true}]}}