{"id":169,"date":"2023-11-21T15:58:14","date_gmt":"2023-11-21T14:58:14","guid":{"rendered":"https:\/\/azubiwerk.de\/?page_id=169"},"modified":"2026-04-13T11:36:49","modified_gmt":"2026-04-13T09:36:49","slug":"home","status":"publish","type":"page","link":"https:\/\/azubiwerk-hamburg.de\/es\/","title":{"rendered":"Inicio"},"content":{"rendered":"<div class=\"wp-block-group background-gradient1 has-neve-link-color-background-color has-background has-x-large-font-size\"><div class=\"wp-block-group__inner-container is-layout-constrained wp-block-group-is-layout-constrained\">\n<figure class=\"wp-block-gallery has-nested-images columns-4 is-cropped width85 wp-block-gallery-1 is-layout-flex wp-block-gallery-is-layout-flex\" style=\"padding-top:var(--wp--preset--spacing--70);padding-right:var(--wp--preset--spacing--30);padding-bottom:var(--wp--preset--spacing--70);padding-left:var(--wp--preset--spacing--30)\">\n<figure class=\"wp-block-image size-full has-custom-border padding1_5 is-style-rounded\"><a href=\"https:\/\/azubiwerk-hamburg.de\/es\/zimmer\/\"><img loading=\"lazy\" decoding=\"async\" width=\"2560\" height=\"1707\" data-id=\"1226\" src=\"https:\/\/azubiwerk-hamburg.de\/wp-content\/uploads\/2024\/01\/IMG_3074-2-scaled.jpg\" alt=\"\" class=\"wp-image-1226\" style=\"border-style:none;border-width:0px\" srcset=\"https:\/\/azubiwerk-hamburg.de\/wp-content\/uploads\/2024\/01\/IMG_3074-2-scaled.jpg 2560w, https:\/\/azubiwerk-hamburg.de\/wp-content\/uploads\/2024\/01\/IMG_3074-2-300x200.jpg 300w, https:\/\/azubiwerk-hamburg.de\/wp-content\/uploads\/2024\/01\/IMG_3074-2-1024x683.jpg 1024w, https:\/\/azubiwerk-hamburg.de\/wp-content\/uploads\/2024\/01\/IMG_3074-2-768x512.jpg 768w, https:\/\/azubiwerk-hamburg.de\/wp-content\/uploads\/2024\/01\/IMG_3074-2-1536x1024.jpg 1536w, https:\/\/azubiwerk-hamburg.de\/wp-content\/uploads\/2024\/01\/IMG_3074-2-2048x1365.jpg 2048w, https:\/\/azubiwerk-hamburg.de\/wp-content\/uploads\/2024\/01\/IMG_3074-2-18x12.jpg 18w, https:\/\/azubiwerk-hamburg.de\/wp-content\/uploads\/2024\/01\/IMG_3074-2-930x620.jpg 930w\" sizes=\"auto, (max-width: 2560px) 100vw, 2560px\" \/><\/a><figcaption class=\"wp-element-caption\">Zimmer\u00fcbersicht<\/figcaption><\/figure>\n\n\n\n<figure class=\"wp-block-image size-full padding1_5 is-style-rounded\"><a href=\"https:\/\/azubiwerk-hamburg.de\/es\/#standorte\"><img loading=\"lazy\" decoding=\"async\" width=\"985\" height=\"945\" data-id=\"1169\" src=\"https:\/\/azubiwerk-hamburg.de\/wp-content\/uploads\/2023\/12\/standorte.png\" alt=\"\" class=\"wp-image-1169\" srcset=\"https:\/\/azubiwerk-hamburg.de\/wp-content\/uploads\/2023\/12\/standorte.png 985w, https:\/\/azubiwerk-hamburg.de\/wp-content\/uploads\/2023\/12\/standorte-300x288.png 300w, https:\/\/azubiwerk-hamburg.de\/wp-content\/uploads\/2023\/12\/standorte-768x737.png 768w, https:\/\/azubiwerk-hamburg.de\/wp-content\/uploads\/2023\/12\/standorte-13x12.png 13w\" sizes=\"auto, (max-width: 985px) 100vw, 985px\" \/><\/a><figcaption class=\"wp-element-caption\">Ubicaciones<\/figcaption><\/figure>\n\n\n\n<figure class=\"wp-block-image size-full padding1_5 is-style-rounded\"><a href=\"\/es\/#fragen-antworten\"><img loading=\"lazy\" decoding=\"async\" width=\"1000\" height=\"1000\" data-id=\"2004\" src=\"https:\/\/azubiwerk-hamburg.de\/wp-content\/uploads\/2024\/03\/empfang.jpg\" alt=\"\" class=\"wp-image-2004\" srcset=\"https:\/\/azubiwerk-hamburg.de\/wp-content\/uploads\/2024\/03\/empfang.jpg 1000w, https:\/\/azubiwerk-hamburg.de\/wp-content\/uploads\/2024\/03\/empfang-300x300.jpg 300w, https:\/\/azubiwerk-hamburg.de\/wp-content\/uploads\/2024\/03\/empfang-150x150.jpg 150w, https:\/\/azubiwerk-hamburg.de\/wp-content\/uploads\/2024\/03\/empfang-768x768.jpg 768w, https:\/\/azubiwerk-hamburg.de\/wp-content\/uploads\/2024\/03\/empfang-12x12.jpg 12w\" sizes=\"auto, (max-width: 1000px) 100vw, 1000px\" \/><\/a><figcaption class=\"wp-element-caption\">Fragen<\/figcaption><\/figure>\n\n\n\n<figure class=\"wp-block-image size-full padding1_5 is-style-rounded\"><a href=\"\/es\/stiftung\/\"><img loading=\"lazy\" decoding=\"async\" width=\"800\" height=\"800\" data-id=\"1872\" src=\"https:\/\/azubiwerk-hamburg.de\/wp-content\/uploads\/2024\/02\/muenzviertel_quadrat.jpg\" alt=\"\" class=\"wp-image-1872\" srcset=\"https:\/\/azubiwerk-hamburg.de\/wp-content\/uploads\/2024\/02\/muenzviertel_quadrat.jpg 800w, https:\/\/azubiwerk-hamburg.de\/wp-content\/uploads\/2024\/02\/muenzviertel_quadrat-300x300.jpg 300w, https:\/\/azubiwerk-hamburg.de\/wp-content\/uploads\/2024\/02\/muenzviertel_quadrat-150x150.jpg 150w, https:\/\/azubiwerk-hamburg.de\/wp-content\/uploads\/2024\/02\/muenzviertel_quadrat-768x768.jpg 768w, https:\/\/azubiwerk-hamburg.de\/wp-content\/uploads\/2024\/02\/muenzviertel_quadrat-12x12.jpg 12w\" sizes=\"auto, (max-width: 800px) 100vw, 800px\" \/><\/a><figcaption class=\"wp-element-caption\">Fundaci\u00f3n<\/figcaption><\/figure>\n<\/figure>\n<\/div><\/div>\n\n\n\n<div class=\"wp-block-group padding2_5 background-gradient2 has-nv-c-1-background-color has-background has-small-font-size\"><div class=\"wp-block-group__inner-container is-layout-constrained wp-block-group-is-layout-constrained\">\n<div class=\"wp-block-buttons alignwide is-vertical is-content-justification-center is-layout-flex wp-container-core-buttons-is-layout-9a7cdcfd wp-block-buttons-is-layout-flex\">\n<div class=\"wp-block-button has-custom-width wp-block-button__width-50 is-style-primary\"><a class=\"wp-block-button__link wp-element-button\" href=\"https:\/\/form.jotform.com\/250853443242352\" target=\"_blank\" rel=\"noreferrer noopener\">Zum Bewerbungsformular<\/a><\/div>\n\n\n\n<div class=\"wp-block-button has-custom-width wp-block-button__width-50 is-style-primary\"><a class=\"wp-block-button__link wp-element-button\" href=\"http:\/\/google.com\/url?sa=j&amp;url=https%3A%2F%2Fform.jotform.com%2F252793379216063&amp;uct=1740382932&amp;usg=grw1ObF8L9j9qqOVXL5e9WpeXwg.&amp;opi=73833047&amp;source=chat\" target=\"_blank\" rel=\"noreferrer noopener\">Zum Formular Belegungsverfahren (nur Wandsbek)<\/a><\/div>\n\n\n\n<div class=\"wp-block-button has-custom-width wp-block-button__width-25 is-style-primary\" id=\"weiter\"><a class=\"wp-block-button__link has-medium-font-size has-custom-font-size wp-element-button\" href=\"\/es\/#weiter\" style=\"padding-top:var(--wp--preset--spacing--20);padding-right:0;padding-bottom:var(--wp--preset--spacing--20);padding-left:0\">Weiterlesen<\/a><\/div>\n<\/div>\n\n\n\n<div style=\"height:45px\" aria-hidden=\"true\" class=\"wp-block-spacer\"><\/div>\n\n\n\n<div class=\"wp-block-group alignwide\"><div class=\"wp-block-group__inner-container is-layout-constrained wp-block-group-is-layout-constrained\">\n<h2 class=\"wp-block-heading has-text-align-center\" id=\"weiter\"><strong>La vida en la Azubiwerk<\/strong><\/h2>\n\n\n\n<p class=\"has-medium-font-size\" style=\"padding-right:var(--wp--preset--spacing--80);padding-left:var(--wp--preset--spacing--80)\">Das Wohnen in kleinen WGs und die vielen Gemeinschaftsfl\u00e4chen und Aktivit\u00e4ten machen unser Haus zu mehr als einer Sammlung von Wohnungen \u2013 es ist ein echtes Zuhause mit einem starken sozialen Umfeld und das nicht am Rande der Metropole, sondern verkehrsg\u00fcnstig mitten in der Stadt gelegen.<\/p>\n\n\n\n<figure class=\"wp-block-gallery has-nested-images columns-default is-cropped wp-block-gallery-2 is-layout-flex wp-block-gallery-is-layout-flex\" style=\"border-style:none;border-width:0px;border-radius:0px;padding-top:0;padding-right:0.35rem;padding-bottom:0;padding-left:0.35rem\">\n<figure class=\"wp-block-image size-large\"><img loading=\"lazy\" decoding=\"async\" width=\"1000\" height=\"1000\" data-id=\"2007\" src=\"https:\/\/azubiwerk-hamburg.de\/wp-content\/uploads\/2024\/03\/empfang2.jpg\" alt=\"\" class=\"wp-image-2007\" srcset=\"https:\/\/azubiwerk-hamburg.de\/wp-content\/uploads\/2024\/03\/empfang2.jpg 1000w, https:\/\/azubiwerk-hamburg.de\/wp-content\/uploads\/2024\/03\/empfang2-300x300.jpg 300w, https:\/\/azubiwerk-hamburg.de\/wp-content\/uploads\/2024\/03\/empfang2-150x150.jpg 150w, https:\/\/azubiwerk-hamburg.de\/wp-content\/uploads\/2024\/03\/empfang2-768x768.jpg 768w, https:\/\/azubiwerk-hamburg.de\/wp-content\/uploads\/2024\/03\/empfang2-12x12.jpg 12w\" sizes=\"auto, (max-width: 1000px) 100vw, 1000px\" \/><figcaption class=\"wp-element-caption\"><strong>Nuestro personal de recepci\u00f3n estar\u00e1 encantado de ayudarle y asesorarle con cualquier duda que pueda tener.<\/strong><\/figcaption><\/figure>\n\n\n\n<figure class=\"wp-block-image size-large\"><img loading=\"lazy\" decoding=\"async\" width=\"1024\" height=\"683\" data-id=\"1226\" src=\"https:\/\/azubiwerk-hamburg.de\/wp-content\/uploads\/2024\/01\/IMG_3074-2-1024x683.jpg\" alt=\"\" class=\"wp-image-1226\" srcset=\"https:\/\/azubiwerk-hamburg.de\/wp-content\/uploads\/2024\/01\/IMG_3074-2-1024x683.jpg 1024w, https:\/\/azubiwerk-hamburg.de\/wp-content\/uploads\/2024\/01\/IMG_3074-2-300x200.jpg 300w, https:\/\/azubiwerk-hamburg.de\/wp-content\/uploads\/2024\/01\/IMG_3074-2-768x512.jpg 768w, https:\/\/azubiwerk-hamburg.de\/wp-content\/uploads\/2024\/01\/IMG_3074-2-1536x1024.jpg 1536w, https:\/\/azubiwerk-hamburg.de\/wp-content\/uploads\/2024\/01\/IMG_3074-2-2048x1365.jpg 2048w, https:\/\/azubiwerk-hamburg.de\/wp-content\/uploads\/2024\/01\/IMG_3074-2-18x12.jpg 18w, https:\/\/azubiwerk-hamburg.de\/wp-content\/uploads\/2024\/01\/IMG_3074-2-930x620.jpg 930w\" sizes=\"auto, (max-width: 1024px) 100vw, 1024px\" \/><figcaption class=\"wp-element-caption\"><strong>Nuestras habitaciones est\u00e1n totalmente amuebladas y modernamente equipadas.<\/strong><\/figcaption><\/figure>\n\n\n\n<figure class=\"wp-block-image size-large\"><img loading=\"lazy\" decoding=\"async\" width=\"414\" height=\"414\" data-id=\"1802\" src=\"https:\/\/azubiwerk-hamburg.de\/wp-content\/uploads\/2024\/02\/map.jpg\" alt=\"\" class=\"wp-image-1802\" srcset=\"https:\/\/azubiwerk-hamburg.de\/wp-content\/uploads\/2024\/02\/map.jpg 414w, https:\/\/azubiwerk-hamburg.de\/wp-content\/uploads\/2024\/02\/map-300x300.jpg 300w, https:\/\/azubiwerk-hamburg.de\/wp-content\/uploads\/2024\/02\/map-150x150.jpg 150w, https:\/\/azubiwerk-hamburg.de\/wp-content\/uploads\/2024\/02\/map-12x12.jpg 12w\" sizes=\"auto, (max-width: 414px) 100vw, 414px\" \/><figcaption class=\"wp-element-caption\"><strong>Nuestras cuatro sedes est\u00e1n c\u00e9ntricas y muy bien comunicadas.<\/strong><\/figcaption><\/figure>\n\n\n\n<figure class=\"wp-block-image size-large\"><img loading=\"lazy\" decoding=\"async\" width=\"642\" height=\"516\" data-id=\"1761\" src=\"https:\/\/azubiwerk-hamburg.de\/wp-content\/uploads\/2024\/02\/Bild5.png\" alt=\"\" class=\"wp-image-1761\" srcset=\"https:\/\/azubiwerk-hamburg.de\/wp-content\/uploads\/2024\/02\/Bild5.png 642w, https:\/\/azubiwerk-hamburg.de\/wp-content\/uploads\/2024\/02\/Bild5-300x241.png 300w, https:\/\/azubiwerk-hamburg.de\/wp-content\/uploads\/2024\/02\/Bild5-15x12.png 15w\" sizes=\"auto, (max-width: 642px) 100vw, 642px\" \/><figcaption class=\"wp-element-caption\"><strong>Alquilamos a precios que se ajustan al presupuesto de cualquier aprendiz.<\/strong><\/figcaption><\/figure>\n\n\n\n<figure class=\"wp-block-image size-large is-style-default\" id=\"fragen\"><img loading=\"lazy\" decoding=\"async\" width=\"580\" height=\"580\" data-id=\"1801\" src=\"https:\/\/azubiwerk-hamburg.de\/wp-content\/uploads\/2024\/02\/gemeinschaft.jpg\" alt=\"\" class=\"wp-image-1801\" srcset=\"https:\/\/azubiwerk-hamburg.de\/wp-content\/uploads\/2024\/02\/gemeinschaft.jpg 580w, https:\/\/azubiwerk-hamburg.de\/wp-content\/uploads\/2024\/02\/gemeinschaft-300x300.jpg 300w, https:\/\/azubiwerk-hamburg.de\/wp-content\/uploads\/2024\/02\/gemeinschaft-150x150.jpg 150w, https:\/\/azubiwerk-hamburg.de\/wp-content\/uploads\/2024\/02\/gemeinschaft-12x12.jpg 12w\" sizes=\"auto, (max-width: 580px) 100vw, 580px\" \/><figcaption class=\"wp-element-caption\"><strong>Ofrecemos espacio, ideas y oportunidades para una gran interacci\u00f3n entre todos los residentes.<\/strong><\/figcaption><\/figure>\n\n\n\n<figure class=\"wp-block-image size-large\"><img loading=\"lazy\" decoding=\"async\" width=\"1024\" height=\"683\" data-id=\"1222\" src=\"https:\/\/azubiwerk-hamburg.de\/wp-content\/uploads\/2024\/01\/Event_IsyNadja_20-1024x683.jpg\" alt=\"\" class=\"wp-image-1222\" srcset=\"https:\/\/azubiwerk-hamburg.de\/wp-content\/uploads\/2024\/01\/Event_IsyNadja_20-1024x683.jpg 1024w, https:\/\/azubiwerk-hamburg.de\/wp-content\/uploads\/2024\/01\/Event_IsyNadja_20-300x200.jpg 300w, https:\/\/azubiwerk-hamburg.de\/wp-content\/uploads\/2024\/01\/Event_IsyNadja_20-768x512.jpg 768w, https:\/\/azubiwerk-hamburg.de\/wp-content\/uploads\/2024\/01\/Event_IsyNadja_20-1536x1024.jpg 1536w, https:\/\/azubiwerk-hamburg.de\/wp-content\/uploads\/2024\/01\/Event_IsyNadja_20-2048x1365.jpg 2048w, https:\/\/azubiwerk-hamburg.de\/wp-content\/uploads\/2024\/01\/Event_IsyNadja_20-18x12.jpg 18w, https:\/\/azubiwerk-hamburg.de\/wp-content\/uploads\/2024\/01\/Event_IsyNadja_20-930x620.jpg 930w\" sizes=\"auto, (max-width: 1024px) 100vw, 1024px\" \/><figcaption class=\"wp-element-caption\"><strong>Ausgestattete Gemeinschaftsr\u00e4ume geben Raum f\u00fcr Freizeit und Kreativit\u00e4t.<\/strong><\/figcaption><\/figure>\n<\/figure>\n<\/div><\/div>\n\n\n\n<div class=\"wp-block-group alignwide\"><div class=\"wp-block-group__inner-container is-layout-constrained wp-block-group-is-layout-constrained\">\n<div id=\"fragen-antworten\" class=\"wp-block-group has-nv-text-dark-bg-color has-nv-dark-bg-background-color has-text-color has-background has-link-color wp-elements-378468906a07ebb97d8a530069709e2d\" style=\"padding-top:var(--wp--preset--spacing--50);padding-right:var(--wp--preset--spacing--50);padding-bottom:var(--wp--preset--spacing--50);padding-left:var(--wp--preset--spacing--50)\"><div class=\"wp-block-group__inner-container is-layout-constrained wp-container-core-group-is-layout-1c1b4f74 wp-block-group-is-layout-constrained\">\n<h1 class=\"wp-block-heading has-text-align-center has-neve-link-color-color has-nv-site-bg-background-color has-text-color has-background has-link-color wp-elements-efe602c6e9d1d44e29f6207028da7a3b\" style=\"border-style:none;border-width:0px;padding-top:var(--wp--preset--spacing--30);padding-right:0;padding-bottom:var(--wp--preset--spacing--30);padding-left:0;font-size:50px;line-height:1.4\"><strong>Fragen und Antworten<\/strong><\/h1>\n\n\n\n<p class=\"has-text-align-center has-medium-font-size\">Fragen und Antworten rund um die Themen Bewerbung, Mietvertrag, Wohnh\u00e4user und Ausstattung.<\/p>\n\n\n\n<div class=\"wp-block-columns is-layout-flex wp-container-core-columns-is-layout-9d6595d7 wp-block-columns-is-layout-flex\">\n<div class=\"wp-block-column is-layout-flow wp-block-column-is-layout-flow\">\n<h2 class=\"wp-block-heading has-text-align-center has-neve-link-color-color has-nv-site-bg-background-color has-text-color has-background has-link-color has-large-font-size wp-elements-bda5ff0ddfbf3de8ac10b655e5651202\" style=\"border-style:none;border-width:0px;padding-top:var(--wp--preset--spacing--20);padding-right:0;padding-bottom:var(--wp--preset--spacing--20);padding-left:0\">Aplicaci\u00f3n<\/h2>\n\n\n\n<div class=\"wp-block-group\"><div class=\"wp-block-group__inner-container is-layout-constrained wp-block-group-is-layout-constrained\">\n<details class=\"wp-block-details is-layout-flow wp-block-details-is-layout-flow\" style=\"font-size:15px\"><summary><strong>\u00bfQui\u00e9n puede solicitarlo?<\/strong><\/summary>\n<p class=\"has-neve-link-color-color has-nv-site-bg-background-color has-text-color has-background has-link-color has-small-font-size wp-elements-ee3b025e0e3983a3869f94111b4c9769\">Bewerben k\u00f6nnen sich alle Auszubildenden, das hei\u00dft, wenn du einen Ausbildungsvertrag hast oder zeitnah einen abschlie\u00dft, kannst du dich bewerben. Dein Arbeitgeber bzw. Ausbildungsbetrieb muss sich in Hamburg befinden. Die Ausbildung muss staatlich anerkannt sein, egal ob schulisch oder duale Ausbildung. Du musst mindestens 16 Jahre alt sein und nicht \u00e4lter als 26 Jahre. Unser Wohnhaus in Wandsbek kann ab 16 Jahren bewohnt werden. In unserem Wohnhaus in Harburg k\u00f6nnen nur vollj\u00e4hrige Azubis (mindestens 18 Jahre alt) wohnen. Studenten bekommen keine Zimmer bei uns, k\u00f6nnen sich aber beim Studierendenwerk um ein Zimmer bewerben.<\/p>\n<\/details>\n\n\n\n<details class=\"wp-block-details is-layout-flow wp-block-details-is-layout-flow\" style=\"font-size:15px\"><summary><strong>\u00bfC\u00f3mo puedo solicitarlo?<\/strong><\/summary>\n<p class=\"has-neve-link-color-color has-nv-site-bg-background-color has-text-color has-background has-link-color has-small-font-size wp-elements-1b8c3ef6424780378280e2bc5a9d5561\">Las solicitudes s\u00f3lo pueden presentarse a trav\u00e9s del formulario de solicitud:&nbsp;<a href=\"https:\/\/azubiwerk-hamburg.de\/es\/standorte\/zimmerbewerbung\/\"><strong>al formulario de solicitud<\/strong><\/a><\/p>\n<\/details>\n\n\n\n<details class=\"wp-block-details is-layout-flow wp-block-details-is-layout-flow\" style=\"font-size:15px\"><summary><strong>\u00bfQu\u00e9 criterios se utilizan para adjudicar los compromisos?<\/strong><\/summary>\n<p class=\"has-neve-link-color-color has-nv-site-bg-background-color has-text-color has-background has-link-color has-small-font-size wp-elements-e1928839307010f80199abb5a85acbae\">Asignamos las habitaciones en funci\u00f3n de criterios sociales, como el lugar de residencia anterior, la edad o el tama\u00f1o de la empresa de formaci\u00f3n.<\/p>\n<\/details>\n\n\n\n<details class=\"wp-block-details is-layout-flow wp-block-details-is-layout-flow\" style=\"font-size:15px\"><summary><strong>\u00bfCu\u00e1ndo recibir\u00e9 respuesta a mi solicitud sobre si he sido aceptado?<\/strong><\/summary>\n<p class=\"has-neve-link-color-color has-nv-site-bg-background-color has-text-color has-background has-link-color has-small-font-size wp-elements-1a03123855795916df29ee97bdd62b37\">In der Regel antworten wir auf Bewerbungen innerhalb von vier Wochen. Du bekommst entweder eine Absage, die Info, dass du auf der Warteliste bist, oder wirst ins weitere Verfahren aufgenommen.<\/p>\n<\/details>\n\n\n\n<details class=\"wp-block-details is-layout-flow wp-block-details-is-layout-flow\" style=\"font-size:15px\"><summary><strong>Si estoy en lista de espera, \u00bfrecibir\u00e9 m\u00e1s tarde una aceptaci\u00f3n o una cancelaci\u00f3n?<\/strong><\/summary>\n<p class=\"has-neve-link-color-color has-nv-site-bg-background-color has-text-color has-background has-link-color has-small-font-size wp-elements-8cb84a13846e7a2bd79103942a8bf9e9\">Lamentablemente, todav\u00eda no podemos hacer ninguna declaraci\u00f3n sobre sus posibilidades de obtener una plaza. Como hemos registrado sus datos, de momento permanecer\u00e1 en la lista de espera y le informaremos peri\u00f3dicamente.<\/p>\n<\/details>\n\n\n\n<details class=\"wp-block-details is-layout-flow wp-block-details-is-layout-flow\" style=\"font-size:15px\"><summary><strong>Meine Daten haben sich im Verlauf der Bewerbung ge\u00e4ndert: Was nun?<\/strong><\/summary>\n<p class=\"has-neve-link-color-color has-nv-site-bg-background-color has-text-color has-background has-link-color has-small-font-size wp-elements-7d0d4f88e7fdc2273a880cb021876181\">En caso de modificaciones o correcciones, los datos modificados deber\u00e1n enviarse sin demora por correo electr\u00f3nico a&nbsp;<a href=\"mailto:info@azubiwerk.de\">zimmer@azubiwerk.de<\/a>&nbsp;para que podamos introducirlos en el sistema. Importante: Si es necesario, necesitamos un mensaje de correo electr\u00f3nico que indique que el formulario antiguo debe cancelarse y que usted enviar\u00e1 uno nuevo.<\/p>\n<\/details>\n\n\n\n<details class=\"wp-block-details is-layout-flow wp-block-details-is-layout-flow\" style=\"font-size:15px\"><summary><strong>Me han admitido a tr\u00e1mite, \u00bfqu\u00e9 tengo que hacer ahora?<\/strong><\/summary>\n<p class=\"has-neve-link-color-color has-nv-site-bg-background-color has-text-color has-background has-link-color has-small-font-size wp-elements-146cef29adc392feb7fbdb0877e6b193\">Ahora est\u00e1 en la lista de preseleccionados para las pr\u00f3ximas habitaciones disponibles. A continuaci\u00f3n, recibir\u00e1 un enlace a un formulario en el que le pediremos m\u00e1s informaci\u00f3n. Deber\u00e1 responder en el plazo de una semana. Importante: La inclusi\u00f3n en el procedimiento posterior no es una confirmaci\u00f3n vinculante de la habitaci\u00f3n.<\/p>\n<\/details>\n\n\n\n<details class=\"wp-block-details is-layout-flow wp-block-details-is-layout-flow\" style=\"font-size:15px\"><summary><strong>A\u00fan no he firmado mi contrato de formaci\u00f3n, \u00bfy ahora qu\u00e9?<\/strong><\/summary>\n<p class=\"has-neve-link-color-color has-nv-site-bg-background-color has-text-color has-background has-link-color has-small-font-size wp-elements-bc388dd7656f8211d269ca9a89189ae6\">Si su contrato de formaci\u00f3n a\u00fan no est\u00e1 disponible, puede presentar alternativamente una carta de confirmaci\u00f3n de su futura empresa de formaci\u00f3n en la que se indique que va a formarse all\u00ed.<\/p>\n<\/details>\n\n\n\n<details class=\"wp-block-details is-layout-flow wp-block-details-is-layout-flow\" style=\"font-size:15px\"><summary><strong><strong>\u00bfEn qu\u00e9 fecha puedo mudarme al piso si he especificado varias fechas?<\/strong><\/strong><\/summary>\n<p class=\"has-neve-link-color-color has-nv-site-bg-background-color has-text-color has-background has-link-color has-small-font-size wp-elements-77d3eef695ebe36a7aa370f3fd7dea70\">Solemos elegir la fecha m\u00e1s temprana.<\/p>\n<\/details>\n\n\n\n<details class=\"wp-block-details is-layout-flow wp-block-details-is-layout-flow\" style=\"font-size:15px\"><summary><strong><strong>\u00bfHay normas de la casa?<\/strong><\/strong><\/summary>\n<p class=\"has-neve-link-color-color has-nv-site-bg-background-color has-text-color has-background has-link-color has-small-font-size wp-elements-dfe64c88bd7eb6e806dd37a18a6a315d\">S\u00ed, las normas de la casa se adjuntan al contrato de alquiler como anexo, junto con las normas de uso.<\/p>\n<\/details>\n\n\n\n<details class=\"wp-block-details is-layout-flow wp-block-details-is-layout-flow\" style=\"font-size:15px\"><summary><strong>Kann ich Besuch im Wohnhaus empfangen?<\/strong><\/summary>\n<p class=\"has-neve-link-color-color has-nv-site-bg-background-color has-text-color has-background has-link-color has-small-font-size wp-elements-760cf243a4ef103429d06ff85c376803\">Grunds\u00e4tzlich kann Besuch im Wohnhaus empfangen werden, allerdings sehen Haus- und Benutzungsordnung bestimmte Regeln vor. So d\u00fcrfen Besucher nur an insgesamt 8 Tagen pro Monat bei dir \u00fcbernachten und es d\u00fcrfen z.B. keine Partys in den Wohnungen veranstaltet werden (daf\u00fcr stehen die Gemeinschaftsr\u00e4ume zur Verf\u00fcgung).<\/p>\n<\/details>\n<\/div><\/div>\n<\/div>\n\n\n\n<div class=\"wp-block-column is-layout-flow wp-block-column-is-layout-flow\">\n<h2 class=\"wp-block-heading has-text-align-center has-neve-link-color-color has-nv-site-bg-background-color has-text-color has-background has-link-color has-large-font-size wp-elements-65fa6155480e65e6852706e5794d2368\" style=\"border-style:none;border-width:0px;padding-top:var(--wp--preset--spacing--20);padding-right:0;padding-bottom:var(--wp--preset--spacing--20);padding-left:0\">Contrato de alquiler<\/h2>\n\n\n\n<div class=\"wp-block-group\" style=\"font-size:15px\"><div class=\"wp-block-group__inner-container is-layout-flow wp-block-group-is-layout-flow\">\n<details class=\"wp-block-details is-layout-flow wp-block-details-is-layout-flow\" style=\"font-size:15px\"><summary><strong>\u00bfPuedo obtener un contrato de alquiler si no tengo un contrato de formaci\u00f3n pero sigo haciendo entrevistas de trabajo?<\/strong><\/summary>\n<p class=\"has-neve-link-color-color has-nv-site-bg-background-color has-text-color has-background has-link-color has-small-font-size wp-elements-721e3f0895f0bb1c4a8c32b956855ff7\">Si a\u00fan no dispone de un contrato de formaci\u00f3n o de la confirmaci\u00f3n de una empresa de formaci\u00f3n, no se podr\u00e1 celebrar ning\u00fan contrato de alquiler. Su nombre volver\u00e1 a figurar en la lista de espera.<\/p>\n<\/details>\n\n\n\n<details class=\"wp-block-details is-layout-flow wp-block-details-is-layout-flow\" style=\"font-size:15px\"><summary><strong>He presentado todos los documentos: \u00bfcu\u00e1ndo se firmar\u00e1n los contratos de alquiler?<\/strong><\/summary>\n<p class=\"has-neve-link-color-color has-nv-site-bg-background-color has-text-color has-background has-link-color has-small-font-size wp-elements-c34de90ca01b2a13beb2f247b7c10aa9\">Una vez que hayamos recibido y comprobado todos sus documentos, le tendremos en cuenta para la siguiente asignaci\u00f3n de habitaciones. Por lo general, recibir\u00e1 m\u00e1s informaci\u00f3n al cabo de 2-4 semanas. Importante: La inclusi\u00f3n en el procedimiento posterior no supone una asignaci\u00f3n de habitaci\u00f3n vinculante.<\/p>\n<\/details>\n\n\n\n<details class=\"wp-block-details is-layout-flow wp-block-details-is-layout-flow\" style=\"font-size:15px\"><summary><strong>Si no puedo transferir la totalidad del dep\u00f3sito, \u00bfqu\u00e9 debo hacer?<\/strong><\/summary>\n<p class=\"has-neve-link-color-color has-nv-site-bg-background-color has-text-color has-background has-link-color has-small-font-size wp-elements-2b2086ee634376c5ce763be6efae974f\">La fianza, al igual que el alquiler, debe pagarse siempre en su totalidad. Si tienes dificultades econ\u00f3micas, puedes obtener un pr\u00e9stamo de la Agencia de Empleo. Para ello, ponte en contacto con la Agencia de Empleo Juvenil:&nbsp;<a href=\"http:\/\/www.jba-hamburg.de\/\">Pulse aqu\u00ed<\/a>.<\/p>\n<\/details>\n\n\n\n<details class=\"wp-block-details is-layout-flow wp-block-details-is-layout-flow\" style=\"font-size:15px\"><summary><strong>\u00bfPuedo elegir habitaci\u00f3n o se me asignar\u00e1 una?<\/strong><\/summary>\n<p class=\"has-neve-link-color-color has-nv-site-bg-background-color has-text-color has-background has-link-color has-small-font-size wp-elements-40554de8f3b8e06cc96f0438af7fc08f\">Nos esforzamos por tener en cuenta todas las solicitudes. Sin embargo, podemos decidir lo contrario en inter\u00e9s de la composici\u00f3n del piso.<\/p>\n<\/details>\n\n\n\n<details class=\"wp-block-details is-layout-flow wp-block-details-is-layout-flow\" style=\"font-size:15px\"><summary><strong>\u00bfPuedo elegir con qui\u00e9n compartir piso?<\/strong><\/summary>\n<p class=\"has-neve-link-color-color has-nv-site-bg-background-color has-text-color has-background has-link-color has-small-font-size wp-elements-df5a4ec50919702144fb2bf7f886309f\">En principio, tambi\u00e9n intentaremos tener en cuenta su solicitud de un compa\u00f1ero de piso concreto (si lo especifica por su nombre). No obstante, es posible que decidamos lo contrario, ya que de lo contrario la asignaci\u00f3n de habitaciones no funcionar\u00eda.<\/p>\n<\/details>\n\n\n\n<details class=\"wp-block-details is-layout-flow wp-block-details-is-layout-flow\" style=\"font-size:15px\"><summary><strong>\u00bfPueden decirme qui\u00e9n m\u00e1s vivir\u00e1 en mi piso compartido antes de que firme el contrato de alquiler o me mude?<\/strong><\/summary>\n<p class=\"has-neve-link-color-color has-nv-site-bg-background-color has-text-color has-background has-link-color has-small-font-size wp-elements-dc020b5629774d7487417993296f4e66\">Lamentablemente, por motivos de protecci\u00f3n de datos, no podemos facilitarle los nombres y datos de contacto de los futuros compa\u00f1eros de piso.<\/p>\n<\/details>\n\n\n\n<details class=\"wp-block-details is-layout-flow wp-block-details-is-layout-flow\" style=\"font-size:15px\"><summary><strong>\u00bfPuedo cambiar de habitaci\u00f3n durante el periodo de ocupaci\u00f3n?<\/strong><\/summary>\n<p class=\"has-neve-link-color-color has-nv-site-bg-background-color has-text-color has-background has-link-color has-small-font-size wp-elements-70d8ec111e48d08e09e576fd12130f73\">Esto s\u00f3lo es posible en casos excepcionales justificados.<\/p>\n<\/details>\n\n\n\n<details class=\"wp-block-details is-layout-flow wp-block-details-is-layout-flow\" style=\"font-size:15px\"><summary><strong>\u00bfCu\u00e1l es la duraci\u00f3n del contrato de alquiler?<\/strong> <strong>\u00bfCu\u00e1l es el plazo de anulaci\u00f3n?<\/strong><\/summary>\n<p class=\"has-neve-link-color-color has-nv-site-bg-background-color has-text-color has-background has-link-color has-small-font-size wp-elements-38fc025ae4f1ec369cbb2779eca248a0\">La duraci\u00f3n del contrato de alquiler es siempre hasta el final del programa de formaci\u00f3n m\u00e1s 3 meses.<br>De conformidad con las disposiciones legales, el contrato de arrendamiento puede rescindirse el tercer d\u00eda laborable de un mes natural para el final del mes natural siguiente. Esto significa, por ejemplo Si rescinde el contrato de arrendamiento a m\u00e1s tardar el 3 de abril, el contrato durar\u00e1 hasta finales de junio.<\/p>\n<\/details>\n\n\n\n<details class=\"wp-block-details is-layout-flow wp-block-details-is-layout-flow\" style=\"font-size:15px\"><summary><strong>\u00bfQu\u00e9 costes se suman a los del alquiler?<\/strong><\/summary>\n<p class=\"has-neve-link-color-color has-nv-site-bg-background-color has-text-color has-background has-link-color has-small-font-size wp-elements-2ab3e67e5b2e1f3661e9cdf93e60dcfb\">El alquiler con todo incluido incluye todos los gastos accesorios (calefacci\u00f3n, agua, basura, etc.), electricidad, internet y tel\u00e9fono.<\/p>\n<\/details>\n\n\n\n<details class=\"wp-block-details is-layout-flow wp-block-details-is-layout-flow\" style=\"font-size:15px\"><summary><strong>En el contrato de alquiler, se supone que debo firmar una autorizaci\u00f3n de domiciliaci\u00f3n bancaria o un mandato de domiciliaci\u00f3n SEPA por 30 euros\/mes. \u00bfPor qu\u00e9?<\/strong><\/summary>\n<p class=\"has-neve-link-color-color has-nv-site-bg-background-color has-text-color has-background has-link-color has-small-font-size wp-elements-f1bf039d177fdd43ac63ba1d1d1856e8\">Con su firma nos da la posibilidad, en caso necesario, de cargar en su cuenta los alquileres atrasados por un importe m\u00e1ximo de 30 euros al mes. Si desea comprar algo en Azubiwerk (por ejemplo, un jersey con un estampado), tambi\u00e9n podemos cargar el dinero en su cuenta. No se trata de una domiciliaci\u00f3n peri\u00f3dica, sino que usted s\u00f3lo nos autoriza a realizarla previo aviso.<\/p>\n<\/details>\n<\/div><\/div>\n<\/div>\n<\/div>\n<\/div><\/div>\n<\/div><\/div>\n\n\n\n<div style=\"height:41px\" aria-hidden=\"true\" class=\"wp-block-spacer\"><\/div>\n\n\n\n<div class=\"wp-block-buttons is-horizontal is-content-justification-center is-layout-flex wp-container-core-buttons-is-layout-499968f5 wp-block-buttons-is-layout-flex\">\n<div class=\"wp-block-button has-custom-width wp-block-button__width-50 is-style-primary\"><a class=\"wp-block-button__link wp-element-button\" href=\"https:\/\/form.jotform.com\/240314458122043\" target=\"_blank\" rel=\"noreferrer noopener\">\u00a1M\u00daDESE AHORA!<\/a><\/div>\n<\/div>\n<\/div><\/div>\n\n\n\n<div class=\"wp-block-group alignwide padding2_5 background-gradient1 has-neve-link-color-background-color has-background is-content-justification-center is-layout-flex wp-container-core-group-is-layout-87a75255 wp-block-group-is-layout-flex\" style=\"padding-top:0;padding-bottom:0\">\n<div class=\"wp-block-group wp-container-content-e7bfab89\"><div class=\"wp-block-group__inner-container is-layout-constrained wp-block-group-is-layout-constrained\"><div class=\"wp-block-image is-resized is-style-default\">\n<figure class=\"aligncenter size-full\"><img loading=\"lazy\" decoding=\"async\" width=\"277\" height=\"217\" src=\"https:\/\/azubiwerk-hamburg.de\/wp-content\/uploads\/2024\/02\/sterne.png\" alt=\"\" class=\"wp-image-1737\" style=\"width:148px;height:auto\" srcset=\"https:\/\/azubiwerk-hamburg.de\/wp-content\/uploads\/2024\/02\/sterne.png 277w, https:\/\/azubiwerk-hamburg.de\/wp-content\/uploads\/2024\/02\/sterne-15x12.png 15w\" sizes=\"auto, (max-width: 277px) 100vw, 277px\" \/><\/figure>\n<\/div>\n\n\n<blockquote class=\"wp-block-quote has-text-align-center is-style-large has-nv-text-dark-bg-color has-text-color has-link-color wp-elements-226ea6199907b7c8b11ba2ccd093b2e4 is-layout-flow wp-block-quote-is-layout-flow\">\n<p>\u201eTolles Wohnhaus f\u00fcr Auszubildende. Es gibt 2er und 4 er WGs, mit eigener K\u00fcche und Bad. Tolle Gemeinschaft R\u00e4ume. Nur zu empfehlen\u201c<\/p>\n<cite>- Tanja P.<\/cite><\/blockquote>\n<\/div><\/div>\n\n\n\n<div class=\"wp-block-group wp-container-content-e7bfab89\"><div class=\"wp-block-group__inner-container is-layout-constrained wp-block-group-is-layout-constrained\"><div class=\"wp-block-image is-resized is-style-default\">\n<figure class=\"aligncenter size-full\"><img loading=\"lazy\" decoding=\"async\" width=\"277\" height=\"217\" src=\"https:\/\/azubiwerk-hamburg.de\/wp-content\/uploads\/2024\/02\/sterne.png\" alt=\"\" class=\"wp-image-1737\" style=\"width:148px;height:auto\" srcset=\"https:\/\/azubiwerk-hamburg.de\/wp-content\/uploads\/2024\/02\/sterne.png 277w, https:\/\/azubiwerk-hamburg.de\/wp-content\/uploads\/2024\/02\/sterne-15x12.png 15w\" sizes=\"auto, (max-width: 277px) 100vw, 277px\" \/><\/figure>\n<\/div>\n\n\n<blockquote class=\"wp-block-quote has-text-align-center is-style-large has-nv-text-dark-bg-color has-text-color has-link-color wp-elements-dce7467e2abdf64483b14661e7cfb6f2 is-layout-flow wp-block-quote-is-layout-flow\">\n<p class=\"has-nv-text-dark-bg-color has-text-color has-link-color wp-elements-47d0e18ac580cfe102e1a7bb1bb16a5f\">\u201e\u00c4u\u00dferst modernes und sehr gut ausgestattetes Wohnhaus. Tolle Zimmer, g\u00fcnstige Mieten und freundliches Personal vor Ort. Sehr zu empfehlen!\u201c<\/p>\n<cite>- Rune L.<\/cite><\/blockquote>\n<\/div><\/div>\n<\/div>\n\n\n\n<div style=\"height:50px\" aria-hidden=\"true\" class=\"wp-block-spacer\"><\/div>\n\n\n\n<div class=\"wp-block-media-text alignwide has-media-on-the-right is-stacked-on-mobile\" style=\"grid-template-columns:auto 48%\"><div class=\"wp-block-media-text__content\">\n<p class=\"has-text-align-left\">La Fundaci\u00f3n Azubiwerk, sin \u00e1nimo de lucro, crea viviendas asequibles y tambi\u00e9n ofrece asesoramiento educativo y servicios de apoyo a los becarios, fiel al lema: \"Algo m\u00e1s que viviendas asequibles para los becarios\".<br><br>Debido a los elevados costes de alquiler, a los j\u00f3venes en formaci\u00f3n profesional apenas les resulta posible vivir cerca de su lugar de formaci\u00f3n. Las ciudades atractivas, como Berl\u00edn, M\u00fanich o Hamburgo, son cada vez m\u00e1s inasequibles para los j\u00f3venes en formaci\u00f3n. Esto contrasta con la movilidad que exige el mercado laboral. La escasez de vivienda en muchas grandes ciudades se est\u00e1 convirtiendo cada vez m\u00e1s en un criterio para no iniciar all\u00ed un aprendizaje.<br><br>Deshalb betreibt die Stiftung Azubiwerk seit 2016 eine Wohnanlage f\u00fcr 156 Auszubildende in Hamburg-Wandsbek. Anfang 2020 wurde ein zweites Wohnhaus der Stiftung in Hamburg-Harburg mit 191 Pl\u00e4tzen fertiggestellt. Das dritte Wohnhaus mit 209 Pl\u00e4tzen im M\u00fcnzviertel (Hamburg-Mitte) wurde 2022 fertiggestellt; die Gemeinschaftsr\u00e4ume stehen den Bewohner*innen zur Nutzung zur Verf\u00fcgung. Unser viertes Wohnhaus in Hamburg-Altona wurde 2024 er\u00f6ffnet. Weitere Wohnanlagen sind in Planung.<br>Adem\u00e1s del apoyo educativo, los alquileres asequibles y las amplias zonas comunes son parte esencial de la oferta residencial.<br><br>Junto con muchos patrocinadores, pol\u00edticos, interlocutores sociales, c\u00e1maras y asociaciones, as\u00ed como empresas, queremos ofrecer a m\u00e1s aprendices un hogar y apoyo en el futuro. De este modo, ponemos nuestro granito de arena para seguir aumentando el atractivo de la formaci\u00f3n profesional en Alemania.<\/p>\n<\/div><figure class=\"wp-block-media-text__media\"><img loading=\"lazy\" decoding=\"async\" width=\"642\" height=\"516\" src=\"https:\/\/azubiwerk-hamburg.de\/wp-content\/uploads\/2024\/09\/Bild5-1.png\" alt=\"\" class=\"wp-image-2205 size-full\" srcset=\"https:\/\/azubiwerk-hamburg.de\/wp-content\/uploads\/2024\/09\/Bild5-1.png 642w, https:\/\/azubiwerk-hamburg.de\/wp-content\/uploads\/2024\/09\/Bild5-1-300x241.png 300w, https:\/\/azubiwerk-hamburg.de\/wp-content\/uploads\/2024\/09\/Bild5-1-15x12.png 15w\" sizes=\"auto, (max-width: 642px) 100vw, 642px\" \/><\/figure><\/div>\n\n\n\n<hr class=\"wp-block-separator has-alpha-channel-opacity\"\/>\n\n\n\n<h1 class=\"wp-block-heading has-text-align-center\" id=\"standorte\">Ubicaciones<\/h1>\n\n\n\n<div class=\"wp-block-buttons is-horizontal is-content-justification-center is-layout-flex wp-container-core-buttons-is-layout-499968f5 wp-block-buttons-is-layout-flex\">\n<div class=\"wp-block-button is-style-primary\"><a class=\"wp-block-button__link wp-element-button\" href=\"https:\/\/azubiwerk-hamburg.de\/es\/standorte\/wandsbek\/\">Wandsbek <\/a><\/div>\n\n\n\n<div class=\"wp-block-button is-style-primary\"><a class=\"wp-block-button__link wp-element-button\" href=\"https:\/\/azubiwerk-hamburg.de\/es\/standorte\/harburg\/\">  Harburg   <\/a><\/div>\n\n\n\n<div class=\"wp-block-button is-style-primary\"><a class=\"wp-block-button__link wp-element-button\" href=\"https:\/\/azubiwerk-hamburg.de\/es\/standorte\/muenzviertel\/\">M\u00fcnzviertel<\/a><\/div>\n\n\n\n<div class=\"wp-block-button is-style-primary\"><a class=\"wp-block-button__link wp-element-button\" href=\"https:\/\/azubiwerk-hamburg.de\/es\/standorte\/altona\/\">    Altona     <\/a><\/div>\n<\/div>\n\n\n\n<div style=\"height:50px\" aria-hidden=\"true\" class=\"wp-block-spacer\"><\/div>\n\n\n\n<div class=\"wp-block-group iframemap margin_bot_50 is-vertical is-content-justification-center is-layout-flex wp-container-core-group-is-layout-4b2eccd6 wp-block-group-is-layout-flex\">\n<!DOCTYPE html>\n<style>\n  body {\n      margin: 0;\n      \/* Entfernt den Standardabstand des Body-Elements *\/\n  }\n\n  #overlay {\n      display: flex;\n      position: absolute;\n      top: 0;\n      left: 0;\n      width: 100%;\n      height: 100%;\n      background: rgba(0, 29, 63, 0.6);\n      color: #fff;\n      justify-content: center;\n      align-items: center;\n      text-align: center;\n      z-index: 1000;\n      cursor: pointer;\n  }\n\n  #myFrame {\n      position: absolute;\n      top: 0;\n      left: 0;\n      width: 100%;\n      height: 600px;\n      border: none;\n  }\n\n  #container {\n      position: relative;\n      width: 100%;\n      height: 600px;\n      margin-bottom: 2.8em;  }\n\n<\/style>\n\n<body>\n  <div id=\"container\">\n      <div id=\"overlay\" onclick=\"loadFrame()\"><\/div>\n      <iframe id=\"myFrame\" src=\"https:\/\/www.google.com\/maps\/d\/embed?mid=1FreIV9WutpmDUPF42nWeuAGhsLNWqxs&#038;ehbc=2E312F&#038;noprof=1\"><\/iframe>\n  <\/div>\n\n  <script>\n      function loadFrame() {\n          document.getElementById('overlay').style.display = 'none';\n          document.getElementById('myFrame').style.display = 'block';\n      }\n\n      document.addEventListener('DOMContentLoaded', function () {\n          document.getElementById('overlay').style.display = 'flex';\n      });\n  <\/script>\n<\/body>\n<\/div>","protected":false},"excerpt":{"rendered":"<p>Leben im Azubiwerk Das Wohnen in kleinen WGs und die vielen Gemeinschaftsfl\u00e4chen und Aktivit\u00e4ten machen unser Haus zu mehr als einer Sammlung von Wohnungen \u2013 es ist ein echtes Zuhause mit einem starken sozialen Umfeld und das nicht am Rande der Metropole, sondern verkehrsg\u00fcnstig mitten in der Stadt gelegen. Fragen und Antworten Fragen und Antworten&hellip;&nbsp;<a href=\"https:\/\/azubiwerk-hamburg.de\/es\/\" rel=\"bookmark\">M\u00c1S<span class=\"screen-reader-text\">Inicio<\/span><\/a><\/p>","protected":false},"author":4,"featured_media":0,"parent":0,"menu_order":0,"comment_status":"closed","ping_status":"closed","template":"","meta":{"neve_meta_sidebar":"","neve_meta_container":"","neve_meta_enable_content_width":"","neve_meta_content_width":0,"neve_meta_title_alignment":"","neve_meta_author_avatar":"","neve_post_elements_order":"","neve_meta_disable_header":"","neve_meta_disable_footer":"","neve_meta_disable_title":"","neve_meta_reading_time":"","footnotes":""},"class_list":["post-169","page","type-page","status-publish","hentry"],"_links":{"self":[{"href":"https:\/\/azubiwerk-hamburg.de\/es\/wp-json\/wp\/v2\/pages\/169","targetHints":{"allow":["GET"]}}],"collection":[{"href":"https:\/\/azubiwerk-hamburg.de\/es\/wp-json\/wp\/v2\/pages"}],"about":[{"href":"https:\/\/azubiwerk-hamburg.de\/es\/wp-json\/wp\/v2\/types\/page"}],"author":[{"embeddable":true,"href":"https:\/\/azubiwerk-hamburg.de\/es\/wp-json\/wp\/v2\/users\/4"}],"replies":[{"embeddable":true,"href":"https:\/\/azubiwerk-hamburg.de\/es\/wp-json\/wp\/v2\/comments?post=169"}],"version-history":[{"count":338,"href":"https:\/\/azubiwerk-hamburg.de\/es\/wp-json\/wp\/v2\/pages\/169\/revisions"}],"predecessor-version":[{"id":2738,"href":"https:\/\/azubiwerk-hamburg.de\/es\/wp-json\/wp\/v2\/pages\/169\/revisions\/2738"}],"wp:attachment":[{"href":"https:\/\/azubiwerk-hamburg.de\/es\/wp-json\/wp\/v2\/media?parent=169"}],"curies":[{"name":"wp","href":"https:\/\/api.w.org\/{rel}","templated":true}]}}